{"id":849,"date":"2024-04-09T21:28:37","date_gmt":"2024-04-09T21:28:37","guid":{"rendered":"https:\/\/www.huettenpartner.eu\/?page_id=849"},"modified":"2024-04-24T12:41:37","modified_gmt":"2024-04-24T10:41:37","slug":"wanderherbst","status":"publish","type":"page","link":"https:\/\/www.bold-black.109-235-60-67.plesk.page\/nl\/huettenurlaub\/wanderherbst\/","title":{"rendered":"Wandelen herfst"},"content":{"rendered":"<div data-elementor-type=\"wp-page\" data-elementor-id=\"849\" class=\"elementor elementor-849\">\n\t\t\t\t<div class=\"elementor-element elementor-element-8048d15 e-flex e-con-boxed e-con e-parent\" data-id=\"8048d15\" data-element_type=\"container\">\n\t\t\t\t\t<div class=\"e-con-inner\">\n\t\t\t\t<div class=\"elementor-element elementor-element-f7f391a elementor-widget elementor-widget-heading\" data-id=\"f7f391a\" data-element_type=\"widget\" data-widget_type=\"heading.default\">\n\t\t\t\t<div class=\"elementor-widget-container\">\n\t\t\t\t\t<h2 class=\"elementor-heading-title elementor-size-default\">Ideales Wetter f\u00fcr Wanderurlaub in den Bergen im Herbst<\/h2>\t\t\t\t<\/div>\n\t\t\t\t<\/div>\n\t\t\t\t<div class=\"elementor-element elementor-element-e856919 elementor-widget elementor-widget-heading\" data-id=\"e856919\" data-element_type=\"widget\" data-widget_type=\"heading.default\">\n\t\t\t\t<div class=\"elementor-widget-container\">\n\t\t\t\t\t<h2 class=\"elementor-heading-title elementor-size-default\">Der goldene Herbst in den Bergen ist die perfekte Zeit zum Wandern<\/h2>\t\t\t\t<\/div>\n\t\t\t\t<\/div>\n\t\t\t\t<div class=\"elementor-element elementor-element-76af4d8 elementor-widget elementor-widget-text-editor\" data-id=\"76af4d8\" data-element_type=\"widget\" data-widget_type=\"text-editor.default\">\n\t\t\t\t<div class=\"elementor-widget-container\">\n\t\t\t\t\t\t\t\t\t<p>Im Herbst ist die Luft besonders klar und die Weitsicht am besten. An sonnigen Tagen ist der Himmel tiefblau und die bunten W\u00e4lder leuchten golden. Die Hitze des Sommers ist vorbei, der Trubel der Ferienzeit ebenfalls \u2013 es ist die optimale Wanderzeit. Ein sch\u00f6ner Herbsttag ist das Beste, was man sich f\u00fcr Aktivit\u00e4ten in der Natur und zum Bergwandern nur w\u00fcnschen kann!<\/p>\t\t\t\t\t\t\t\t<\/div>\n\t\t\t\t<\/div>\n\t\t\t\t\t<\/div>\n\t\t\t\t<\/div>\n\t\t<div class=\"elementor-element elementor-element-ef9e281 e-flex e-con-boxed e-con e-parent\" data-id=\"ef9e281\" data-element_type=\"container\">\n\t\t\t\t\t<div class=\"e-con-inner\">\n\t\t<div class=\"elementor-element elementor-element-683c6ac e-con-full e-flex e-con e-child\" data-id=\"683c6ac\" data-element_type=\"container\">\n\t\t\t\t<div class=\"elementor-element elementor-element-ea29c11 elementor-widget elementor-widget-heading\" data-id=\"ea29c11\" data-element_type=\"widget\" data-widget_type=\"heading.default\">\n\t\t\t\t<div class=\"elementor-widget-container\">\n\t\t\t\t\t<h2 class=\"elementor-heading-title elementor-size-default\">Herbstzeit ist Wanderzeit<\/h2>\t\t\t\t<\/div>\n\t\t\t\t<\/div>\n\t\t\t\t<div class=\"elementor-element elementor-element-a1895a9 elementor-widget elementor-widget-text-editor\" data-id=\"a1895a9\" data-element_type=\"widget\" data-widget_type=\"text-editor.default\">\n\t\t\t\t<div class=\"elementor-widget-container\">\n\t\t\t\t\t\t\t\t\t<p><a title=\"Bergsteigen &amp; Wandern | \u00fcber 14 n\u00fctzliche Tipps\" href=\"https:\/\/www.huettenpartner.com\/huettenaufenthalt\/wandern-bergsteigen-tipps.html\">Planen Sie eine Wanderreise<\/a> mit der <a title=\"Familienurlaub auf einer Bergh\u00fctte mit Kindern in der Natur\" href=\"https:\/\/www.huettenpartner.com\/huettenurlaub\/familienurlaub-kinder-ferien.html\">Familie<\/a> oder in einer <a title=\"H\u00fcttenurlaub als Gruppenreise \u2013 Mit den Freunden in die Berge\" href=\"https:\/\/www.huettenpartner.com\/huettenurlaub\/gruppenurlaub-gruppenreisen-berge.html\">Gruppe<\/a>. Genie\u00dfen Sie die Natur noch einmal in vollen Z\u00fcgen, bevor der Winter kommt und Sie in die warme Stube treibt. Wandern Sie auf Wanderwegen durch bunte W\u00e4lder und \u00fcber schon wieder verlassene Almen. Blicken Sie noch einmal vom Gipfel ins Tal und sp\u00fcren Sie die Ruhe und die stille Kraft der Natur.<\/p>\t\t\t\t\t\t\t\t<\/div>\n\t\t\t\t<\/div>\n\t\t\t\t<div class=\"elementor-element elementor-element-c4fe195 elementor-widget elementor-widget-heading\" data-id=\"c4fe195\" data-element_type=\"widget\" data-widget_type=\"heading.default\">\n\t\t\t\t<div class=\"elementor-widget-container\">\n\t\t\t\t\t<h2 class=\"elementor-heading-title elementor-size-default\">Herbstzeit ist Pilzzeit<\/h2>\t\t\t\t<\/div>\n\t\t\t\t<\/div>\n\t\t\t\t<div class=\"elementor-element elementor-element-9fa9b5c elementor-widget elementor-widget-text-editor\" data-id=\"9fa9b5c\" data-element_type=\"widget\" data-widget_type=\"text-editor.default\">\n\t\t\t\t<div class=\"elementor-widget-container\">\n\t\t\t\t\t\t\t\t\t<p>Der Herbst ist auch die Zeit der Pilze. Sie brauchen gar kein Gl\u00fcck sondern nur gute Augen, um die k\u00f6stlichen Fr\u00fcchte des Waldes zu ersp\u00e4hen. Mitnehmen und essen sollten Sie die Pilze aber wirklich nur, wenn Sie sich gut genug auskennen, um Ihre Fundst\u00fccke zweifelsfrei zu identifizieren. Ansonsten lassen Sie sie stehen und freuen sich am Reichtum des herbstlichen Waldes, denn auch in \u00d6sterreich gibt es giftige Pilze, deren Verzehr schwerwiegende gesundheitliche Konsequenzen nach sich zieht.<\/p>\t\t\t\t\t\t\t\t<\/div>\n\t\t\t\t<\/div>\n\t\t\t\t<\/div>\n\t\t<div class=\"elementor-element elementor-element-4780091 e-con-full e-flex e-con e-child\" data-id=\"4780091\" data-element_type=\"container\">\n\t\t\t\t<div class=\"elementor-element elementor-element-ef4e406 elementor-widget elementor-widget-image\" data-id=\"ef4e406\" data-element_type=\"widget\" data-widget_type=\"image.default\">\n\t\t\t\t<div class=\"elementor-widget-container\">\n\t\t\t\t\t\t\t\t\t\t\t\t\t\t\t<img fetchpriority=\"high\" decoding=\"async\" width=\"768\" height=\"512\" src=\"https:\/\/www.bold-black.109-235-60-67.plesk.page\/wp-content\/uploads\/2024\/04\/fluss-landschaft-oesterreich.jpg\" class=\"attachment-large size-large wp-image-5976\" alt=\"\" srcset=\"https:\/\/www.bold-black.109-235-60-67.plesk.page\/wp-content\/uploads\/2024\/04\/fluss-landschaft-oesterreich.jpg 900w, https:\/\/www.bold-black.109-235-60-67.plesk.page\/wp-content\/uploads\/2024\/04\/fluss-landschaft-oesterreich-300x200.jpg 300w, https:\/\/www.bold-black.109-235-60-67.plesk.page\/wp-content\/uploads\/2024\/04\/fluss-landschaft-oesterreich-768x512.jpg 768w, https:\/\/www.bold-black.109-235-60-67.plesk.page\/wp-content\/uploads\/2024\/04\/fluss-landschaft-oesterreich-18x12.jpg 18w, https:\/\/www.bold-black.109-235-60-67.plesk.page\/wp-content\/uploads\/2024\/04\/fluss-landschaft-oesterreich-405x270.jpg 405w\" sizes=\"(max-width: 768px) 100vw, 768px\" \/>\t\t\t\t\t\t\t\t\t\t\t\t\t\t\t<\/div>\n\t\t\t\t<\/div>\n\t\t\t\t<\/div>\n\t\t\t\t\t<\/div>\n\t\t\t\t<\/div>\n\t\t<div class=\"elementor-element elementor-element-ac03aa1 e-flex e-con-boxed e-con e-parent\" data-id=\"ac03aa1\" data-element_type=\"container\">\n\t\t\t\t\t<div class=\"e-con-inner\">\n\t\t\t\t\t<\/div>\n\t\t\t\t<\/div>\n\t\t\t\t<\/div>","protected":false},"excerpt":{"rendered":"<p>Ideales Wetter f\u00fcr Wanderurlaub in den Bergen im Herbst Der goldene Herbst in den Bergen ist die perfekte Zeit zum Wandern Im Herbst ist die Luft besonders klar und die Weitsicht am besten. An sonnigen Tagen ist der Himmel tiefblau und die bunten W\u00e4lder leuchten golden. Die Hitze des Sommers ist vorbei, der Trubel der [&hellip;]<\/p>","protected":false},"author":2,"featured_media":0,"parent":827,"menu_order":0,"comment_status":"closed","ping_status":"closed","template":"","meta":{"inline_featured_image":false,"footnotes":""},"class_list":["post-849","page","type-page","status-publish","hentry"],"acf":[],"_links":{"self":[{"href":"https:\/\/www.bold-black.109-235-60-67.plesk.page\/nl\/wp-json\/wp\/v2\/pages\/849","targetHints":{"allow":["GET"]}}],"collection":[{"href":"https:\/\/www.bold-black.109-235-60-67.plesk.page\/nl\/wp-json\/wp\/v2\/pages"}],"about":[{"href":"https:\/\/www.bold-black.109-235-60-67.plesk.page\/nl\/wp-json\/wp\/v2\/types\/page"}],"author":[{"embeddable":true,"href":"https:\/\/www.bold-black.109-235-60-67.plesk.page\/nl\/wp-json\/wp\/v2\/users\/2"}],"replies":[{"embeddable":true,"href":"https:\/\/www.bold-black.109-235-60-67.plesk.page\/nl\/wp-json\/wp\/v2\/comments?post=849"}],"version-history":[{"count":4,"href":"https:\/\/www.bold-black.109-235-60-67.plesk.page\/nl\/wp-json\/wp\/v2\/pages\/849\/revisions"}],"predecessor-version":[{"id":5982,"href":"https:\/\/www.bold-black.109-235-60-67.plesk.page\/nl\/wp-json\/wp\/v2\/pages\/849\/revisions\/5982"}],"up":[{"embeddable":true,"href":"https:\/\/www.bold-black.109-235-60-67.plesk.page\/nl\/wp-json\/wp\/v2\/pages\/827"}],"wp:attachment":[{"href":"https:\/\/www.bold-black.109-235-60-67.plesk.page\/nl\/wp-json\/wp\/v2\/media?parent=849"}],"curies":[{"name":"wp","href":"https:\/\/api.w.org\/{rel}","templated":true}]}}