{"id":8557,"date":"2024-07-16T11:11:20","date_gmt":"2024-07-16T09:11:20","guid":{"rendered":"https:\/\/www.huettenpartner.eu\/accommodation\/tag-stm\/"},"modified":"2024-12-05T15:15:21","modified_gmt":"2024-12-05T13:15:21","slug":"tag-stm","status":"publish","type":"mphb_room_type","link":"https:\/\/www.bold-black.109-235-60-67.plesk.page\/hu\/accommodation\/tag-stm\/","title":{"rendered":"TAG-STM"},"content":{"rendered":"<p><strong>\u00d6nell\u00e1t\u00f3 h\u00e1z 9 f\u0151 r\u00e9sz\u00e9re<br>1 k\u00e9t\u00e1gyas szoba zuhanyz\u00f3val\/WC-vel<br>1 n\u00e9gy\u00e1gyas szoba zuhanyz\u00f3val<br>1 h\u00e1rom\u00e1gyas szoba zuhanyz\u00f3val<br>2 WC<br>Lak\u00f3ter\u00fclet 110 m\u00b2<br>Magass\u00e1g 750 m<br>Aut\u00f3val megk\u00f6zel\u00edthet\u0151<br>S\u00edter\u00fclet k\u00f6zel\u00e9ben<br>H\u00e1zi\u00e1llat sz\u00edvesen<\/strong><\/p>\n\n\n\n<p><a href=\"https:\/\/www.huettenpartner.com\/service\/huettenanfrage.html?t=1&amp;ncm-hp-token=TAG-STM&amp;code=TAG-STM&amp;cal_von=&amp;cal_bis=\"><\/a><\/p>\n\n\n\n<p><strong>Poz\u00edci\u00f3<\/strong><\/p>\n\n\n\n<p>A nyaral\u00f3 k\u00f6r\u00fclbel\u00fcl 1 km-re Pruggern v\u00e1rosa felett, az Ennstalban tal\u00e1lhat\u00f3, nagyon csendes, csod\u00e1latos kil\u00e1t\u00e1ssal Dachsteinre, Stoderre \u00e9s Grimmingre.<\/p>\n\n\n\n<p><strong>T\u00e1vols\u00e1gok<\/strong><\/p>\n\n\n\n<p>Teniszp\u00e1ly\u00e1s hely, lovarda, kalandklub, vend\u00e9gh\u00e1zak 1km. A s\u00edbusz k\u00f6r\u00fclbel\u00fcl 100 m\u00e9terrel fent \u00e1ll meg, \u00e9s a Galsterberg s\u00edter\u00fcletre viszi (2 km-re felfel\u00e9). Ha van el\u00e9g h\u00f3, a s\u00edterept\u0151l a v\u00f6lgyp\u00e1ly\u00e1n le lehet s\u00edelni a h\u00e1zig. Bej\u00e1rat a 7 km-re l\u00e9v\u0151 Schladming-Dachstein hegyi s\u00edter\u00fcletre. A kunyh\u00f3 ide\u00e1lis t\u00far\u00e1z\u00f3knak \u00e9s mountain bike-osoknak! F\u00fcrd\u0151t\u00f3 4km. Tipp: Kir\u00e1nduljon a sz\u00e1lloda saj\u00e1t alpesi legel\u0151j\u00e9re a sz\u00e9p Sattentalban!<\/p>\n\n\n\n<p><strong>felszerel\u00e9s<\/strong><\/p>\n\n\n\n<p>A nyaral\u00f3 f\u00f6ldszintj\u00e9n nappali tal\u00e1lhat\u00f3 \u00fcl\u0151sarokkal, m\u0171holdas TV, konyha villanyt\u0171zhellyel, s\u00fct\u0151vel, fat\u0171zhellyel, h\u0171t\u0151szekr\u00e9nnyel, mosogat\u00f3g\u00e9ppel, k\u00e1v\u00e9f\u0151z\u0151vel, kis kamr\u00e1val. 1 k\u00e9t\u00e1gyas szoba zuhanyz\u00f3val\/WC-vel, mos\u00f3g\u00e9ppel. 1 WC. Els\u0151 emelet: 1 szoba francia\u00e1ggyal \u00e9s 2 egyszem\u00e9lyes \u00e1ggyal zuhanyz\u00f3val, 1 h\u00e1rom\u00e1gyas szoba zuhanyz\u00f3val, 1 WC. Internet kapcsolat. A h\u00e1z el\u0151tt egy kert tal\u00e1lhat\u00f3 \u00fcl\u0151garnit\u00far\u00e1val \u00e9s grillez\u0151vel. K\u00f6zponti f\u0171t\u00e9s.<\/p>\n\n\n\n<p><strong>Helyi t\u00f6bbletk\u00f6lts\u00e9gek kisebb v\u00e1ltoztat\u00e1sok f\u00fcggv\u00e9ny\u00e9ben<\/strong><\/p>\n\n\n\n<p>Idegenforgalmi ad\u00f3 jelenleg 2,50 \u20ac\/f\u0151\/\u00e9j, energia\u00e1tal\u00e1ny 100 \u20ac, h\u00e1zi\u00e1llat 20 \u20ac, \u00e1gynem\u0171 7 \u20ac\/szett b\u00e9relhet\u0151.<\/p>\n\n\n\n<p><strong>K\u00fcl\u00f6nf\u00e9le:<\/strong><\/p>\n\n\n\n<p><br><strong>T\u00c9LI SZEZON 2023\/2024<\/strong><br>Folyamatos emel\u0151m\u0171k\u00f6d\u00e9s<br>vom 08. Dezember 2023 &#8211; 07. April 2024<\/p>","protected":false},"excerpt":{"rendered":"<p>Selbstversorgerhaus f\u00fcr 9 Personen1 Doppelzimmer mit DU\/WC1 Vierbettzimmer mit DU1 Dreibettzimmer mit DU2 WCWohnfl\u00e4che 110m\u00b2Seeh\u00f6he 750mMit PKW erreichbarNahe SkigebietHaustiere willkommen Lage Das Ferienhaus liegt etwa 1km \u00fcber dem Ort Pruggern im Ennstal, sehr ruhig, mit herrlicher Aussicht auf Dachstein, Stoder bis Grimming. Entfernungen Ort mit Tennisplatz, Reitstall, Abenteuerclub, Gasth\u00e4user 1km. Etwa 100m oberhalb h\u00e4lt der [&hellip;]<\/p>","protected":false},"featured_media":9970,"menu_order":0,"comment_status":"open","ping_status":"open","template":"","mphb_room_type_category":[145,156],"mphb_room_type_tag":[],"mphb_room_type_facility":[185,178,167,208,197,210,159,211,220,143,219,199,126,221,214,212,215,216],"class_list":["post-8557","mphb_room_type","type-mphb_room_type","status-publish","has-post-thumbnail","hentry","mphb_room_type_category-almhuette","mphb_room_type_category-steiermark","mphb_room_type_facility-750m","mphb_room_type_facility-3-badezimmer","mphb_room_type_facility-3-schlafzimmer","mphb_room_type_facility-familienurlaub","mphb_room_type_facility-geschirrspueler","mphb_room_type_facility-gruppenurlaub","mphb_room_type_facility-haustiere-ok","mphb_room_type_facility-huettenfeiern","mphb_room_type_facility-langlaufen","mphb_room_type_facility-mit-pkw-erreichbar","mphb_room_type_facility-mountainbiken","mphb_room_type_facility-sat-tv","mphb_room_type_facility-skigebiet","mphb_room_type_facility-skitouren","mphb_room_type_facility-sommerurlaub","mphb_room_type_facility-urlaub-mit-hund","mphb_room_type_facility-wanderherbst","mphb_room_type_facility-winterurlaub","mphb_ra_personen-7-10-personen","mphb-room-type-adults-1","mphb-room-type-children-0",""],"acf":{"export_an_mondial":true,"personen_fur_e-domizil":"9","hutid":"342","hutcode":"TAG-STM","ort":"Pruggern","plz":"8965","latitude":"47.418389","longitude":"13.872825"},"_links":{"self":[{"href":"https:\/\/www.bold-black.109-235-60-67.plesk.page\/hu\/wp-json\/wp\/v2\/mphb_room_type\/8557","targetHints":{"allow":["GET"]}}],"collection":[{"href":"https:\/\/www.bold-black.109-235-60-67.plesk.page\/hu\/wp-json\/wp\/v2\/mphb_room_type"}],"about":[{"href":"https:\/\/www.bold-black.109-235-60-67.plesk.page\/hu\/wp-json\/wp\/v2\/types\/mphb_room_type"}],"replies":[{"embeddable":true,"href":"https:\/\/www.bold-black.109-235-60-67.plesk.page\/hu\/wp-json\/wp\/v2\/comments?post=8557"}],"wp:featuredmedia":[{"embeddable":true,"href":"https:\/\/www.bold-black.109-235-60-67.plesk.page\/hu\/wp-json\/wp\/v2\/media\/9970"}],"wp:attachment":[{"href":"https:\/\/www.bold-black.109-235-60-67.plesk.page\/hu\/wp-json\/wp\/v2\/media?parent=8557"}],"wp:term":[{"taxonomy":"mphb_room_type_category","embeddable":true,"href":"https:\/\/www.bold-black.109-235-60-67.plesk.page\/hu\/wp-json\/wp\/v2\/mphb_room_type_category?post=8557"},{"taxonomy":"mphb_room_type_tag","embeddable":true,"href":"https:\/\/www.bold-black.109-235-60-67.plesk.page\/hu\/wp-json\/wp\/v2\/mphb_room_type_tag?post=8557"},{"taxonomy":"mphb_room_type_facility","embeddable":true,"href":"https:\/\/www.bold-black.109-235-60-67.plesk.page\/hu\/wp-json\/wp\/v2\/mphb_room_type_facility?post=8557"}],"curies":[{"name":"wp","href":"https:\/\/api.w.org\/{rel}","templated":true}]}}