{"id":8554,"date":"2024-07-16T11:11:20","date_gmt":"2024-07-16T09:11:20","guid":{"rendered":"https:\/\/www.huettenpartner.eu\/accommodation\/sno-stm\/"},"modified":"2024-12-05T15:15:21","modified_gmt":"2024-12-05T13:15:21","slug":"sno-stm","status":"publish","type":"mphb_room_type","link":"https:\/\/www.bold-black.109-235-60-67.plesk.page\/hu\/accommodation\/sno-stm\/","title":{"rendered":"SNO-STM"},"content":{"rendered":"<p><strong>Medence fah\u00e1z 12 feln\u0151tt \u00e9s legfeljebb 12 gyermek sz\u00e1m\u00e1ra<br>6 h\u00e1l\u00f3szoba&nbsp;<br>Francia\u00e1gy, kanap\u00e9, m\u0171holdas TV, saj\u00e1t f\u00fcrd\u0151szoba\/WC<br>Wellness r\u00e9szleg fedett medenc\u00e9vel<br>Szauna\/infrav\u00f6r\u00f6s\/fitness r\u00e9szleg<br>Lak\u00f3ter\u00fclet 400 m\u00b2<br>Magass\u00e1g 900 m<br>Ski-in ski-out a Ski amad\u00e9-ban<br>aut\u00f3val megk\u00f6zel\u00edthet\u0151<br>h\u00e1zi\u00e1llat nem megengedett<\/strong><\/p>\n\n\n\n<p><a href=\"https:\/\/www.huettenpartner.com\/service\/huettenanfrage.html?t=1&amp;ncm-hp-token=SNO-STM&amp;code=SNO-STM&amp;cal_von=&amp;cal_bis=\"><\/a><\/p>\n\n\n\n<p><\/p>\n\n\n\n<p><strong>Poz\u00edci\u00f3<\/strong><\/p>\n\n\n\n<p>K\u00f6r\u00fclbel\u00fcl 500 m\u00e9terrel a vil\u00e1gbajnoks\u00e1g helysz\u00edne, Schladming felett, a Schladming-Dachstein \u00fcd\u00fcl\u0151r\u00e9gi\u00f3 kell\u0151s k\u00f6zep\u00e9n, a \u201eSki amad\u00e9\u201d k\u00f6zep\u00e9n, ahol Ausztria legnagyobb p\u00e1ly\u00e1i \u00e9s felvon\u00f3i (760 km p\u00e1lya \u00e9s 270 felvon\u00f3) tal\u00e1lhat\u00f3k. tov\u00e1bbi 4 \u00e9p\u00fclt 2021-ben a megl\u00e9v\u0151 Schladming kunyh\u00f3faluhoz val\u00f3 csatlakoz\u00e1sk\u00e9nt. Luxus fah\u00e1zak saj\u00e1t fedett medenc\u00e9vel. Ebben a kateg\u00f3ri\u00e1ban \u00d6n a k\u00e9t h\u00e1ts\u00f3 fah\u00e1z egyik\u00e9ben lakik (2. sor)<\/p>\n\n\n\n<p><strong>T\u00e1vols\u00e1gok<\/strong><\/p>\n\n\n\n<p>Schladming v\u00e1rosa kiv\u00e1l\u00f3 gasztron\u00f3mi\u00e1val, pubokkal, apr\u00e8s ski, \u00fczletekkel, p\u00e9ks\u00e9ggel 500 m. A lejt\u0151 k\u00f6zvetlen\u00fcl a kunyh\u00f3k mellett vezet! A Planai West felvon\u00f3k vagy a \u00fcl\u0151lift (Hochwurzen) 300 m\u00e9terrel lejjebb indulnak. A k\u00f6zponti fekv\u00e9s\u0171 fogad\u00f3kunyh\u00f3ban van egy bolt (f\u0151szezonban nyitva), ahol italokat, p\u00e9k\u00e1rut, zseml\u00e9t, pizz\u00e1t, \u00e9lelmiszert vagy cigarett\u00e1t kaphat. A kunyh\u00f3faluban egy 300 m\u00b2-es f\u00fcrd\u0151t\u00f3 \u00e9s egy kis j\u00e1tsz\u00f3t\u00e9r is tal\u00e1lhat\u00f3. Csod\u00e1latos gyalogos vagy mountain bike \u00fatvonalak a h\u00e1zt\u00f3l, golf 6km, rafting 3km, s\u00ediskola b\u00e9relhet\u0151 300m. T\u00f6lt\u0151\u00e1llom\u00e1s elektromos aut\u00f3j\u00e1hoz (22kw, 2-es t\u00edpus) a helysz\u00ednen!<\/p>\n\n\n\n<p><strong>felszerel\u00e9s<\/strong><\/p>\n\n\n\n<p>A fah\u00e1zak 3 szintesek, bej\u00e1rattal az alagsorban \u00e9s az emeleten is. 6 h\u00e1l\u00f3szoba tal\u00e1lhat\u00f3, mindegyikben egy francia\u00e1gy \u00e9s egy kih\u00fazhat\u00f3 kanap\u00e9 (160cm x 200cm) maximum 2 gyerek elsz\u00e1ll\u00e1sol\u00e1s\u00e1ra, m\u0171holdas TV-vel \u00e9s saj\u00e1t f\u00fcrd\u0151szob\u00e1val\/WC-vel. A h\u00e1z ide\u00e1lis 12 f\u0151 elsz\u00e1ll\u00e1sol\u00e1s\u00e1ra, de a kanap\u00e9kkal ak\u00e1r 12 gyermek elsz\u00e1ll\u00e1sol\u00e1s\u00e1ra is alkalmas, \u00edgy \u00f6sszesen maximum 24 f\u0151. Els\u0151 emelet: bej\u00e1rat ruhat\u00e1rral, kis sz\u00e9ffel, s\u00edcip\u0151sz\u00e1r\u00edt\u00f3val, s\u00edt\u00e1rol\u00f3val, WC-vel. A nappali igazi kunyh\u00f3i hangulatot \u00e1raszt: itt a tet\u0151 alatti hatalmas nyitott famennyezet alatt laksz, a nagy ablakokb\u00f3l csod\u00e1latos kil\u00e1t\u00e1s ny\u00edlik a k\u00f6rnyez\u0151 hegyekre, a nagy teraszra vagy a naplement\u00e9re. A nappaliban van egy hangulatos kanap\u00e9sarok, kil\u00e1t\u00e1ssal a k\u00f6zponti kandall\u00f3ra, m\u0171holdas TV, egy pihen\u0151sarok a nagy asztaln\u00e1l, \u00e9s egy konyhasarok, amely t\u00f6k\u00e9letesen felszerelt az \u00f6nell\u00e1t\u00e1shoz! Van villanyt\u0171zhely, s\u00fct\u0151, mikrohull\u00e1m\u00fa s\u00fct\u0151, 2 h\u0171t\u0151szekr\u00e9ny, fagyaszt\u00f3, mosogat\u00f3g\u00e9p, k\u00e1v\u00e9f\u0151z\u0151, v\u00edzforral\u00f3, keny\u00e9rpir\u00edt\u00f3 \u00e9s s\u00f6rcsap (a falu saj\u00e1t hord\u00f3ihoz). V\u00e1lasszon bort (feh\u00e9r, v\u00f6r\u00f6s vagy roz\u00e9) \u00e9s pezsg\u0151t a borh\u0171t\u0151b\u0151l (t\u00e9r\u00edt\u00e9s ellen\u00e9ben). Ha nem szeretn\u00e9l magad f\u0151zni, sz\u00edvesen szervez\u00fcnk neked priv\u00e1t szak\u00e1csot! Schladmingb\u00f3l sz\u00e1rmazik, \u00e9s helyi \u00e9telekkel \u00e9s m\u00e9lt\u00e1nyos \u00e1ron k\u00e9nyezteti \u00d6nt. Ezen az emeleten tal\u00e1lhat\u00f3 1 h\u00e1l\u00f3szoba francia\u00e1ggyal, kanap\u00e9val, m\u0171holdas TV-vel, saj\u00e1t zuhanyz\u00f3val\/WC-vel. K\u00d6Z\u00c9PEMELTE: 4 h\u00e1l\u00f3szoba van mindegyikben 1 francia\u00e1ggyal \u00e9s ig\u00e9ny eset\u00e9n egy kih\u00fazhat\u00f3 kanap\u00e9val (160x200cm) m\u0171holdas TV-vel \u00e9s saj\u00e1t zuhanyz\u00f3val\/WC-vel \u00e9s kij\u00e1rattal a teraszra, ahol pingpongasztal tal\u00e1lhat\u00f3. Az alagsorban tal\u00e1lhat\u00f3 a nagy wellness r\u00e9szleg saj\u00e1t medenc\u00e9vel (3mx7m)! 100m\u00b2-en szauna, infrakabin, zuhanyz\u00f3k, WC \u00e9s fitneszterem tal\u00e1lhat\u00f3! Itt tal\u00e1lhat\u00f3 m\u00e9g a 6. h\u00e1l\u00f3szoba francia\u00e1ggyal, kih\u00fazhat\u00f3 kanap\u00e9val, m\u0171holdas TV-vel \u00e9s zuhanyz\u00f3val\/WC-vel. Ruhat\u00e1r, bej\u00e1rat. A kunyh\u00f3kat a legjobb anyagok felhaszn\u00e1l\u00e1s\u00e1val, helyi k\u00e9zm\u0171vesek rendk\u00edv\u00fcl ig\u00e9nyesen k\u00e9sz\u00edtett\u00e9k el, minden k\u00e9nyelmet biztos\u00edtanak, \u00e9s nagyon k\u00fcl\u00f6nleges hangulat\u00faak. K\u00f6zponti f\u0171t\u00e9s pellet, t\u00f6bbnyire padl\u00f3f\u0171t\u00e9s, f\u00fcrd\u0151szoba hajsz\u00e1r\u00edt\u00f3val, nagy sebess\u00e9g\u0171 WiFi. Ig\u00e9ny szerint etet\u0151sz\u00e9k, kis\u00e1gy (\u00f6sszecsukhat\u00f3 utaz\u00f3\u00e1gy 60x120cm). K\u00e9r\u00fcnk benneteket, hogy a kunyh\u00f3kban ne doh\u00e1nyozzatok! Ebben a kateg\u00f3ri\u00e1ban \u00d6n az egyik h\u00e1ts\u00f3 kabinban lakik (2. sor). A kunyh\u00f3 el\u0151tt van egy napoz\u00f3terasz \u00fcl\u0151hellyel \u00e9s egy kert grillez\u0151vel (<a href=\"https:\/\/www.ofyr.at\/de\/videos\/ofyr-so-gehts\/?v=299369\" target=\"_blank\" rel=\"noreferrer noopener\">OFYR grill<\/a>). Van keny\u00e9rszolg\u00e1ltat\u00e1s is! Ifj\u00fas\u00e1gi vagy p\u00e1rtcsoportok nem enged\u00e9lyezettek.<\/p>\n\n\n\n<p><strong>Helyi t\u00f6bbletk\u00f6lts\u00e9gek kisebb v\u00e1ltoztat\u00e1sok f\u00fcggv\u00e9ny\u00e9ben<\/strong><\/p>\n\n\n\n<p>Villany fogyaszt\u00e1s szerint 0,50 \u20ac\/kWh, \u00e9jszakai illet\u00e9k 2,50 \u20ac + \u00fczemeltet\u00e9si k\u00f6lts\u00e9g 1 \u20ac\/f\u0151\/\u00e9j, v\u00e9gtakar\u00edt\u00e1s 450 \u20ac. Befizet\u00e9s 1000 \u20ac. Ig\u00e9ny eset\u00e9n \u00e1gynem\u0171 8 \u20ac, t\u00f6r\u00f6lk\u00f6z\u0151k\u00e9szlet 4 \u20ac.<br><strong>Az \u00e1r 12 f\u0151re vonatkozik.<\/strong>\u00a0Ezen k\u00edv\u00fcl szob\u00e1nk\u00e9nt maximum 2 gyermek (0-14 \u00e9ves) elhelyez\u00e9s\u00e9re van lehet\u0151s\u00e9g. P\u00f3t\u00e1gy, kanap\u00e9 vagy kis\u00e1gy gyerekeknek (0-14 \u00e9ves korig)\u00a0<br>T\u00e9li szezon, p\u00fcnk\u00f6sd, ny\u00e1ri sz\u00fcnet, \u0151szi sz\u00fcnet 25 \u20ac, egy\u00e9b \u00e9vszakok 15 \u20ac\/gyerek\/\u00e9j.<\/p>\n\n\n\n<p><strong>K\u00fcl\u00f6nf\u00e9le:<\/strong><\/p>\n\n\n\n<p><br><strong>L\u00e1togass meg minket Facebookon vagy Instagramon:<\/strong><br><a href=\"https:\/\/www.facebook.com\/Chalets.Schladming\" target=\"_blank\" rel=\"noreferrer noopener\">Facebook Fah\u00e1zak Schladming<\/a><br><a href=\"https:\/\/www.instagram.com\/chalets_schladming\/\" target=\"_blank\" rel=\"noreferrer noopener\">Instagram Chalets Schladming<\/a><br><br><a href=\"https:\/\/www.facebook.com\/Huettendorf.Schladming\" target=\"_blank\" rel=\"noreferrer noopener\">Facebook Huttendorf Schladming<\/a><br><a href=\"https:\/\/www.instagram.com\/huettendorf_schladming\/\" target=\"_blank\" rel=\"noreferrer noopener\">Instagram Huttendorf Schladming<\/a><br><br><strong>T\u00c9LI SZEZON 2024\/25<\/strong><br>Planai: folyamatos lift \u00fczem 2024. december elej\u00e9t\u0151l 2025. \u00e1prilis 21-ig<br>Hochwurzen: 2024. december 6. \u2013 2025. \u00e1prilis 6<br><strong>NY\u00c1RI SZEZON 2024<\/strong><br>Planai: 2024. m\u00e1jus 17-t\u0151l szeptember 22-ig<br>2024. szeptember 26. - szeptember 29. \u00e9s 2024. okt\u00f3ber 3. - okt\u00f3ber 6. Cs-V<br>2024. okt\u00f3ber 10. \u2013 november 3&nbsp;<br>Hochwurzen: 2024. m\u00e1jus 17-t\u0151l okt\u00f3ber 13-ig<br><br><strong>Kezd\u0151lap<\/strong><\/p>\n\n\n\n<p><a href=\"https:\/\/www.chalets-schladming.com\/\" target=\"_blank\" rel=\"noreferrer noopener\">Kezd\u0151lap Chalets Schladming<\/a><\/p>","protected":false},"excerpt":{"rendered":"<p>Pool-Chalet f\u00fcr 12 Erwachsene und bis zu 12 Kinder6 Schlafzimmer mit&nbsp;Doppelbett, Couch, SAT-TV eigenem Bad\/WCWellnesslandschaft mit Indoor-PoolSauna\/Infrarot\/FitnessbereichWohnfl\u00e4che 400 m\u00b2Seeh\u00f6he 900mSki-in Ski-out in Ski amad\u00e9mit PKW erreichbarHaustiere nicht erlaubt Lage Etwa 500m oberhalb des WM-Ortes Schladming, mitten im Zentrum der Urlaubsregion Schladming-Dachstein und inmitten der \u201eSki amad\u00e9\u201c mit dem gr\u00f6\u00dften Pisten- und Liftangebot \u00d6sterreichs (760km Pisten [&hellip;]<\/p>","protected":false},"featured_media":9249,"menu_order":0,"comment_status":"open","ping_status":"open","template":"","mphb_room_type_category":[148,149,156],"mphb_room_type_tag":[],"mphb_room_type_facility":[185,181,170,208,197,210,160,220,143,219,194,209,199,127,217,126,221,214,192,213,215,216,120],"class_list":["post-8554","mphb_room_type","type-mphb_room_type","status-publish","has-post-thumbnail","hentry","mphb_room_type_category-chalet-ferienhaus","mphb_room_type_category-huettendorf","mphb_room_type_category-steiermark","mphb_room_type_facility-750m","mphb_room_type_facility-6-badezimmer","mphb_room_type_facility-6-schlafzimmer","mphb_room_type_facility-familienurlaub","mphb_room_type_facility-geschirrspueler","mphb_room_type_facility-gruppenurlaub","mphb_room_type_facility-haustiere-nok","mphb_room_type_facility-langlaufen","mphb_room_type_facility-mit-pkw-erreichbar","mphb_room_type_facility-mountainbiken","mphb_room_type_facility-pool","mphb_room_type_facility-romantikurlaub","mphb_room_type_facility-sat-tv","mphb_room_type_facility-sauna-infrarot","mphb_room_type_facility-seminare-firmenevents","mphb_room_type_facility-skigebiet","mphb_room_type_facility-skitouren","mphb_room_type_facility-sommerurlaub","mphb_room_type_facility-teich-bademoeglichkeit","mphb_room_type_facility-urlaub-fuer-allergiker","mphb_room_type_facility-wanderherbst","mphb_room_type_facility-winterurlaub","mphb_room_type_facility-wlan","mphb_ra_personen-20-und-mehr-personen","mphb-room-type-adults-1","mphb-room-type-children-0",""],"acf":{"export_an_mondial":false,"personen_fur_e-domizil":"12","hutid":"455","hutcode":"SNO-STM","ort":"Schladming","plz":"","latitude":"47.389729","longitude":"13.671237"},"_links":{"self":[{"href":"https:\/\/www.bold-black.109-235-60-67.plesk.page\/hu\/wp-json\/wp\/v2\/mphb_room_type\/8554","targetHints":{"allow":["GET"]}}],"collection":[{"href":"https:\/\/www.bold-black.109-235-60-67.plesk.page\/hu\/wp-json\/wp\/v2\/mphb_room_type"}],"about":[{"href":"https:\/\/www.bold-black.109-235-60-67.plesk.page\/hu\/wp-json\/wp\/v2\/types\/mphb_room_type"}],"replies":[{"embeddable":true,"href":"https:\/\/www.bold-black.109-235-60-67.plesk.page\/hu\/wp-json\/wp\/v2\/comments?post=8554"}],"wp:featuredmedia":[{"embeddable":true,"href":"https:\/\/www.bold-black.109-235-60-67.plesk.page\/hu\/wp-json\/wp\/v2\/media\/9249"}],"wp:attachment":[{"href":"https:\/\/www.bold-black.109-235-60-67.plesk.page\/hu\/wp-json\/wp\/v2\/media?parent=8554"}],"wp:term":[{"taxonomy":"mphb_room_type_category","embeddable":true,"href":"https:\/\/www.bold-black.109-235-60-67.plesk.page\/hu\/wp-json\/wp\/v2\/mphb_room_type_category?post=8554"},{"taxonomy":"mphb_room_type_tag","embeddable":true,"href":"https:\/\/www.bold-black.109-235-60-67.plesk.page\/hu\/wp-json\/wp\/v2\/mphb_room_type_tag?post=8554"},{"taxonomy":"mphb_room_type_facility","embeddable":true,"href":"https:\/\/www.bold-black.109-235-60-67.plesk.page\/hu\/wp-json\/wp\/v2\/mphb_room_type_facility?post=8554"}],"curies":[{"name":"wp","href":"https:\/\/api.w.org\/{rel}","templated":true}]}}