{"id":8548,"date":"2024-07-16T11:11:19","date_gmt":"2024-07-16T09:11:19","guid":{"rendered":"https:\/\/www.huettenpartner.eu\/accommodation\/osl-stm\/"},"modified":"2024-12-05T15:15:19","modified_gmt":"2024-12-05T13:15:19","slug":"osl-stm","status":"publish","type":"mphb_room_type","link":"https:\/\/www.bold-black.109-235-60-67.plesk.page\/hu\/accommodation\/osl-stm\/","title":{"rendered":"OSL-STM"},"content":{"rendered":"<p><strong>\u00d6nell\u00e1t\u00f3 h\u00e1z 4 f\u0151 r\u00e9sz\u00e9re&nbsp;<br>1 k\u00e9t\u00e1gyas, 1 k\u00e9t\u00e1gyas szoba&nbsp;<br>1 zuhanyz\u00f3, 1 WC, szauna<br>Lak\u00f3ter\u00fclet 70m2<br>Magass\u00e1g 1274 m<br>Aut\u00f3val megk\u00f6zel\u00edthet\u0151<br>H\u00e1zi\u00e1llat k\u00e9r\u00e9sre<\/strong><\/p>\n\n\n\n<p><a href=\"https:\/\/www.huettenpartner.com\/service\/huettenanfrage.html?t=1&amp;ncm-hp-token=OSL-STM&amp;code=OSL-STM&amp;cal_von=&amp;cal_bis=\"><\/a><\/p>\n\n\n\n<p><\/p>\n\n\n\n<p><strong>Poz\u00edci\u00f3<\/strong><\/p>\n\n\n\n<p>A kunyh\u00f3 a st\u00e1jer Zirbenland k\u00f6zep\u00e9n, a Murtal felett, St. Wolfgang k\u00fclv\u00e1ros\u00e1ban \u00e9s egy \u00fcd\u00fcl\u0151hely sz\u00e9l\u00e9n tal\u00e1lhat\u00f3. Gy\u00f6ny\u00f6r\u0171 kil\u00e1t\u00e1s ny\u00edlik a Seetal-Alpokra \u00e9s a Zirbitzkogel ter\u00fclet\u00e9re.<\/p>\n\n\n\n<p><\/p>\n\n\n\n<p><strong>T\u00e1vols\u00e1gok<\/strong><\/p>\n\n\n\n<p>St. Wolfgang egy idilli hegyi falu 1273 m\u00e9teres tengerszint feletti magass\u00e1gban. Vend\u00e9gh\u00e1z 500m. Mened\u00e9k \u00fczletekkel, fogad\u00f3kkal 7km. Ide\u00e1lis kiindul\u00f3pont hegyi \u00e9s hegyi ker\u00e9kp\u00e1ros t\u00far\u00e1khoz a Zirbitzkogel-hegys\u00e9gben \u00e9s a Seetal-Alpokban, ahol sz\u00e1mos jelzett t\u00fara\u00fatvonal \u00e9s menedzselt kunyh\u00f3 tal\u00e1lhat\u00f3. Rieseralm s\u00edter\u00fclet 12 kilom\u00e9ternyi p\u00e1ly\u00e1val \u00e9s 5 felvon\u00f3val 1,5 kilom\u00e9teren bel\u00fcl. Obdach s\u00edfelvon\u00f3 8km, Klippitzt\u00f6rl 40km. Term\u00e1lf\u00fcrd\u0151 30km. Winterleiten sz\u00e1nk\u00f3p\u00e1lya 5 km. Lachtal s\u00edter\u00fclet 45 km, Kreischberg 70 km. S\u00edfut\u00f3p\u00e1lya Obdachban. Red Bull Ring 33 km. Graz v\u00e1rosa 95 km. W\u00f6rthersee 100km.<\/p>\n\n\n\n<p>\u00a0<strong>felszerel\u00e9s<\/strong><\/p>\n\n\n\n<p>A nyaral\u00f3 bej\u00e1rati r\u00e9sz\u00e9n tal\u00e1lhat\u00f3 terasz \u00fcl\u0151helyekkel \u00e9s gy\u00f6ny\u00f6r\u0171 kil\u00e1t\u00e1ssal. Nappali kanap\u00e9val, konyha fat\u0171zhellyel, s\u00fct\u0151vel, h\u0171t\u0151szekr\u00e9nnyel, mosogat\u00f3g\u00e9ppel, k\u00e1v\u00e9f\u0151z\u0151vel, v\u00edzforral\u00f3val. 2 h\u00e1l\u00f3szoba, zuhanyz\u00f3, wc. Szauna. Olaj k\u00f6zponti f\u0171t\u00e9s, mos\u00f3g\u00e9p, m\u0171holdas TV \u00e1ll rendelkez\u00e9sre. A h\u00e1z el\u0151tt van egy kis kert, grill, nyug\u00e1gyak. \u00c1gynem\u0171t + t\u00f6r\u00f6lk\u00f6z\u0151t k\u00e9rj\u00fck hozzon mag\u00e1val.<\/p>\n\n\n\n<p><strong>Helyi t\u00f6bbletk\u00f6lts\u00e9gek kisebb v\u00e1ltoztat\u00e1sok f\u00fcggv\u00e9ny\u00e9ben<\/strong><\/p>\n\n\n\n<p>Villany 0,50 \u20ac\/kwh, \u00e9jszakai illet\u00e9k jelenleg 2,5 \u20ac\/f\u0151\/\u00e9j, f\u0171t\u00e9s szezont\u00f3l f\u00fcgg\u0151en 3 \u20ac - 15 \u20ac\/\u00e9j, v\u00e9gtakar\u00edt\u00e1s 25 \u20ac, h\u00e1zi kedvencek 25 \u20ac\/h\u00e9t. Kauci\u00f3 100,- \u20ac.<\/p>","protected":false},"excerpt":{"rendered":"<p>Selbstversorgerhaus f\u00fcr 4 Personen&nbsp;1 Doppel-, 1 Zweibettzimmer&nbsp;1 DU, 1 WC, SaunaWohnfl\u00e4che 70m2Seeh\u00f6he 1.274mMit PKW erreichbarHaustiere auf Anfrage Lage Die H\u00fctte liegt mitten im Steirischen Zirbenland, \u00fcber dem Murtal, am Ortsrand von St. Wolfgang und am Rande einer Feriensiedlung. Sch\u00f6ner Ausblick auf die Seetaler Alpen und das Zirbitzkogelgebiet. Entfernungen St. Wolfgang ist ein idyllisch gelegenes Bergd\u00f6rfchen [&hellip;]<\/p>","protected":false},"featured_media":10304,"menu_order":0,"comment_status":"open","ping_status":"open","template":"","mphb_room_type_category":[145,156],"mphb_room_type_tag":[],"mphb_room_type_facility":[186,176,166,208,197,203,220,143,219,199,127,214,213,212,215,216],"class_list":["post-8548","mphb_room_type","type-mphb_room_type","status-publish","has-post-thumbnail","hentry","mphb_room_type_category-almhuette","mphb_room_type_category-steiermark","mphb_room_type_facility-1250m","mphb_room_type_facility-1-badezimmer","mphb_room_type_facility-2-schlafzimmer","mphb_room_type_facility-familienurlaub","mphb_room_type_facility-geschirrspueler","mphb_room_type_facility-haustiere-auf-anfrage","mphb_room_type_facility-langlaufen","mphb_room_type_facility-mit-pkw-erreichbar","mphb_room_type_facility-mountainbiken","mphb_room_type_facility-sat-tv","mphb_room_type_facility-sauna-infrarot","mphb_room_type_facility-sommerurlaub","mphb_room_type_facility-urlaub-fuer-allergiker","mphb_room_type_facility-urlaub-mit-hund","mphb_room_type_facility-wanderherbst","mphb_room_type_facility-winterurlaub","mphb_ra_personen-1-6-personen","mphb-room-type-adults-1","mphb-room-type-children-0",""],"acf":{"export_an_mondial":true,"personen_fur_e-domizil":"0","hutid":"472","hutcode":"OSL-STM","ort":"Obdach","plz":"","latitude":"47.09642","longitude":"14.633813"},"_links":{"self":[{"href":"https:\/\/www.bold-black.109-235-60-67.plesk.page\/hu\/wp-json\/wp\/v2\/mphb_room_type\/8548","targetHints":{"allow":["GET"]}}],"collection":[{"href":"https:\/\/www.bold-black.109-235-60-67.plesk.page\/hu\/wp-json\/wp\/v2\/mphb_room_type"}],"about":[{"href":"https:\/\/www.bold-black.109-235-60-67.plesk.page\/hu\/wp-json\/wp\/v2\/types\/mphb_room_type"}],"replies":[{"embeddable":true,"href":"https:\/\/www.bold-black.109-235-60-67.plesk.page\/hu\/wp-json\/wp\/v2\/comments?post=8548"}],"wp:featuredmedia":[{"embeddable":true,"href":"https:\/\/www.bold-black.109-235-60-67.plesk.page\/hu\/wp-json\/wp\/v2\/media\/10304"}],"wp:attachment":[{"href":"https:\/\/www.bold-black.109-235-60-67.plesk.page\/hu\/wp-json\/wp\/v2\/media?parent=8548"}],"wp:term":[{"taxonomy":"mphb_room_type_category","embeddable":true,"href":"https:\/\/www.bold-black.109-235-60-67.plesk.page\/hu\/wp-json\/wp\/v2\/mphb_room_type_category?post=8548"},{"taxonomy":"mphb_room_type_tag","embeddable":true,"href":"https:\/\/www.bold-black.109-235-60-67.plesk.page\/hu\/wp-json\/wp\/v2\/mphb_room_type_tag?post=8548"},{"taxonomy":"mphb_room_type_facility","embeddable":true,"href":"https:\/\/www.bold-black.109-235-60-67.plesk.page\/hu\/wp-json\/wp\/v2\/mphb_room_type_facility?post=8548"}],"curies":[{"name":"wp","href":"https:\/\/api.w.org\/{rel}","templated":true}]}}