{"id":8532,"date":"2024-07-16T11:11:18","date_gmt":"2024-07-16T09:11:18","guid":{"rendered":"https:\/\/www.huettenpartner.eu\/accommodation\/egg-stm\/"},"modified":"2024-12-05T15:15:17","modified_gmt":"2024-12-05T13:15:17","slug":"egg-stm","status":"publish","type":"mphb_room_type","link":"https:\/\/www.bold-black.109-235-60-67.plesk.page\/hu\/accommodation\/egg-stm\/","title":{"rendered":"EGG-STM"},"content":{"rendered":"<p><strong>\u00d6nell\u00e1t\u00f3 kabin 10 f\u0151 r\u00e9sz\u00e9re<br>2 db k\u00e9t\u00e1gyas szoba<br>2 db n\u00e9gy\u00e1gyas szoba<br>P\u00f3t\u00e1gy k\u00e9r\u00e9sre<br>2 WC, 2 zuhanyz\u00f3<br>Lak\u00f3ter\u00fclet 260 m\u00b2<br>Magass\u00e1g 1080 m<br>Halast\u00f3<br>Aut\u00f3val megk\u00f6zel\u00edthet\u0151<br>H\u00e1zi\u00e1llat sz\u00edvesen<\/strong><\/p>\n\n\n\n<p><a href=\"https:\/\/www.huettenpartner.com\/service\/huettenanfrage.html?t=1&amp;ncm-hp-token=EGG-STM&amp;code=EGG-STM&amp;cal_von=&amp;cal_bis=\"><\/a><\/p>\n\n\n\n<p><strong>Poz\u00edci\u00f3<\/strong><\/p>\n\n\n\n<p>A kunyh\u00f3 egy erdei tiszt\u00e1son tal\u00e1lhat\u00f3, k\u00f6r\u00fclbel\u00fcl 6 km-re Retteneggt\u0151l, csod\u00e1latos, f\u00e9lrees\u0151 helyen. A szomsz\u00e9dban egy kis patak folyik. Az utols\u00f3 2 km egy k\u00f6nnyen j\u00e1rhat\u00f3 erdei \u00faton visz, ami a kunyh\u00f3n\u00e1l \u00e9r v\u00e9get.<\/p>\n\n\n\n<p><strong>T\u00e1vols\u00e1gok<\/strong><\/p>\n\n\n\n<p>Rettenegg vend\u00e9gh\u00e1zakkal, fedett uszod\u00e1val (csak ny\u00e1ron), szupermarkettel, \u00fczletekkel 6 km. Stuhleck vagy Semmering s\u00edter\u00fcletek egyenk\u00e9nt 20 km-re vannak. Ide\u00e1lis kiindul\u00f3pont t\u00far\u00e1khoz Hochwechselbe, Stuhleckbe, Pretulba vagy k\u00f6zvetlen\u00fcl Rettenegg v\u00e1ros\u00e1ba.<\/p>\n\n\n\n<p><strong>felszerel\u00e9s<\/strong><\/p>\n\n\n\n<p>F\u00f6ldszint: A hangulatos kunyh\u00f3ban egy nagy nappali tal\u00e1lhat\u00f3 kanap\u00e9sarokkal, m\u0171holdas TV-vel \u00e9s \u00e9tkez\u0151asztallal. Konyha fat\u0171zhellyel s\u00fct\u0151vel, h\u0171t\u0151szekr\u00e9nnyel, mosogat\u00f3g\u00e9ppel, k\u00e1v\u00e9f\u0151z\u0151vel, v\u00edzforral\u00f3val, mikrohull\u00e1m\u00fa s\u00fct\u0151vel, keny\u00e9rs\u00fct\u0151vel, toj\u00e1sf\u0151z\u0151vel, keny\u00e9rpir\u00edt\u00f3val. Mos\u00f3g\u00e9p, kis\u00e1gy, etet\u0151sz\u00e9k rendelkez\u00e9sre \u00e1ll. Zuhany. WC. OG: TE. WC. 2 db k\u00e9t\u00e1gyas szoba, 2 db k\u00e9t\u00e1gyas szoba ig\u00e9ny eset\u00e9n kih\u00fazhat\u00f3 kanap\u00e9val. Nappali kanap\u00e9val (kih\u00fazhat\u00f3) \u00e9s m\u0171holdas TV-vel. Erk\u00e9ly \u00e9s kij\u00e1rat a szabadba. Fa k\u00f6zponti f\u0171t\u00e9s. Villany v\u00edzer\u0151vel. A kunyh\u00f3 el\u0151tt nagy kert tal\u00e1lhat\u00f3 j\u00e1tsz\u00f3t\u00e9rrel, pihen\u0151sarokkal, grillez\u0151vel, 2 horg\u00e1szt\u00f3val (horg\u00e1szat t\u00e9r\u00edt\u00e9s ellen\u00e9ben).<\/p>\n\n\n\n<p><strong>Helyi t\u00f6bbletk\u00f6lts\u00e9gek kisebb v\u00e1ltoztat\u00e1sok f\u00fcggv\u00e9ny\u00e9ben<\/strong><\/p>\n\n\n\n<p>Idegenforgalmi ad\u00f3 jelenleg 2,50 \u20ac\/f\u0151\/\u00e9j, energia\u00e1tal\u00e1ny 40 \u20ac\/h\u00e9t, v\u00e9gtakar\u00edt\u00e1s 55 \u20ac, h\u00e1zi\u00e1llat 25 \u20ac\/h\u00e9t. \u00c1gynem\u0171 7 \u20ac\/szett, t\u00f6r\u00f6lk\u00f6z\u0151 3 \u20ac\/\u00e9j b\u00e9relhet\u0151, p\u00f3t\u00e1gy 10 \u20ac\/\u00e9j<\/p>","protected":false},"excerpt":{"rendered":"<p>Selbstversorgerh\u00fctte f\u00fcr 10 Personen2 Doppelzimmer2 VierbettzimmerZusatzbett auf Anfrage2 WC, 2 DUWohnfl\u00e4che 260m\u00b2Seeh\u00f6he 1.080mFischteichMit PKW erreichbarHaustiere willkommen Lage Die H\u00fctte liegt auf einer Waldlichtung, etwa 6km nach Rettenegg in herrlicher Alleinlage. Nebenan flie\u00dft ein kleines B\u00e4chlein. Die letzten 2km f\u00e4hrt man \u00fcber eine gut befahrbare Forststra\u00dfe, diese endet bei der H\u00fctte. Entfernungen Rettenegg mit Gasth\u00e4usern, Hallenbad [&hellip;]<\/p>","protected":false},"featured_media":10077,"menu_order":0,"comment_status":"open","ping_status":"open","template":"","mphb_room_type_category":[145,156],"mphb_room_type_tag":[],"mphb_room_type_facility":[187,177,168,198,208,191,197,210,159,211,143,219,199,214,212,215,216],"class_list":["post-8532","mphb_room_type","type-mphb_room_type","status-publish","has-post-thumbnail","hentry","mphb_room_type_category-almhuette","mphb_room_type_category-steiermark","mphb_room_type_facility-1000m","mphb_room_type_facility-2-badezimmer","mphb_room_type_facility-4-schlafzimmer","mphb_room_type_facility-alleinlage","mphb_room_type_facility-familienurlaub","mphb_room_type_facility-fischteich-angeln","mphb_room_type_facility-geschirrspueler","mphb_room_type_facility-gruppenurlaub","mphb_room_type_facility-haustiere-ok","mphb_room_type_facility-huettenfeiern","mphb_room_type_facility-mit-pkw-erreichbar","mphb_room_type_facility-mountainbiken","mphb_room_type_facility-sat-tv","mphb_room_type_facility-sommerurlaub","mphb_room_type_facility-urlaub-mit-hund","mphb_room_type_facility-wanderherbst","mphb_room_type_facility-winterurlaub","mphb_ra_personen-7-10-personen","mphb-room-type-adults-1","mphb-room-type-children-0",""],"acf":{"export_an_mondial":true,"personen_fur_e-domizil":"10","hutid":"389","hutcode":"EGG-STM","ort":"Rettenegg","plz":"","latitude":"47.508556","longitude":"15.816971"},"_links":{"self":[{"href":"https:\/\/www.bold-black.109-235-60-67.plesk.page\/hu\/wp-json\/wp\/v2\/mphb_room_type\/8532","targetHints":{"allow":["GET"]}}],"collection":[{"href":"https:\/\/www.bold-black.109-235-60-67.plesk.page\/hu\/wp-json\/wp\/v2\/mphb_room_type"}],"about":[{"href":"https:\/\/www.bold-black.109-235-60-67.plesk.page\/hu\/wp-json\/wp\/v2\/types\/mphb_room_type"}],"replies":[{"embeddable":true,"href":"https:\/\/www.bold-black.109-235-60-67.plesk.page\/hu\/wp-json\/wp\/v2\/comments?post=8532"}],"wp:featuredmedia":[{"embeddable":true,"href":"https:\/\/www.bold-black.109-235-60-67.plesk.page\/hu\/wp-json\/wp\/v2\/media\/10077"}],"wp:attachment":[{"href":"https:\/\/www.bold-black.109-235-60-67.plesk.page\/hu\/wp-json\/wp\/v2\/media?parent=8532"}],"wp:term":[{"taxonomy":"mphb_room_type_category","embeddable":true,"href":"https:\/\/www.bold-black.109-235-60-67.plesk.page\/hu\/wp-json\/wp\/v2\/mphb_room_type_category?post=8532"},{"taxonomy":"mphb_room_type_tag","embeddable":true,"href":"https:\/\/www.bold-black.109-235-60-67.plesk.page\/hu\/wp-json\/wp\/v2\/mphb_room_type_tag?post=8532"},{"taxonomy":"mphb_room_type_facility","embeddable":true,"href":"https:\/\/www.bold-black.109-235-60-67.plesk.page\/hu\/wp-json\/wp\/v2\/mphb_room_type_facility?post=8532"}],"curies":[{"name":"wp","href":"https:\/\/api.w.org\/{rel}","templated":true}]}}