{"id":8530,"date":"2024-07-16T11:11:17","date_gmt":"2024-07-16T09:11:17","guid":{"rendered":"https:\/\/www.huettenpartner.eu\/accommodation\/dam-stm\/"},"modified":"2024-12-05T15:15:17","modified_gmt":"2024-12-05T13:15:17","slug":"dam-stm","status":"publish","type":"mphb_room_type","link":"https:\/\/www.bold-black.109-235-60-67.plesk.page\/hu\/accommodation\/dam-stm\/","title":{"rendered":"DAM-STM"},"content":{"rendered":"<p><strong>6 f\u0151s \u00f6nell\u00e1t\u00f3 h\u00e1z<br>3 db k\u00e9t\u00e1gyas szoba<br>1 p\u00f3t\u00e1gy, 1 gyerek\u00e1gy k\u00e9r\u00e9sre<br>1 zuhanyz\u00f3, 2 WC<br>Lak\u00f3ter\u00fclet 100 m\u00b2<br>Magass\u00e1g 750 m<br>Aut\u00f3val megk\u00f6zel\u00edthet\u0151<br>H\u00e1zi\u00e1llat sz\u00edvesen<\/strong><\/p>\n\n\n\n<p><a href=\"https:\/\/www.huettenpartner.com\/service\/huettenanfrage.html?t=1&amp;ncm-hp-token=DAM-STM&amp;code=DAM-STM&amp;cal_von=&amp;cal_bis=\"><\/a><\/p>\n\n\n\n<p><strong>Poz\u00edci\u00f3<\/strong><\/p>\n\n\n\n<p>A nyaral\u00f3 csod\u00e1latosan napos helyen tal\u00e1lhat\u00f3, csod\u00e1latos kil\u00e1t\u00e1ssal az Ennstalra \u00e9s a leny\u0171g\u00f6z\u0151 Dachsteinre, Stein an der Enns v\u00e1rosa felett.<\/p>\n\n\n\n<p><strong>T\u00e1vols\u00e1gok<\/strong><\/p>\n\n\n\n<p>Stein bev\u00e1s\u00e1rl\u00e1shoz 1,5 km, Gr\u00f6bming 6 km, Schladming 20 km. M\u00f6ssner felvon\u00f3 6 km, Galsterberg s\u00edterep 12 km, 4 hegyi s\u00edterep Hauser Kaibling, Planai, Hochwurzen \u00e9s Reiteralm 16 km. Gyalogos vagy ker\u00e9kp\u00e1ros utak k\u00f6zvetlen\u00fcl a h\u00e1zt\u00f3l. A kunyh\u00f3 a S\u00f6lkt\u00e4ler Nat\u00farpark k\u00f6zep\u00e9n tal\u00e1lhat\u00f3. Ez az alpesi nat\u00farpark sz\u00e1mos hegyi tavat \u00e9s kezelt alpesi legel\u0151ket k\u00edn\u00e1l 277 km2-en. Itt tan\u00f6sv\u00e9nyek, vezetett t\u00far\u00e1k, term\u00e9szetm\u00fazeum \u00e9s sz\u00e1mos kultur\u00e1lis esem\u00e9ny v\u00e1rja a l\u00e1togat\u00f3kat. S\u00edfut\u00f3p\u00e1lya 6 km, teniszp\u00e1lya 2,5 km, f\u00fcrd\u0151t\u00f3 Aich 12 km, Putterer See 20 km.\u00a0<\/p>\n\n\n\n<p><strong>felszerel\u00e9s<\/strong><\/p>\n\n\n\n<p>A nyaral\u00f3 teljesen fel\u00faj\u00edtott \u00e9s korszer\u0171en berendezett: F\u00f6ldszint: nappali\/\u00e9tkez\u0151 pihen\u0151sarokkal, konyha villanyt\u0171zhellyel, s\u00fct\u0151vel, h\u0171t\u0151vel, fagyaszt\u00f3val, mosogat\u00f3g\u00e9ppel, k\u00e1v\u00e9f\u0151z\u0151vel. WC, zuhanyz\u00f3. Els\u0151 emelet: 2 k\u00e9t\u00e1gyas szoba erk\u00e9llyel, m\u0171holdas TV. 1 k\u00e9t\u00e1gyas szoba m\u0171holdas TV-vel (\u00e1tj\u00e1rhat\u00f3), 1 WC. K\u00f6zponti f\u0171t\u00e9s, m\u0171holdas TV, WiFi. A h\u00e1z el\u0151tt van egy napoz\u00f3terasz csod\u00e1latos kil\u00e1t\u00e1ssal, egy kert grillez\u0151vel. K\u00e9rj\u00fck, ne doh\u00e1nyozzon a nyaral\u00f3ban.<\/p>\n\n\n\n<p><strong>Helyi t\u00f6bbletk\u00f6lts\u00e9gek kisebb v\u00e1ltoztat\u00e1sok f\u00fcggv\u00e9ny\u00e9ben<\/strong><\/p>\n\n\n\n<p>\u00dczemeltet\u00e9si k\u00f6lts\u00e9g \u00e1tal\u00e1ny 50 \u20ac\/h\u00e9t, idegenforgalmi ad\u00f3 jelenleg 2,50 \u20ac\/f\u0151\/\u00e9j, v\u00e9gtakar\u00edt\u00e1s 120 \u20ac, \u00e1gynem\u0171 8 \u20ac\/t\u00f6r\u00fclk\u00f6z\u0151 4 \u20ac\/szett b\u00e9relhet\u0151, h\u00e1zi kedvenc 50 \u20ac\/h\u00e9t. kauci\u00f3 200 \u20ac<\/p>","protected":false},"excerpt":{"rendered":"<p>Selbstversorgerhaus f\u00fcr 6 Personen3 Doppelzimmer1 Zusatzbett, 1 Kinderbett auf Anfrage1 DU, 2 WCWohnfl\u00e4che 100m\u00b2Seeh\u00f6he 750mMit PKW erreichbarHaustiere willkommen Lage Das Ferienhaus liegt in wunderbar sonniger Lage, mit herrlichem Ausblick in Richtung Ennstal und zum imposanten Dachstein, \u00fcber dem Ort Stein an der Enns. Entfernungen Ort Stein zum Einkaufen 1,5km, Gr\u00f6bming 6km, Schladming 20km. Schlepplift M\u00f6ssner [&hellip;]<\/p>","protected":false},"featured_media":10138,"menu_order":0,"comment_status":"open","ping_status":"open","template":"","mphb_room_type_category":[148,156],"mphb_room_type_tag":[],"mphb_room_type_facility":[185,176,167,208,197,210,159,220,143,219,199,221,214,212,215,216,120],"class_list":["post-8530","mphb_room_type","type-mphb_room_type","status-publish","has-post-thumbnail","hentry","mphb_room_type_category-chalet-ferienhaus","mphb_room_type_category-steiermark","mphb_room_type_facility-750m","mphb_room_type_facility-1-badezimmer","mphb_room_type_facility-3-schlafzimmer","mphb_room_type_facility-familienurlaub","mphb_room_type_facility-geschirrspueler","mphb_room_type_facility-gruppenurlaub","mphb_room_type_facility-haustiere-ok","mphb_room_type_facility-langlaufen","mphb_room_type_facility-mit-pkw-erreichbar","mphb_room_type_facility-mountainbiken","mphb_room_type_facility-sat-tv","mphb_room_type_facility-skitouren","mphb_room_type_facility-sommerurlaub","mphb_room_type_facility-urlaub-mit-hund","mphb_room_type_facility-wanderherbst","mphb_room_type_facility-winterurlaub","mphb_room_type_facility-wlan","mphb_ra_personen-1-6-personen","mphb-room-type-adults-1","mphb-room-type-children-0",""],"acf":{"export_an_mondial":false,"personen_fur_e-domizil":"0","hutid":"479","hutcode":"DAM-STM","ort":"Stein an der Enns","plz":"","latitude":"47.431385","longitude":"13.954159"},"_links":{"self":[{"href":"https:\/\/www.bold-black.109-235-60-67.plesk.page\/hu\/wp-json\/wp\/v2\/mphb_room_type\/8530","targetHints":{"allow":["GET"]}}],"collection":[{"href":"https:\/\/www.bold-black.109-235-60-67.plesk.page\/hu\/wp-json\/wp\/v2\/mphb_room_type"}],"about":[{"href":"https:\/\/www.bold-black.109-235-60-67.plesk.page\/hu\/wp-json\/wp\/v2\/types\/mphb_room_type"}],"replies":[{"embeddable":true,"href":"https:\/\/www.bold-black.109-235-60-67.plesk.page\/hu\/wp-json\/wp\/v2\/comments?post=8530"}],"wp:featuredmedia":[{"embeddable":true,"href":"https:\/\/www.bold-black.109-235-60-67.plesk.page\/hu\/wp-json\/wp\/v2\/media\/10138"}],"wp:attachment":[{"href":"https:\/\/www.bold-black.109-235-60-67.plesk.page\/hu\/wp-json\/wp\/v2\/media?parent=8530"}],"wp:term":[{"taxonomy":"mphb_room_type_category","embeddable":true,"href":"https:\/\/www.bold-black.109-235-60-67.plesk.page\/hu\/wp-json\/wp\/v2\/mphb_room_type_category?post=8530"},{"taxonomy":"mphb_room_type_tag","embeddable":true,"href":"https:\/\/www.bold-black.109-235-60-67.plesk.page\/hu\/wp-json\/wp\/v2\/mphb_room_type_tag?post=8530"},{"taxonomy":"mphb_room_type_facility","embeddable":true,"href":"https:\/\/www.bold-black.109-235-60-67.plesk.page\/hu\/wp-json\/wp\/v2\/mphb_room_type_facility?post=8530"}],"curies":[{"name":"wp","href":"https:\/\/api.w.org\/{rel}","templated":true}]}}