{"id":8524,"date":"2024-07-16T11:11:17","date_gmt":"2024-07-16T09:11:17","guid":{"rendered":"https:\/\/www.huettenpartner.eu\/accommodation\/ans-stm\/"},"modified":"2024-12-05T15:15:15","modified_gmt":"2024-12-05T13:15:15","slug":"ans-stm","status":"publish","type":"mphb_room_type","link":"https:\/\/www.bold-black.109-235-60-67.plesk.page\/hu\/accommodation\/ans-stm\/","title":{"rendered":"ANS-STM"},"content":{"rendered":"<p><strong>Selbstversorgerhaus f\u00fcr 6 &#8211; 8 Personen<br>3 db k\u00e9t\u00e1gyas szoba<br>1 kanap\u00e9<br>1 zuhanyz\u00f3\/WC, 1 WC, zuhanyz\u00f3<br>Szauna, zuhanyz\u00f3<br>Lak\u00f3ter\u00fclet 90 m\u00b2<br>Magass\u00e1g 900 m<br>Aut\u00f3val megk\u00f6zel\u00edthet\u0151<br>H\u00e1zi\u00e1llat sz\u00edvesen<\/strong><\/p>\n\n\n\n<p><a href=\"https:\/\/www.huettenpartner.com\/service\/huettenanfrage.html?t=1&amp;ncm-hp-token=ANS-STM&amp;code=ANS-STM&amp;cal_von=&amp;cal_bis=\"><\/a><\/p>\n\n\n\n<p><\/p>\n\n\n\n<p><strong>Poz\u00edci\u00f3<\/strong><\/p>\n\n\n\n<p>A nyaral\u00f3 az erd\u0151 sz\u00e9l\u00e9n, Retteneggt\u0151l kb 2km-re, csod\u00e1latos, abszol\u00fat csendes helyen tal\u00e1lhat\u00f3. A nyaral\u00f3 alig 1,5 hekt\u00e1ron ter\u00fcl el. A nyaral\u00f3 k\u00f6r\u00fcl kb. A h\u00e1z mellett van egy sz\u00e9pen meg\u0151rz\u00f6tt \u00fcres ist\u00e1ll\u00f3\u00e9p\u00fclet.\u00a0<\/p>\n\n\n\n<p><strong>T\u00e1vols\u00e1gok<\/strong><\/p>\n\n\n\n<p>Rettenegg vend\u00e9gh\u00e1zakkal, fedett uszod\u00e1val (csak ny\u00e1ron), szupermarkettel, \u00fczletekkel 2 km-re. Term\u00e9szetes f\u00fcrd\u0151t\u00f3 2km. Stuhleck vagy Semmering s\u00edter\u00fcletek egyenk\u00e9nt 20 km-re vannak. Sankt Kathrein am Hauenstein kb. 15 perc aut\u00f3\u00fatra. T\u00e9len a h\u00e1z ide\u00e1lis kiindul\u00f3pont azoknak a turist\u00e1knak, akik Stuhlecken, Pretulon vagy Hochwechselen terveznek t\u00far\u00e1kat. Ny\u00e1ron hossz\u00fa t\u00far\u00e1k \u00e9s kir\u00e1ndul\u00e1sok Jogllandon kereszt\u00fcl Hochwechselbe, Stuhleckbe, Pretulba vagy k\u00f6zvetlen\u00fcl a h\u00e1zb\u00f3l Rettenegg v\u00e1ros\u00e1ba. A k\u00f6rny\u00e9ken sz\u00e1mos mountain bike-\u00fatvonal tal\u00e1lhat\u00f3.<\/p>\n\n\n\n<p><strong>felszerel\u00e9s<\/strong><\/p>\n\n\n\n<p>A h\u00e1z 2021-ben lett fel\u00faj\u00edtva, a f\u00f6ldszinten: teljesen felszerelt konyha elektromos t\u0171zhellyel, s\u00fct\u0151vel, fat\u0171zhellyel, h\u0171t\u0151szekr\u00e9nnyel, mosogat\u00f3g\u00e9ppel, k\u00e1v\u00e9f\u0151z\u0151vel, mikrohull\u00e1m\u00fa s\u00fct\u0151vel \u00e9s \u00e9tkez\u0151asztallal. T\u00e9li kert pihen\u0151sarokkal, TV-szoba kanap\u00e9val (ig\u00e9ny szerint 2 f\u0151 r\u00e9sz\u00e9re p\u00f3t\u00e1gy) \u00e9s m\u0171holdas TV. Etet\u0151sz\u00e9k el\u00e9rhet\u0151. F\u00fcrd\u0151szoba zuhanyz\u00f3val, WC. 1 db k\u00e9t\u00e1gyas szoba. Els\u0151 emelet: 1 k\u00e9t\u00e1gyas szoba mosd\u00f3val, 1 k\u00e9t\u00e1gyas szoba zuhanyz\u00f3val, mosd\u00f3val. UG: Szauna veled. A h\u00e1zhoz 3 terasz tartozik pihen\u00e9sre \u00e9s grillez\u00e9sre. Olaj k\u00f6zponti f\u0171t\u00e9s.<\/p>\n\n\n\n<p><strong>Helyi t\u00f6bbletk\u00f6lts\u00e9gek kisebb v\u00e1ltoztat\u00e1sok f\u00fcggv\u00e9ny\u00e9ben<\/strong><\/p>\n\n\n\n<p>Idegenforgalmi ad\u00f3 jelenleg 2,50 \u20ac\/f\u0151\/\u00e9j, villany 0,50 \u20ac\/kwh, fa \u00e1tal\u00e1ny 30 \u20ac\/h\u00e9t, f\u0171t\u00e9si k\u00f6lts\u00e9g t\u00e9len 50 \u20ac\/h\u00e9t. V\u00e9gs\u0151 takar\u00edt\u00e1s 50 \u20ac, h\u00e1zi\u00e1llat 30 \u20ac\/tart\u00f3zkod\u00e1s. \u00c1gynem\u0171 7 \u20ac\/szett, t\u00f6r\u00f6lk\u00f6z\u0151 3 \u20ac b\u00e9relhet\u0151.<\/p>","protected":false},"excerpt":{"rendered":"<p>Selbstversorgerhaus f\u00fcr 6 &#8211; 8 Personen3 Doppelzimmer1 Couch1 DU\/WC, 1 WC, DUSauna, DuscheWohnfl\u00e4che 90 m\u00b2Seeh\u00f6he 900 mMit PKW erreichbarHaustiere willkommen Lage Das Ferienhaus liegt am Waldrand, etwa 2km nach Rettenegg in herrlicher, absolut ruhiger Alleinlage. Das Ferienhaus umfasst eine Grundfl\u00e4che von knapp 1,5 ha. Etwa 1000 m\u00b2 rund um das Ferienhaus sind komplett eingez\u00e4unt. Neben [&hellip;]<\/p>","protected":false},"featured_media":10430,"menu_order":0,"comment_status":"open","ping_status":"open","template":"","mphb_room_type_category":[145,156],"mphb_room_type_tag":[],"mphb_room_type_facility":[185,176,167,198,208,197,159,211,220,143,219,199,127,217,221,214,212,215,216],"class_list":["post-8524","mphb_room_type","type-mphb_room_type","status-publish","has-post-thumbnail","hentry","mphb_room_type_category-almhuette","mphb_room_type_category-steiermark","mphb_room_type_facility-750m","mphb_room_type_facility-1-badezimmer","mphb_room_type_facility-3-schlafzimmer","mphb_room_type_facility-alleinlage","mphb_room_type_facility-familienurlaub","mphb_room_type_facility-geschirrspueler","mphb_room_type_facility-haustiere-ok","mphb_room_type_facility-huettenfeiern","mphb_room_type_facility-langlaufen","mphb_room_type_facility-mit-pkw-erreichbar","mphb_room_type_facility-mountainbiken","mphb_room_type_facility-sat-tv","mphb_room_type_facility-sauna-infrarot","mphb_room_type_facility-seminare-firmenevents","mphb_room_type_facility-skitouren","mphb_room_type_facility-sommerurlaub","mphb_room_type_facility-urlaub-mit-hund","mphb_room_type_facility-wanderherbst","mphb_room_type_facility-winterurlaub","mphb_ra_personen-7-10-personen","mphb-room-type-adults-1","mphb-room-type-children-0",""],"acf":{"export_an_mondial":true,"personen_fur_e-domizil":"8","hutid":"473","hutcode":"ANS-STM","ort":"Rettenegg","plz":"","latitude":"47.517166","longitude":"15.76847"},"_links":{"self":[{"href":"https:\/\/www.bold-black.109-235-60-67.plesk.page\/hu\/wp-json\/wp\/v2\/mphb_room_type\/8524","targetHints":{"allow":["GET"]}}],"collection":[{"href":"https:\/\/www.bold-black.109-235-60-67.plesk.page\/hu\/wp-json\/wp\/v2\/mphb_room_type"}],"about":[{"href":"https:\/\/www.bold-black.109-235-60-67.plesk.page\/hu\/wp-json\/wp\/v2\/types\/mphb_room_type"}],"replies":[{"embeddable":true,"href":"https:\/\/www.bold-black.109-235-60-67.plesk.page\/hu\/wp-json\/wp\/v2\/comments?post=8524"}],"wp:featuredmedia":[{"embeddable":true,"href":"https:\/\/www.bold-black.109-235-60-67.plesk.page\/hu\/wp-json\/wp\/v2\/media\/10430"}],"wp:attachment":[{"href":"https:\/\/www.bold-black.109-235-60-67.plesk.page\/hu\/wp-json\/wp\/v2\/media?parent=8524"}],"wp:term":[{"taxonomy":"mphb_room_type_category","embeddable":true,"href":"https:\/\/www.bold-black.109-235-60-67.plesk.page\/hu\/wp-json\/wp\/v2\/mphb_room_type_category?post=8524"},{"taxonomy":"mphb_room_type_tag","embeddable":true,"href":"https:\/\/www.bold-black.109-235-60-67.plesk.page\/hu\/wp-json\/wp\/v2\/mphb_room_type_tag?post=8524"},{"taxonomy":"mphb_room_type_facility","embeddable":true,"href":"https:\/\/www.bold-black.109-235-60-67.plesk.page\/hu\/wp-json\/wp\/v2\/mphb_room_type_facility?post=8524"}],"curies":[{"name":"wp","href":"https:\/\/api.w.org\/{rel}","templated":true}]}}