{"id":8498,"date":"2024-07-16T09:24:47","date_gmt":"2024-07-16T07:24:47","guid":{"rendered":"https:\/\/www.huettenpartner.eu\/accommodation\/sol-stm\/"},"modified":"2024-12-05T15:15:14","modified_gmt":"2024-12-05T13:15:14","slug":"sol-stm","status":"publish","type":"mphb_room_type","link":"https:\/\/www.bold-black.109-235-60-67.plesk.page\/hu\/accommodation\/sol-stm\/","title":{"rendered":"SOL-STM"},"content":{"rendered":"<p><strong>\u00d6nell\u00e1t\u00f3 kabin 2 f\u0151 r\u00e9sz\u00e9re<br>1 francia\u00e1gy<br>Kis\u00e1gy el\u00e9rhet\u0151<br>1 mell\u00e9k\u00e9p\u00fclet<br>Lak\u00f3ter\u00fclet 40m2<br>Magass\u00e1g 1135 m<br>aut\u00f3val megk\u00f6zel\u00edthet\u0151<br>H\u00e1zi\u00e1llat sz\u00edvesen<\/strong><\/p>\n\n\n\n<p><a href=\"https:\/\/www.huettenpartner.com\/service\/huettenanfrage.html?t=1&amp;ncm-hp-token=SOL-STM&amp;code=SOL-STM&amp;cal_von=&amp;cal_bis=\"><\/a><\/p>\n\n\n\n<p><strong>Poz\u00edci\u00f3<\/strong><\/p>\n\n\n\n<p>A kunyh\u00f3 teljesen idilli helyen, a st\u00e1jer S\u00f6lktalban, az Ennstal mell\u00e9kv\u00f6lgy\u00e9ben tal\u00e1lhat\u00f3. Erd\u0151 sz\u00e9l\u00e9n, patak mellett, r\u00e9tek, erd\u0151 \u00e9s term\u00e9szet veszi k\u00f6r\u00fcl. A k\u00f6zelben van egy ritk\u00e1n lakott kunyh\u00f3, egy\u00e9bk\u00e9nt f\u00e9lrees\u0151 helyen. Itt igaz\u00e1n lehet pihenni, nincs internet \u00e9s a mobiltelefon v\u00e9tel kb. 7 km-re a v\u00f6lgybe megy.<\/p>\n\n\n\n<p><strong>T\u00e1vols\u00e1gok<\/strong><\/p>\n\n\n\n<p>K\u00f6vetkez\u0151 nagyobb v\u00e1ros Stein an der Enns 20km, Alm Potzalm 3km. Kir\u00e1ndul\u00e1sok Schwarzsee-be, n\u00e9h\u00e1ny kezelt alpesi legel\u0151vel k\u00f6zvetlen\u00fcl a kunyh\u00f3b\u00f3l. A k\u00f6rny\u00e9k kiv\u00e1l\u00f3 a hegyi ker\u00e9kp\u00e1roz\u00e1shoz! Tipp sportosoknak: a Tuchmoarbach menti kunyh\u00f3t\u00f3l fel a Hohensee-ig \u00e9s onnan St. Nikolai-ig. Ott felsz\u00e1ll a v\u00f6lgybuszra, amely visszaviszi Kleins\u00f6lktalra. A 4 km-es \u00fat a kunyh\u00f3t\u00f3l a v\u00f6lgyi buszp\u00e1lyaudvarig viszonylag s\u00edk, de aut\u00f3val is lehetett utazni. T\u00e9len \u00f6sszker\u00e9khajt\u00e1s, l\u00e1nc aj\u00e1nlott!<\/p>\n\n\n\n<p><strong>felszerel\u00e9s<\/strong><\/p>\n\n\n\n<p>A kis kunyh\u00f3ban egy nagy, hangulatos szoba tal\u00e1lhat\u00f3 \u00fcl\u0151sarokkal, fat\u0171zhellyel, s\u00fct\u0151vel, 1 francia\u00e1ggyal. K\u00fat \u00e9s foly\u00f3 v\u00edz a kunyh\u00f3 el\u0151tt, vil\u00e1g\u00edt\u00e1s petr\u00f3leuml\u00e1mp\u00e1val vagy gyerty\u00e1val, \u00e1ram nincs. mell\u00e9k\u00e9p\u00fclet. A kunyh\u00f3 el\u0151tt kert tal\u00e1lhat\u00f3 \u00fcl\u0151hellyel \u00e9s grillez\u0151vel a patak mellett. K\u00e9rj\u00fck, hogy \u00e1gynem\u0171t\/t\u00f6r\u00f6lk\u00f6z\u0151t hozzanak magukkal.\u00a0<\/p>\n\n\n\n<p><strong>Helyi t\u00f6bbletk\u00f6lts\u00e9gek kisebb v\u00e1ltoztat\u00e1sok f\u00fcggv\u00e9ny\u00e9ben<\/strong><\/p>\n\n\n\n<p>Idegenforgalmi ad\u00f3 jelenleg 2,50 \u20ac\/f\u0151\/\u00e9j, szem\u00e9td\u00edj 15 \u20ac\/h\u00e9t, fa 30 \u20ac\/h\u00e9t (t\u00e9len 80 \u20ac\/h\u00e9t), v\u00e9gtakar\u00edt\u00e1s 65 \u20ac, h\u00e1zi\u00e1llat 15 \u20ac. \u00c1gynem\u0171\/t\u00f6r\u00fclk\u00f6z\u0151 15 \u20ac\/szett b\u00e9relhet\u0151.<\/p>\n\n\n\n<hr class=\"wp-block-separator has-alpha-channel-opacity\"\/>","protected":false},"excerpt":{"rendered":"<p>Selbstversorgerh\u00fctte f\u00fcr 2 Personen1 DoppelbettKinderbett vorhanden1 PlumpskloWohnfl\u00e4che 40m2Seeh\u00f6he 1.135mmit PKW erreichbarHaustiere willkommen Lage Die H\u00fctte liegt in absolut idyllischer Lage im steirischen S\u00f6lktal, einem Seitental des Ennstales. Am Waldrand, an einem Bach, umgeben von Wiese, Wald und Natur. Eine wenig bewohnte H\u00fctte steht in der N\u00e4he, ansonsten Alleinlage. Hier kommt man so richtig zur Ruhe, [&hellip;]<\/p>","protected":false},"featured_media":9786,"menu_order":0,"comment_status":"open","ping_status":"open","template":"","mphb_room_type_category":[145,156],"mphb_room_type_tag":[],"mphb_room_type_facility":[165,198,159,143,219,209,214,192,213,212,215,216],"class_list":["post-8498","mphb_room_type","type-mphb_room_type","status-publish","has-post-thumbnail","hentry","mphb_room_type_category-almhuette","mphb_room_type_category-steiermark","mphb_room_type_facility-1-schlafzimmer","mphb_room_type_facility-alleinlage","mphb_room_type_facility-haustiere-ok","mphb_room_type_facility-mit-pkw-erreichbar","mphb_room_type_facility-mountainbiken","mphb_room_type_facility-romantikurlaub","mphb_room_type_facility-sommerurlaub","mphb_room_type_facility-teich-bademoeglichkeit","mphb_room_type_facility-urlaub-fuer-allergiker","mphb_room_type_facility-urlaub-mit-hund","mphb_room_type_facility-wanderherbst","mphb_room_type_facility-winterurlaub","mphb_ra_personen-1-6-personen","mphb-room-type-adults-1","mphb-room-type-children-0",""],"acf":{"export_an_mondial":true,"personen_fur_e-domizil":"2","hutid":"491","hutcode":"SOL-STM","ort":"S\u00f6lktal","plz":"","latitude":"47.306929","longitude":"13.933867"},"_links":{"self":[{"href":"https:\/\/www.bold-black.109-235-60-67.plesk.page\/hu\/wp-json\/wp\/v2\/mphb_room_type\/8498","targetHints":{"allow":["GET"]}}],"collection":[{"href":"https:\/\/www.bold-black.109-235-60-67.plesk.page\/hu\/wp-json\/wp\/v2\/mphb_room_type"}],"about":[{"href":"https:\/\/www.bold-black.109-235-60-67.plesk.page\/hu\/wp-json\/wp\/v2\/types\/mphb_room_type"}],"replies":[{"embeddable":true,"href":"https:\/\/www.bold-black.109-235-60-67.plesk.page\/hu\/wp-json\/wp\/v2\/comments?post=8498"}],"wp:featuredmedia":[{"embeddable":true,"href":"https:\/\/www.bold-black.109-235-60-67.plesk.page\/hu\/wp-json\/wp\/v2\/media\/9786"}],"wp:attachment":[{"href":"https:\/\/www.bold-black.109-235-60-67.plesk.page\/hu\/wp-json\/wp\/v2\/media?parent=8498"}],"wp:term":[{"taxonomy":"mphb_room_type_category","embeddable":true,"href":"https:\/\/www.bold-black.109-235-60-67.plesk.page\/hu\/wp-json\/wp\/v2\/mphb_room_type_category?post=8498"},{"taxonomy":"mphb_room_type_tag","embeddable":true,"href":"https:\/\/www.bold-black.109-235-60-67.plesk.page\/hu\/wp-json\/wp\/v2\/mphb_room_type_tag?post=8498"},{"taxonomy":"mphb_room_type_facility","embeddable":true,"href":"https:\/\/www.bold-black.109-235-60-67.plesk.page\/hu\/wp-json\/wp\/v2\/mphb_room_type_facility?post=8498"}],"curies":[{"name":"wp","href":"https:\/\/api.w.org\/{rel}","templated":true}]}}