{"id":8437,"date":"2024-07-16T09:24:41","date_gmt":"2024-07-16T07:24:41","guid":{"rendered":"https:\/\/www.huettenpartner.eu\/accommodation\/sem-stm\/"},"modified":"2024-12-05T15:15:12","modified_gmt":"2024-12-05T13:15:12","slug":"sem-stm","status":"publish","type":"mphb_room_type","link":"https:\/\/www.bold-black.109-235-60-67.plesk.page\/hu\/accommodation\/sem-stm\/","title":{"rendered":"SEM-STM"},"content":{"rendered":"<p><strong>\u00d6nell\u00e1t\u00f3 kabin 4 f\u0151 r\u00e9sz\u00e9re<br>2 k\u00e9t\u00e1gyas h\u00e1l\u00f3szoba<br>1 zuhanyz\u00f3, 1 WC<br>Lak\u00f3ter\u00fclet 106 m2<br>Magass\u00e1g 1140 m<br>aut\u00f3val megk\u00f6zel\u00edthet\u0151<br>H\u00e1zi\u00e1llat k\u00e9r\u00e9sre<\/strong><\/p>\n\n\n\n<p><a href=\"https:\/\/www.huettenpartner.com\/service\/huettenanfrage.html?t=1&amp;ncm-hp-token=SEM-STM&amp;code=SEM-STM&amp;cal_von=&amp;cal_bis=\"><\/a><\/p>\n\n\n\n<p><strong>Poz\u00edci\u00f3<\/strong><\/p>\n\n\n\n<p>A kunyh\u00f3 kb. 20 km-re tal\u00e1lhat\u00f3 Spital am Semmeringt\u0151l, a Fischbach-Alpokban. A kunyh\u00f3 elszigetelt, nagyon csendes \u00e9s napos, csod\u00e1latos kil\u00e1t\u00e1ssal a Pretul al\u00e1, Peter Rosegger erdei otthon\u00e1nak szomsz\u00e9ds\u00e1g\u00e1ban.<\/p>\n\n\n\n<p><strong>T\u00e1vols\u00e1gok<\/strong><\/p>\n\n\n\n<p>Legk\u00f6zelebbi v\u00e1rosok \u00fczletekkel, p\u00e9ks\u00e9ggel, uszod\u00e1val Rettenegg 3km vagy Ratten 6km. S\u00e9tautak k\u00f6zvetlen\u00fcl a kunyh\u00f3b\u00f3l, csod\u00e1latos gomb\u00e1s ter\u00fclet!<\/p>\n\n\n\n<p><strong>felszerel\u00e9s<\/strong><\/p>\n\n\n\n<p>A nemdoh\u00e1nyz\u00f3 kunyh\u00f3 f\u00f6ldszintj\u00e9n tal\u00e1lhat\u00f3 egy nagy nappali \u00fcl\u0151sarokkal \u00e9s m\u0171holdas TV-vel, egy nyitott konyha elektromos t\u0171zhellyel, fat\u0171zhellyel, s\u00fct\u0151vel, h\u0171t\u0151szekr\u00e9nnyel, fagyaszt\u00f3val, mikrohull\u00e1m\u00fa s\u00fct\u0151vel \u00e9s k\u00e1v\u00e9f\u0151z\u0151vel, valamint \u00e9tkez\u0151vel. Olvas\u00f3szoba kanap\u00e9val, csemp\u00e9zett zuhanyz\u00f3, WC. A fels\u0151 szintre l\u00e9pcs\u0151n lehet feljutni. Itt tal\u00e1lhat\u00f3 2 \u00e1gy, \u00e1tj\u00e1r\u00e1s k\u00e9t\u00e1gyas szob\u00e1ba, TV, erk\u00e9ly. F\u0171t\u00e9se fat\u00fczel\u00e9s\u0171 k\u00e1lyh\u00e1val, infra radi\u00e1torral, melegv\u00edz bojlerrel. A kunyh\u00f3 el\u0151tt nagy napoz\u00f3terasz \u00fcl\u0151- \u00e9s nyug\u00e1gyakkal, sz\u00f6k\u0151k\u00fat, kerti grill tal\u00e1lhat\u00f3.<\/p>\n\n\n\n<p><strong>Helyi t\u00f6bbletk\u00f6lts\u00e9gek kisebb v\u00e1ltoztat\u00e1sok f\u00fcggv\u00e9ny\u00e9ben<\/strong><\/p>\n\n\n\n<p>Idegenforgalmi ad\u00f3 jelenleg 2,50 \u20ac\/f\u0151\/\u00e9j, villany 0,40 \u20ac\/kwh, kauci\u00f3 100 \u20ac. Fa \u00e1tal\u00e1ny ig\u00e9ny eset\u00e9n 15 \u20ac\/h\u00e9t. H\u00e1zi\u00e1llat 30 \u20ac\/tart\u00f3zkod\u00e1s. \u00c1gynem\u0171 ig\u00e9ny eset\u00e9n b\u00e9relhet\u0151 7,5 \u20ac \/ garnit\u00fara, t\u00f6r\u00f6lk\u00f6z\u0151k\u00e9szlet 3,50 \u20ac.<\/p>","protected":false},"excerpt":{"rendered":"<p>Selbstversorgerh\u00fctte f\u00fcr 4 Personen2 Zweibettzimmer1 DU, 1 WCWohnfl\u00e4che 106 m2Seeh\u00f6he 1.140mmit PKW erreichbarHaustiere auf Anfrage Lage Die H\u00fctte liegt ca. 20 km von Spital am Semmering, in den Fischbacher Alpen. Die H\u00fctte liegt alleinstehend, sehr ruhig und sonnig mit herrlichem Ausblick unterhalb der Pretul, in Nachbarschaft mit Peter Roseggers Waldheimat. Entfernungen N\u00e4chste Orte mit Gesch\u00e4fte, [&hellip;]<\/p>","protected":false},"featured_media":8647,"menu_order":0,"comment_status":"open","ping_status":"open","template":"","mphb_room_type_category":[145,156],"mphb_room_type_tag":[],"mphb_room_type_facility":[187,176,166,198,208,203,211,143,219,209,199,214,212,215],"class_list":["post-8437","mphb_room_type","type-mphb_room_type","status-publish","has-post-thumbnail","hentry","mphb_room_type_category-almhuette","mphb_room_type_category-steiermark","mphb_room_type_facility-1000m","mphb_room_type_facility-1-badezimmer","mphb_room_type_facility-2-schlafzimmer","mphb_room_type_facility-alleinlage","mphb_room_type_facility-familienurlaub","mphb_room_type_facility-haustiere-auf-anfrage","mphb_room_type_facility-huettenfeiern","mphb_room_type_facility-mit-pkw-erreichbar","mphb_room_type_facility-mountainbiken","mphb_room_type_facility-romantikurlaub","mphb_room_type_facility-sat-tv","mphb_room_type_facility-sommerurlaub","mphb_room_type_facility-urlaub-mit-hund","mphb_room_type_facility-wanderherbst","mphb_ra_personen-1-6-personen","mphb-room-type-adults-1","mphb-room-type-children-0",""],"acf":{"export_an_mondial":true,"personen_fur_e-domizil":"4","hutid":"161","hutcode":"SEM-STM","ort":"Rettenegg","plz":"8190","latitude":"47.528167","longitude":"15.752459"},"_links":{"self":[{"href":"https:\/\/www.bold-black.109-235-60-67.plesk.page\/hu\/wp-json\/wp\/v2\/mphb_room_type\/8437","targetHints":{"allow":["GET"]}}],"collection":[{"href":"https:\/\/www.bold-black.109-235-60-67.plesk.page\/hu\/wp-json\/wp\/v2\/mphb_room_type"}],"about":[{"href":"https:\/\/www.bold-black.109-235-60-67.plesk.page\/hu\/wp-json\/wp\/v2\/types\/mphb_room_type"}],"replies":[{"embeddable":true,"href":"https:\/\/www.bold-black.109-235-60-67.plesk.page\/hu\/wp-json\/wp\/v2\/comments?post=8437"}],"wp:featuredmedia":[{"embeddable":true,"href":"https:\/\/www.bold-black.109-235-60-67.plesk.page\/hu\/wp-json\/wp\/v2\/media\/8647"}],"wp:attachment":[{"href":"https:\/\/www.bold-black.109-235-60-67.plesk.page\/hu\/wp-json\/wp\/v2\/media?parent=8437"}],"wp:term":[{"taxonomy":"mphb_room_type_category","embeddable":true,"href":"https:\/\/www.bold-black.109-235-60-67.plesk.page\/hu\/wp-json\/wp\/v2\/mphb_room_type_category?post=8437"},{"taxonomy":"mphb_room_type_tag","embeddable":true,"href":"https:\/\/www.bold-black.109-235-60-67.plesk.page\/hu\/wp-json\/wp\/v2\/mphb_room_type_tag?post=8437"},{"taxonomy":"mphb_room_type_facility","embeddable":true,"href":"https:\/\/www.bold-black.109-235-60-67.plesk.page\/hu\/wp-json\/wp\/v2\/mphb_room_type_facility?post=8437"}],"curies":[{"name":"wp","href":"https:\/\/api.w.org\/{rel}","templated":true}]}}