{"id":8423,"date":"2024-07-16T09:24:40","date_gmt":"2024-07-16T07:24:40","guid":{"rendered":"https:\/\/www.huettenpartner.eu\/accommodation\/apa-stm\/"},"modified":"2024-12-05T15:15:11","modified_gmt":"2024-12-05T13:15:11","slug":"apa-stm","status":"publish","type":"mphb_room_type","link":"https:\/\/www.bold-black.109-235-60-67.plesk.page\/hu\/accommodation\/apa-stm\/","title":{"rendered":"APA-STM"},"content":{"rendered":"<p><strong>\u00d6nell\u00e1t\u00f3 apartman maximum 10 f\u0151 r\u00e9sz\u00e9re.<br>3 h\u00e1l\u00f3szoba<br>Kis\u00e1gy el\u00e9rhet\u0151<br>1 zuhanyz\u00f3\/WC<br>Lak\u00f3ter\u00fclet 110 m\u00b2<br>Magass\u00e1g 1200 m<br>A s\u00ed- \u00e9s t\u00farater\u00fclet k\u00f6zep\u00e9n<br>Aut\u00f3val megk\u00f6zel\u00edthet\u0151<br>h\u00e1zi\u00e1llat nem megengedett<\/strong><\/p>\n\n\n\n<p><\/p>\n\n\n\n<p><strong>Poz\u00edci\u00f3<\/strong><\/p>\n\n\n\n<p>A 24 000 m\u00b2-es ter\u00fcleten h\u00e9t k\u00e9nyelmes nagy kabin (SEP-STM) 24 f\u0151ig \u00e9s hat luxus kisebb kabin (SPA-STM) 12 f\u0151ig, valamint egy apartmannal ell\u00e1tott fogad\u00f3kabin (APA) -STM) 10 f\u0151ig. Emberek a fels\u0151 szinten, a f\u00f6ldszinten pedig bolt (f\u0151szezonban nyitva) keny\u00e9rszolg\u00e1ltat\u00e1ssal, WiFi-vel, italokkal, p\u00e9k\u00e1ruval, \u00e9lelmiszerrel, cigarett\u00e1val. A kunyh\u00f3k nagyon csendes \u00e9s napos helyen, egy magas fenns\u00edkon tal\u00e1lhat\u00f3k, ahonnan csod\u00e1latos kil\u00e1t\u00e1s ny\u00edlik a k\u00f6rnyez\u0151 hegyekre \u00e9s az Ennstalra.<\/p>\n\n\n\n<p><strong>T\u00e1vols\u00e1gok<\/strong><\/p>\n\n\n\n<p>A kunyh\u00f3k a csal\u00e1dbar\u00e1t Galsterberg s\u00ed- \u00e9s t\u00farater\u00fclet k\u00f6zep\u00e9n tal\u00e1lhat\u00f3k, 5 km-re Pruggern v\u00e1rosa felett. Aut\u00f3val eg\u00e9sz \u00e9vben megk\u00f6zel\u00edthet\u0151. Pruggern az Ennstalban tal\u00e1lhat\u00f3, k\u00f6r\u00fclbel\u00fcl 14 km-re Schladmingt\u00f3l \u00e9s mind\u00f6ssze 100 km-re a fesztiv\u00e1lv\u00e1rost\u00f3l, Salzburgt\u00f3l. Kis bolt a v\u00e1rosban, egy\u00e9bk\u00e9nt szupermarket 10 km-re. A Galsterberg s\u00edter\u00fclet 20 km sz\u00e9les, t\u00f6k\u00e9letesen karbantartott p\u00e1ly\u00e1t k\u00edn\u00e1l, \u00e9s a Schladming-Dachstein s\u00edparadicsom r\u00e9sze, 86 felvon\u00f3val \u00e9s felvon\u00f3val, valamint 152 km gondozott p\u00e1ly\u00e1val, valamint a Ski Amad\u00e9 tagja (t\u00f6bb mint 760 s\u00edb\u00e9rlet). km lejt\u0151 \u00e9s 270 felvon\u00f3 \u00e9s felvon\u00f3). Bej\u00e1rat a Schladming-Dachstein s\u00edparadicsomba a Haus im Ennstalb\u00f3l 10 km-re. A kunyh\u00f3k mellett vezet az 5 km hossz\u00fa, kivil\u00e1g\u00edtott term\u00e9szetes sz\u00e1nk\u00f3p\u00e1lya (Ausztria egyik leghosszabbja)! S\u00ediskola gyermekfel\u00fcgyelettel 300 m-re a v\u00f6lgyben a v\u00f6lgy\u00e1llom\u00e1sn\u00e1l, s\u00edl\u00e9ceken k\u00f6nnyen megk\u00f6zel\u00edthet\u0151. Term\u00e9szetesen lehet\u0151s\u00e9g van s\u00edfut\u00e1sra, h\u00f3talpas t\u00far\u00e1ra \u00e9s lovassz\u00e1noz\u00e1sra is. Lovarda \u00e9s tenisz a helysz\u00ednen. A fogad\u00f3kunyh\u00f3 napoz\u00f3terasza el\u0151tt egy 250 m\u00b2-es f\u00fcrd\u0151t\u00f3 tal\u00e1lhat\u00f3 a csobban\u00e1shoz \u00e9s a j\u00e1t\u00e9khoz, valamint egy kis j\u00e1tsz\u00f3t\u00e9r. Asztalitenisz lehets\u00e9ges. Egy\u00e9bk\u00e9nt f\u00fcrd\u0151t\u00f3 10 km-re, golf 15 km-re vagy rafting 15 km-re van! Magas k\u00f6t\u00e9lp\u00e1lya csapatp\u00e1ly\u00e1val 13 km. Az Alpine Tour Styria ker\u00e9kp\u00e1r\u00fat k\u00f6zvetlen bej\u00e1r\u00e1sa lehets\u00e9ges! Csod\u00e1latos t\u00fara\u00fatvonalak a kezelt alpesi legel\u0151kh\u00f6z k\u00f6zvetlen\u00fcl a h\u00e1zt\u00f3l! T\u00f6lt\u0151\u00e1llom\u00e1s elektromos aut\u00f3j\u00e1hoz (22kw, 2-es t\u00edpus) a helysz\u00ednen!<\/p>\n\n\n\n<p><strong>felszerel\u00e9s<\/strong><\/p>\n\n\n\n<p>\u00d6n a fogad\u00f3kunyh\u00f3 teljes fels\u0151 emelet\u00e9n lakik. A f\u00f6ldszinti bolt \u00e1ltal\u00e1ban 8:00-t\u00f3l 10:00-ig, f\u0151szezonban 16:30-t\u00f3l 18:00-ig tart nyitva. A fennmarad\u00f3 id\u0151ben teljesen egyed\u00fcl vagy a h\u00e1zban. Itt 3 db 2-4 f\u0151s h\u00e1l\u00f3szoba tal\u00e1lhat\u00f3, mindegyikben francia\u00e1gy \u00e9s kih\u00fazhat\u00f3 kanap\u00e9 (160x200cm). 1 f\u00fcrd\u0151szoba zuhanyz\u00f3val\/WC-vel. T\u00e1gas nappali k\u00e9nyelmes kanap\u00e9sarokkal, m\u0171holdas TV-vel, WiFi-vel. \u00c9tkez\u0151asztal, konyhasarok elektromos t\u0171zhellyel, s\u00fct\u0151vel, h\u0171t\u0151vel kis fagyaszt\u00f3val, mosogat\u00f3g\u00e9ppel, k\u00e1v\u00e9f\u0151z\u0151vel \u00e9s mikrohull\u00e1m\u00fa s\u00fct\u0151vel. S\u00f6radagol\u00f3 rendszer (a helysz\u00ednen kaphat\u00f3 hord\u00f3khoz). Ig\u00e9ny szerint etet\u0151sz\u00e9k, kis\u00e1gy (\u00f6sszecsukhat\u00f3 utaz\u00f3\u00e1gy 60x120cm). Kis s\u00edt\u00e1rol\u00f3 elektromos bakancssz\u00e1r\u00edt\u00f3val. Az apartman grillez\u0151vel ell\u00e1tott \u00fcl\u0151sarokkal rendelkezik, a t\u00f3 mellett. K\u00e9rj\u00fck, hogy ne doh\u00e1nyozzon a lak\u00e1sban.<\/p>\n\n\n\n<p><strong>Helyi t\u00f6bbletk\u00f6lts\u00e9gek kisebb v\u00e1ltoztat\u00e1sok f\u00fcggv\u00e9ny\u00e9ben<\/strong><\/p>\n\n\n\n<p>\u00c9jszakai illet\u00e9k 2,50 \u20ac + \u00fczemeltet\u00e9si k\u00f6lts\u00e9g jelenleg 1,00 \u20ac\/f\u0151\/\u00e9j, v\u00e9gtakar\u00edt\u00e1s 120 \u20ac. Kauci\u00f3 400 \u20ac. Ig\u00e9ny eset\u00e9n \u00e1gynem\u0171 8 \u20ac, t\u00f6r\u00f6lk\u00f6z\u0151k\u00e9szlet 4 \u20ac.<\/p>\n\n\n\n<p><strong>K\u00fcl\u00f6nf\u00e9le:<\/strong><\/p>\n\n\n\n<p>Alaprajzi rajz:\u00a0<a href=\"http:\/\/www.huettenpartner.de\/images\/huetten\/grundriss\/APA-STM_DG.jpg\" target=\"_blank\" rel=\"noreferrer noopener\">Lak\u00e1s a tet\u0151t\u00e9rben<\/a><br><br><br><strong>T\u00c9LI SZEZON 2024\/2025<\/strong><br>Folyamatos emel\u0151m\u0171k\u00f6d\u00e9s<br>vom 06. Dezember 2024 &#8211; 30. M\u00e4rz 2025<br><br><br><a href=\"https:\/\/www.facebook.com\/Huettendorf.Pruggern\" target=\"_blank\" rel=\"noreferrer noopener\">Facebook Huttendorf Pruggern<\/a><br><a href=\"https:\/\/www.instagram.com\/huettendorf_pruggern\/\" target=\"_blank\" rel=\"noreferrer noopener\">Instagram Huettendorf Pruggern<\/a><\/p>\n\n\n\n<p><strong>Kezd\u0151lap<\/strong><\/p>\n\n\n\n<p><a href=\"http:\/\/www.huettendorf-pruggern.com\/\" target=\"_blank\" rel=\"noreferrer noopener\">Honlap Huettendorf Pruggern<\/a><\/p>\n\n\n\n<hr class=\"wp-block-separator has-alpha-channel-opacity\"\/>","protected":false},"excerpt":{"rendered":"<p>Selbstversorgerwohnung bis 10 Pers.3 SchlafzimmerKinderbett vorhanden1 DU\/WCWohnfl\u00e4che 110 m\u00b2Seeh\u00f6he 1.200 mMitten im Ski- und WandergebietMit PKW erreichbarHaustiere nicht erlaubt Lage Auf einem Areal von 24.000 m\u00b2 entstanden sieben komfortable gro\u00dfe H\u00fctten (SEP-STM) f\u00fcr bis zu 24 Personen und sechs luxuri\u00f6se kleinere H\u00fctten (SPA-STM) f\u00fcr bis zu 12 Personen, sowie eine Rezeptionsh\u00fctte mit einem Appartement (APA-STM) [&hellip;]<\/p>","protected":false},"featured_media":8661,"menu_order":0,"comment_status":"open","ping_status":"open","template":"","mphb_room_type_category":[148,149,144,156],"mphb_room_type_tag":[],"mphb_room_type_facility":[187,176,167,208,197,210,160,211,220,143,219,199,217,126,221,214,192,215,216,120],"class_list":["post-8423","mphb_room_type","type-mphb_room_type","status-publish","has-post-thumbnail","hentry","mphb_room_type_category-chalet-ferienhaus","mphb_room_type_category-huettendorf","mphb_room_type_category-skihuette","mphb_room_type_category-steiermark","mphb_room_type_facility-1000m","mphb_room_type_facility-1-badezimmer","mphb_room_type_facility-3-schlafzimmer","mphb_room_type_facility-familienurlaub","mphb_room_type_facility-geschirrspueler","mphb_room_type_facility-gruppenurlaub","mphb_room_type_facility-haustiere-nok","mphb_room_type_facility-huettenfeiern","mphb_room_type_facility-langlaufen","mphb_room_type_facility-mit-pkw-erreichbar","mphb_room_type_facility-mountainbiken","mphb_room_type_facility-sat-tv","mphb_room_type_facility-seminare-firmenevents","mphb_room_type_facility-skigebiet","mphb_room_type_facility-skitouren","mphb_room_type_facility-sommerurlaub","mphb_room_type_facility-teich-bademoeglichkeit","mphb_room_type_facility-wanderherbst","mphb_room_type_facility-winterurlaub","mphb_room_type_facility-wlan","mphb_ra_personen-7-10-personen","mphb-room-type-adults-1","mphb-room-type-children-0",""],"acf":{"export_an_mondial":true,"personen_fur_e-domizil":"10","hutid":"8","hutcode":"APA-STM","ort":"Pruggern","plz":"8965","latitude":"47.40185","longitude":"13.864231"},"_links":{"self":[{"href":"https:\/\/www.bold-black.109-235-60-67.plesk.page\/hu\/wp-json\/wp\/v2\/mphb_room_type\/8423","targetHints":{"allow":["GET"]}}],"collection":[{"href":"https:\/\/www.bold-black.109-235-60-67.plesk.page\/hu\/wp-json\/wp\/v2\/mphb_room_type"}],"about":[{"href":"https:\/\/www.bold-black.109-235-60-67.plesk.page\/hu\/wp-json\/wp\/v2\/types\/mphb_room_type"}],"replies":[{"embeddable":true,"href":"https:\/\/www.bold-black.109-235-60-67.plesk.page\/hu\/wp-json\/wp\/v2\/comments?post=8423"}],"wp:featuredmedia":[{"embeddable":true,"href":"https:\/\/www.bold-black.109-235-60-67.plesk.page\/hu\/wp-json\/wp\/v2\/media\/8661"}],"wp:attachment":[{"href":"https:\/\/www.bold-black.109-235-60-67.plesk.page\/hu\/wp-json\/wp\/v2\/media?parent=8423"}],"wp:term":[{"taxonomy":"mphb_room_type_category","embeddable":true,"href":"https:\/\/www.bold-black.109-235-60-67.plesk.page\/hu\/wp-json\/wp\/v2\/mphb_room_type_category?post=8423"},{"taxonomy":"mphb_room_type_tag","embeddable":true,"href":"https:\/\/www.bold-black.109-235-60-67.plesk.page\/hu\/wp-json\/wp\/v2\/mphb_room_type_tag?post=8423"},{"taxonomy":"mphb_room_type_facility","embeddable":true,"href":"https:\/\/www.bold-black.109-235-60-67.plesk.page\/hu\/wp-json\/wp\/v2\/mphb_room_type_facility?post=8423"}],"curies":[{"name":"wp","href":"https:\/\/api.w.org\/{rel}","templated":true}]}}