{"id":7878,"date":"2024-04-25T16:05:13","date_gmt":"2024-04-25T14:05:13","guid":{"rendered":"https:\/\/www.huettenpartner.eu\/?post_type=mphb_room_type&#038;p=7878"},"modified":"2024-12-05T15:15:09","modified_gmt":"2024-12-05T13:15:09","slug":"som-sbg","status":"publish","type":"mphb_room_type","link":"https:\/\/www.bold-black.109-235-60-67.plesk.page\/hu\/accommodation\/som-sbg\/","title":{"rendered":"SOM-SBG"},"content":{"rendered":"<p><strong>\u00d6nell\u00e1t\u00f3 kabin 4 f\u0151 r\u00e9sz\u00e9re<br>2 db k\u00e9t\u00e1gyas szoba<br>P\u00f3t\u00e1gy, kis\u00e1gy lehets\u00e9ges<br>1 WC\/zuhanyz\u00f3<br>Lak\u00f3ter\u00fclet 90 m\u00b2<br>Magass\u00e1g 1400 m<br>aut\u00f3val megk\u00f6zel\u00edthet\u0151<br>H\u00e1zi\u00e1llat sz\u00edvesen<\/strong><\/p>\n\n\n\n<p><a href=\"https:\/\/www.huettenpartner.com\/service\/huettenanfrage.html?t=1&amp;ncm-hp-token=SOM-SBG&amp;code=SOM-SBG&amp;cal_von=&amp;cal_bis=\"><\/a><\/p>\n\n\n\n<p><strong>Poz\u00edci\u00f3<\/strong><\/p>\n\n\n\n<p>Csod\u00e1latos nyugalomban, az alpesi legel\u0151k k\u00f6zep\u00e9n, nagy kertben, a kunyh\u00f3 alatt patak folyik, megk\u00f6zel\u00edt\u00e9se j\u00f3l ki\u00e9p\u00edtett kavicsos \u00faton.\u00a0<\/p>\n\n\n\n<p><strong>T\u00e1vols\u00e1gok<\/strong><\/p>\n\n\n\n<p>Sz\u00e1mtalan t\u00fara\u00fatvonal a k\u00f6zvetlen k\u00f6zelben. T\u00far\u00e1z\u00e1s a Plei\u00dflingbach ment\u00e9n a S\u00fcdwiener H\u00fctte fel\u00e9 (1802 m), majd tov\u00e1bb a Plei\u00dflingkeilbe (2501 m). \u00c9tterem \u00e9s alpesi fogad\u00f3 2km, teny\u00e9sztett alpesi legel\u0151 200m felett. A k\u00f6vetkez\u0151 v\u00e1ros Flachau 9 km. Itt nem csak \u00fczletek \u00e9s \u00e9ttermek tal\u00e1lhat\u00f3k, hanem sz\u00e1mos szabadid\u0151s tev\u00e9kenys\u00e9g is tal\u00e1lhat\u00f3, mint p\u00e9ld\u00e1ul a ny\u00e1ri sz\u00e1nk\u00f3p\u00e1ly\u00e1k, rafting, gokartoz\u00e1s vagy lovagl\u00e1s. Therme Amade 20 km-re.<\/p>\n\n\n\n<p><strong>felszerel\u00e9s<\/strong><\/p>\n\n\n\n<p>A rusztikus alpesi kunyh\u00f3ban rusztikus nappali tal\u00e1lhat\u00f3 cser\u00e9pk\u00e1lyh\u00e1val, pihen\u0151sarok, konyhar\u00e9sz fat\u0171zhellyel, elektromos t\u0171zhellyel (2 lapos), h\u0171t\u0151szekr\u00e9nnyel, k\u00e1v\u00e9f\u0151z\u0151vel \u00e9s v\u00edzforral\u00f3val. 2 k\u00e9t\u00e1gyas szoba, f\u00fcrd\u0151szoba zuhanyz\u00f3val, WC. A kunyh\u00f3 el\u0151tt kert, sz\u00f6k\u0151k\u00fat \u00e9s patak tal\u00e1lhat\u00f3. \u00c9lvezze a b\u00e9k\u00e9t \u00e9s a hegyekre ny\u00edl\u00f3 kil\u00e1t\u00e1st grillez\u00e9s k\u00f6zben. \u00c1gynem\u0171t \u00e9s t\u00f6r\u00f6lk\u00f6z\u0151t hozzanak magukkal.<\/p>\n\n\n\n<p><strong>Helyi t\u00f6bbletk\u00f6lts\u00e9gek kisebb v\u00e1ltoztat\u00e1sok f\u00fcggv\u00e9ny\u00e9ben<\/strong><\/p>\n\n\n\n<p>Villany 0,50 \u20ac\/kwh, fa \u00e1tal\u00e1ny 25 \u20ac\/h\u00e9t, idegenforgalmi ad\u00f3 jelenleg 2 \u20ac\/f\u0151\/\u00e9j.<\/p>","protected":false},"excerpt":{"rendered":"<p>Selbstversorgerh\u00fctte f\u00fcr 4 Personen2 DoppelzimmerZusatzbett, Kinderbett m\u00f6glich1 WC\/DUWohnfl\u00e4che 90m\u00b2Seeh\u00f6he 1.400mmit PKW erreichbarHaustiere willkommen Lage In herrlicher Ruhe, mitten im Almgebiet, in einem gro\u00dfen Garten, unterhalb der H\u00fctte rinnt ein B\u00e4chlein, Zufahrt \u00fcber gut ausgebaute Schotterstra\u00dfe.\u00a0 Entfernungen Unz\u00e4hlige Wanderwege in unmittelbarer Umgebung. Wandern Sie entlang des Plei\u00dflingbaches Richtung S\u00fcdwiener H\u00fctte (1802m) und weiter zum Plei\u00dflingkeil (2501m). [&hellip;]<\/p>","protected":false},"featured_media":7864,"menu_order":0,"comment_status":"open","ping_status":"closed","template":"","mphb_room_type_category":[145,155],"mphb_room_type_tag":[],"mphb_room_type_facility":[186,176,166,208,159,211,143,219,209,214,212,215],"class_list":["post-7878","mphb_room_type","type-mphb_room_type","status-publish","has-post-thumbnail","hentry","mphb_room_type_category-almhuette","mphb_room_type_category-salzburg","mphb_room_type_facility-1250m","mphb_room_type_facility-1-badezimmer","mphb_room_type_facility-2-schlafzimmer","mphb_room_type_facility-familienurlaub","mphb_room_type_facility-haustiere-ok","mphb_room_type_facility-huettenfeiern","mphb_room_type_facility-mit-pkw-erreichbar","mphb_room_type_facility-mountainbiken","mphb_room_type_facility-romantikurlaub","mphb_room_type_facility-sommerurlaub","mphb_room_type_facility-urlaub-mit-hund","mphb_room_type_facility-wanderherbst","mphb_ra_personen-1-6-personen","mphb-room-type-adults-1","mphb-room-type-children-0",""],"acf":{"export_an_mondial":true,"personen_fur_e-domizil":"4","hutid":"168","hutcode":"SOM-SBG","ort":"Flachauwinkl","plz":"5542","latitude":"47.240944","longitude":"13.443328"},"_links":{"self":[{"href":"https:\/\/www.bold-black.109-235-60-67.plesk.page\/hu\/wp-json\/wp\/v2\/mphb_room_type\/7878","targetHints":{"allow":["GET"]}}],"collection":[{"href":"https:\/\/www.bold-black.109-235-60-67.plesk.page\/hu\/wp-json\/wp\/v2\/mphb_room_type"}],"about":[{"href":"https:\/\/www.bold-black.109-235-60-67.plesk.page\/hu\/wp-json\/wp\/v2\/types\/mphb_room_type"}],"replies":[{"embeddable":true,"href":"https:\/\/www.bold-black.109-235-60-67.plesk.page\/hu\/wp-json\/wp\/v2\/comments?post=7878"}],"wp:featuredmedia":[{"embeddable":true,"href":"https:\/\/www.bold-black.109-235-60-67.plesk.page\/hu\/wp-json\/wp\/v2\/media\/7864"}],"wp:attachment":[{"href":"https:\/\/www.bold-black.109-235-60-67.plesk.page\/hu\/wp-json\/wp\/v2\/media?parent=7878"}],"wp:term":[{"taxonomy":"mphb_room_type_category","embeddable":true,"href":"https:\/\/www.bold-black.109-235-60-67.plesk.page\/hu\/wp-json\/wp\/v2\/mphb_room_type_category?post=7878"},{"taxonomy":"mphb_room_type_tag","embeddable":true,"href":"https:\/\/www.bold-black.109-235-60-67.plesk.page\/hu\/wp-json\/wp\/v2\/mphb_room_type_tag?post=7878"},{"taxonomy":"mphb_room_type_facility","embeddable":true,"href":"https:\/\/www.bold-black.109-235-60-67.plesk.page\/hu\/wp-json\/wp\/v2\/mphb_room_type_facility?post=7878"}],"curies":[{"name":"wp","href":"https:\/\/api.w.org\/{rel}","templated":true}]}}