{"id":7713,"date":"2024-04-25T15:21:35","date_gmt":"2024-04-25T13:21:35","guid":{"rendered":"https:\/\/www.huettenpartner.eu\/?post_type=mphb_room_type&#038;p=7713"},"modified":"2024-12-05T15:15:07","modified_gmt":"2024-12-05T13:15:07","slug":"voi-sbg","status":"publish","type":"mphb_room_type","link":"https:\/\/www.bold-black.109-235-60-67.plesk.page\/hu\/accommodation\/voi-sbg\/","title":{"rendered":"VOI-SBG"},"content":{"rendered":"<p><strong>\u00d6nell\u00e1t\u00f3 h\u00e1z 12-22 f\u0151 r\u00e9sz\u00e9re&nbsp;<br>5 k\u00e9t\u00e1gyas, 4 h\u00e1rom\u00e1gyas szoba&nbsp;<br>Kis\u00e1gy, p\u00f3t\u00e1gy lehets\u00e9ges&nbsp;<br>4 zuhanyz\u00f3, 5 WC, szauna&nbsp;<br>Lak\u00f3ter\u00fclet 340 m\u00b2<br>1000 m tengerszint feletti magass\u00e1g&nbsp;<br>Aut\u00f3val megk\u00f6zel\u00edthet\u0151&nbsp;<br>H\u00e1zi\u00e1llat sz\u00edvesen<\/strong><\/p>\n\n\n\n<p><a href=\"https:\/\/www.huettenpartner.com\/service\/huettenanfrage.html?t=1&amp;ncm-hp-token=VOI-SBG&amp;code=VOI-SBG&amp;cal_von=&amp;cal_bis=\"><\/a><\/p>\n\n\n\n<p><strong>Poz\u00edci\u00f3<\/strong><\/p>\n\n\n\n<p>A paraszth\u00e1z a Salzach-v\u00f6lgy felett tal\u00e1lhat\u00f3, csod\u00e1latosan napos, r\u00e9tekkel k\u00f6r\u00fclv\u00e9ve, egy teher\u00fat v\u00e9g\u00e9n. \u00c9v k\u00f6zben a h\u00e1ts\u00f3 ist\u00e1ll\u00f3ban borj\u00fas tehenek vannak, ny\u00e1ron az alpesi legel\u0151n, az ist\u00e1ll\u00f3 pedig \u00fcres.<\/p>\n\n\n\n<p><strong>T\u00e1vols\u00e1gok<\/strong><\/p>\n\n\n\n<p>Mittersill \u00fczletekkel, \u00e9ttermekkel, b\u00e1rokkal 7 km. Legfels\u0151 s\u00edter\u00fclet Kitzb\u00fchel (bej\u00e1rati k\u00f6z\u00e9ps\u0151 \u00e1llom\u00e1s Panoramabahn Hollersbach) 3,5 km-rel fent. Kivil\u00e1g\u00edtott, 14 km hossz\u00fa Bramberg sz\u00e1nk\u00f3p\u00e1lya, Eur\u00f3pa leghosszabb sz\u00e1nk\u00f3p\u00e1ly\u00e1ja, 10 km-en (sz\u00e1nk\u00f3k\u00f6lcs\u00f6nz\u00e9s a helysz\u00ednen), Hollersbach \u00fasz\u00f3t\u00f3 4 km-re. Zell am See 25 km. 18 lyuk\u00fa golfp\u00e1lya 7 km-re. Tauern Spa 27km. A k\u00f6rny\u00e9k ide\u00e1lis s\u00edel\u0151knek, t\u00far\u00e1z\u00f3knak \u00e9s mountain bike-osoknak! A Panoramabahn ide\u00e1lis Kitzb\u00fchel s\u00ed-, t\u00fara- \u00e9s ker\u00e9kp\u00e1ros \u00f6vezet\u00e9nek el\u00e9r\u00e9s\u00e9hez! Aut\u00f3val mind\u00f6ssze 10 km-re van Bramberg, ahol el\u00e9rheti a Wildkogel k\u00f6rny\u00e9k\u00e9t! Keny\u00e9r szolg\u00e1ltat\u00e1s!<\/p>\n\n\n\n<p><strong>felszerel\u00e9s<\/strong><\/p>\n\n\n\n<p>A paraszth\u00e1z folyamatosan fel\u00faj\u00edtott, f\u00f6ldszintj\u00e9n egy nagy konyha \u00fcl\u0151sarokkal \u00e9s cser\u00e9pk\u00e1lyh\u00e1val rendelkezik. T\u00f6k\u00e9letesen felszerelt konyhasarok 2 elektromos t\u0171zhellyel, s\u00fct\u0151vel, h\u0171t\u0151szekr\u00e9nnyel, 2 mosogat\u00f3g\u00e9ppel, mikrohull\u00e1m\u00fa s\u00fct\u0151vel, k\u00e1v\u00e9f\u0151z\u0151vel, v\u00edzforral\u00f3val. Kunyh\u00f3 szoba maximum 22 f\u0151 r\u00e9sz\u00e9re, tov\u00e1bbi TV-szoba m\u0171holdas TV-vel \u00e9s kanap\u00e9val (ig\u00e9ny szerint 2 f\u0151 r\u00e9sz\u00e9re p\u00f3t\u00e1gy). Kamra italh\u0171t\u0151vel \u00e9s fagyaszt\u00f3val. 1 WC. Els\u0151 emelet: 1 k\u00e9t\u00e1gyas szoba, 3 nagy h\u00e1rom\u00e1gyas szoba (francia\u00e1gy + hever\u0151) erk\u00e9llyel, 2 zuhanyz\u00f3, 2 WC. DG: 4 k\u00e9t\u00e1gyas szoba erk\u00e9llyel, 1 h\u00e1rom\u00e1gyas szoba francia\u00e1ggyal + kanap\u00e9val. 2 zuhanyz\u00f3, 2 WC. Szauna relax\u00e1ci\u00f3s helyis\u00e9ggel. Szauna \u00fczemeltet\u00e9s \u00e9rm\u00e9s g\u00e9ppel (1 \u00f3ra kb. 3 \u20ac). F\u0171t\u00e9s villannyal. WiFi, mos\u00f3g\u00e9p, sz\u00e1r\u00edt\u00f3g\u00e9p rendelkez\u00e9sre \u00e1ll. A h\u00e1z el\u0151tt sok r\u00e9t, grillez\u0151, pihen\u0151sarok tal\u00e1lhat\u00f3.<\/p>\n\n\n\n<p><strong>Helyi t\u00f6bbletk\u00f6lts\u00e9gek kisebb v\u00e1ltoztat\u00e1sok f\u00fcggv\u00e9ny\u00e9ben<\/strong><\/p>\n\n\n\n<p>\u00c1tal\u00e1ny\u00e1r 2,50 \u20ac\/f\u0151\/\u00e9j (internet, f\u0171t\u00e9s, villany), idegenforgalmi ad\u00f3 jelenleg 2,00 \u20ac f\u0151\/\u00e9j, v\u00e9gtakar\u00edt\u00e1s 200 \u20ac, h\u00e1zi\u00e1llat 45 \u20ac\/h\u00e9t. Befizet\u00e9s 300 \u20ac. \u00c1gynem\u0171 garnit\u00far\u00e1nk\u00e9nt 10 \u20ac, t\u00f6r\u00f6lk\u00f6z\u0151nk\u00e9nt 3 \u20ac b\u00e9relhet\u0151. P\u00f3t\u00e1gy 15 \u20ac\/\u00e9j.<\/p>\n\n\n\n<p><strong>K\u00fcl\u00f6nf\u00e9le:<\/strong><\/p>\n\n\n\n<p>P\u00f3t\u00e1gy 15 \u20ac\/\u00e9j<\/p>","protected":false},"excerpt":{"rendered":"<p>Selbstversorgerhaus f\u00fcr 12 bis 22 Personen&nbsp;5 Doppel-, 4 Dreibettzimmer&nbsp;Kinderbett, Zusatzbett vorhanden&nbsp;4 DU, 5 WC, Sauna&nbsp;Wohnfl\u00e4che 340m\u00b2Seeh\u00f6he 1.000m&nbsp;Mit PKW erreichbar&nbsp;Haustiere willkommen Lage Das Bauernhaus liegt \u00fcber dem Salzachtal, wunderbar sonnig, umgeben von Wiesen, am Ende eines G\u00fcterweges. Unterm Jahr sind im r\u00fcckseitig gelegenen Stall K\u00fche mit K\u00e4lbchen, im Sommer sind diese auf der Alm und der [&hellip;]<\/p>","protected":false},"featured_media":7680,"menu_order":0,"comment_status":"open","ping_status":"closed","template":"","mphb_room_type_category":[145,148,155],"mphb_room_type_tag":[],"mphb_room_type_facility":[179,173,208,197,210,159,211,220,143,219,199,217,221,214,212,215,196,216,120],"class_list":["post-7713","mphb_room_type","type-mphb_room_type","status-publish","has-post-thumbnail","hentry","mphb_room_type_category-almhuette","mphb_room_type_category-chalet-ferienhaus","mphb_room_type_category-salzburg","mphb_room_type_facility-4-badezimmer","mphb_room_type_facility-9-schlafzimmer","mphb_room_type_facility-familienurlaub","mphb_room_type_facility-geschirrspueler","mphb_room_type_facility-gruppenurlaub","mphb_room_type_facility-haustiere-ok","mphb_room_type_facility-huettenfeiern","mphb_room_type_facility-langlaufen","mphb_room_type_facility-mit-pkw-erreichbar","mphb_room_type_facility-mountainbiken","mphb_room_type_facility-sat-tv","mphb_room_type_facility-seminare-firmenevents","mphb_room_type_facility-skitouren","mphb_room_type_facility-sommerurlaub","mphb_room_type_facility-urlaub-mit-hund","mphb_room_type_facility-wanderherbst","mphb_room_type_facility-waschmaschine","mphb_room_type_facility-winterurlaub","mphb_room_type_facility-wlan","mphb_ra_personen-20-und-mehr-personen","mphb-room-type-adults-1","mphb-room-type-children-0",""],"acf":{"export_an_mondial":true,"personen_fur_e-domizil":"22","hutid":"283","hutcode":"VOI-SBG","ort":"Mittersill","plz":"5730","latitude":"47.289265","longitude":"12.442735"},"_links":{"self":[{"href":"https:\/\/www.bold-black.109-235-60-67.plesk.page\/hu\/wp-json\/wp\/v2\/mphb_room_type\/7713","targetHints":{"allow":["GET"]}}],"collection":[{"href":"https:\/\/www.bold-black.109-235-60-67.plesk.page\/hu\/wp-json\/wp\/v2\/mphb_room_type"}],"about":[{"href":"https:\/\/www.bold-black.109-235-60-67.plesk.page\/hu\/wp-json\/wp\/v2\/types\/mphb_room_type"}],"replies":[{"embeddable":true,"href":"https:\/\/www.bold-black.109-235-60-67.plesk.page\/hu\/wp-json\/wp\/v2\/comments?post=7713"}],"wp:featuredmedia":[{"embeddable":true,"href":"https:\/\/www.bold-black.109-235-60-67.plesk.page\/hu\/wp-json\/wp\/v2\/media\/7680"}],"wp:attachment":[{"href":"https:\/\/www.bold-black.109-235-60-67.plesk.page\/hu\/wp-json\/wp\/v2\/media?parent=7713"}],"wp:term":[{"taxonomy":"mphb_room_type_category","embeddable":true,"href":"https:\/\/www.bold-black.109-235-60-67.plesk.page\/hu\/wp-json\/wp\/v2\/mphb_room_type_category?post=7713"},{"taxonomy":"mphb_room_type_tag","embeddable":true,"href":"https:\/\/www.bold-black.109-235-60-67.plesk.page\/hu\/wp-json\/wp\/v2\/mphb_room_type_tag?post=7713"},{"taxonomy":"mphb_room_type_facility","embeddable":true,"href":"https:\/\/www.bold-black.109-235-60-67.plesk.page\/hu\/wp-json\/wp\/v2\/mphb_room_type_facility?post=7713"}],"curies":[{"name":"wp","href":"https:\/\/api.w.org\/{rel}","templated":true}]}}