{"id":7416,"date":"2024-04-25T12:12:39","date_gmt":"2024-04-25T10:12:39","guid":{"rendered":"https:\/\/www.huettenpartner.eu\/?post_type=mphb_room_type&#038;p=7416"},"modified":"2024-12-05T15:15:05","modified_gmt":"2024-12-05T13:15:05","slug":"ont-sbg","status":"publish","type":"mphb_room_type","link":"https:\/\/www.bold-black.109-235-60-67.plesk.page\/hu\/accommodation\/ont-sbg\/","title":{"rendered":"ONT-SBG"},"content":{"rendered":"<p><strong>\u00d6nell\u00e1t\u00f3 kabin 9 f\u0151 r\u00e9sz\u00e9re<br>9 \u00e1gy<br>1 zuhanyz\u00f3\/WC<br>Lak\u00f3ter\u00fclet 70 m\u00b2<br>Magass\u00e1g 1400 m<br>3 halast\u00f3<br>aut\u00f3val megk\u00f6zel\u00edthet\u0151<br>H\u00e1zi\u00e1llat sz\u00edvesen<\/strong><\/p>\n\n\n\n<p><a href=\"https:\/\/www.huettenpartner.com\/service\/huettenanfrage.html?t=1&amp;ncm-hp-token=ONT-SBG&amp;code=ONT-SBG&amp;cal_von=&amp;cal_bis=\"><\/a><\/p>\n\n\n\n<p><strong>Poz\u00edci\u00f3<\/strong><\/p>\n\n\n\n<p>A kunyh\u00f3 Salzburg tartom\u00e1ny d\u00e9li r\u00e9sz\u00e9n, Lungauban tal\u00e1lhat\u00f3. Erd\u0151 k\u00f6zep\u00e9n, csod\u00e1latos bogy\u00f3s \u00e9s gomb\u00e1s ter\u00fcleten, 3 halast\u00f3 veszi k\u00f6r\u00fcl. Ez a mag\u00e1nyos hely optim\u00e1lis felt\u00e9tele a sok nyugalomnak \u00e9s kikapcsol\u00f3d\u00e1snak.<\/p>\n\n\n\n<p><strong>T\u00e1vols\u00e1gok<\/strong><\/p>\n\n\n\n<p>A k\u00f6vetkez\u0151 v\u00e1ros Zederhaus bev\u00e1s\u00e1rl\u00e1shoz, \u00fczletekkel \u00e9s fogad\u00f3val 3 km. S\u00e9tautak k\u00f6zvetlen\u00fcl a kunyh\u00f3b\u00f3l. \u00dasz\u00f3medence, tenisz, ker\u00e9kp\u00e1rk\u00f6lcs\u00f6nz\u0151 10 km-re tal\u00e1lhat\u00f3 Szent Mih\u00e1lyban.<\/p>\n\n\n\n<p><strong>felszerel\u00e9s<\/strong><\/p>\n\n\n\n<p>Ez a rusztikus kunyh\u00f3 fel\u00e9p\u00edt\u00e9s\u00e9nek k\u00f6sz\u00f6nhet\u0151en nagyon hangulatos. Egy szob\u00e1b\u00f3l \u00e1ll, \u00e9s a f\u00f6ldszinten tal\u00e1lhat\u00f3: egy kabin pihen\u0151sarokkal, egy be\u00e9p\u00edtett konyha fat\u0171zhellyel \u00e9s egy kandall\u00f3. A f\u00f6ldszinten 2 emeletes \u00e1gy \u00e9s egy egyszem\u00e9lyes \u00e1gy \u00e1ll rendelkez\u00e9sre. F\u00fcrd\u0151szoba zuhanyz\u00f3val \u00e9s WC-vel. L\u00e9pcs\u0151 a tet\u0151t\u00e9rbe, ahol a l\u00e9pcs\u0151t\u0151l balra \u00e9s jobbra egy francia\u00e1gy m\u00e9ret\u0171 h\u00e1l\u00f3szoba tal\u00e1lhat\u00f3. F\u0171t\u00e9s fat\u00fczel\u00e9s\u0171 k\u00e1lyh\u00e1val, napenergi\u00e1val a vil\u00e1g\u00edt\u00e1shoz. A kunyh\u00f3 el\u0151tt romantikus pihen\u0151sarok tal\u00e1lhat\u00f3 a t\u00f3 mellett, grillez\u0151, nyug\u00e1gyak \u00e9s sok \u00e9rintetlen term\u00e9szet. Fogj pisztr\u00e1ngot a k\u00f6rnyez\u0151 3 halast\u00f3b\u00f3l!<\/p>\n\n\n\n<p><strong>Helyi t\u00f6bbletk\u00f6lts\u00e9gek kisebb v\u00e1ltoztat\u00e1sok f\u00fcggv\u00e9ny\u00e9ben<\/strong><\/p>\n\n\n\n<p>Idegenforgalmi ad\u00f3 jelenleg 2,30 \u20ac\/f\u0151\/\u00e9j, v\u00e9gtakar\u00edt\u00e1s 55 \u20ac, h\u00e1zi\u00e1llat 35 \u20ac\/h\u00e9t. \u00c1gynem\u0171 7 \u20ac\/szett b\u00e9relhet\u0151. Hal 3,50 \u20ac\/db.<\/p>","protected":false},"excerpt":{"rendered":"<p>Selbstversorgerh\u00fctte bis 9 Personen9 Betten1 DU\/WCWohnfl\u00e4che 70m\u00b2Seeh\u00f6he 1.400m3 Fischteichemit PKW erreichbarHaustiere willkommen Lage Die H\u00fctte liegt im s\u00fcdlichen Salzburger Land, im Lungau. Mitten im Wald, im herrlichen Beeren- und Schwammerlgebiet, umgeben von 3 Fischteichen. Dieser einsame Ort ist die optimale Voraussetzung f\u00fcr viel Ruhe und Erholung. Entfernungen N\u00e4chster Ort Zederhaus zum Einkaufen, mit Gesch\u00e4ften und [&hellip;]<\/p>","protected":false},"featured_media":7407,"menu_order":0,"comment_status":"open","ping_status":"closed","template":"","mphb_room_type_category":[145,155],"mphb_room_type_tag":[],"mphb_room_type_facility":[186,176,208,191,210,159,211,143,219,214,212,215],"class_list":["post-7416","mphb_room_type","type-mphb_room_type","status-publish","has-post-thumbnail","hentry","mphb_room_type_category-almhuette","mphb_room_type_category-salzburg","mphb_room_type_facility-1250m","mphb_room_type_facility-1-badezimmer","mphb_room_type_facility-familienurlaub","mphb_room_type_facility-fischteich-angeln","mphb_room_type_facility-gruppenurlaub","mphb_room_type_facility-haustiere-ok","mphb_room_type_facility-huettenfeiern","mphb_room_type_facility-mit-pkw-erreichbar","mphb_room_type_facility-mountainbiken","mphb_room_type_facility-sommerurlaub","mphb_room_type_facility-urlaub-mit-hund","mphb_room_type_facility-wanderherbst","mphb_ra_personen-7-10-personen","mphb-room-type-adults-1","mphb-room-type-children-0",""],"acf":{"export_an_mondial":true,"personen_fur_e-domizil":"9","hutid":"129","hutcode":"ONT-SBG","ort":"Lungau-Zederhaus","plz":"5582","latitude":"47.111148","longitude":"13.572691"},"_links":{"self":[{"href":"https:\/\/www.bold-black.109-235-60-67.plesk.page\/hu\/wp-json\/wp\/v2\/mphb_room_type\/7416","targetHints":{"allow":["GET"]}}],"collection":[{"href":"https:\/\/www.bold-black.109-235-60-67.plesk.page\/hu\/wp-json\/wp\/v2\/mphb_room_type"}],"about":[{"href":"https:\/\/www.bold-black.109-235-60-67.plesk.page\/hu\/wp-json\/wp\/v2\/types\/mphb_room_type"}],"replies":[{"embeddable":true,"href":"https:\/\/www.bold-black.109-235-60-67.plesk.page\/hu\/wp-json\/wp\/v2\/comments?post=7416"}],"wp:featuredmedia":[{"embeddable":true,"href":"https:\/\/www.bold-black.109-235-60-67.plesk.page\/hu\/wp-json\/wp\/v2\/media\/7407"}],"wp:attachment":[{"href":"https:\/\/www.bold-black.109-235-60-67.plesk.page\/hu\/wp-json\/wp\/v2\/media?parent=7416"}],"wp:term":[{"taxonomy":"mphb_room_type_category","embeddable":true,"href":"https:\/\/www.bold-black.109-235-60-67.plesk.page\/hu\/wp-json\/wp\/v2\/mphb_room_type_category?post=7416"},{"taxonomy":"mphb_room_type_tag","embeddable":true,"href":"https:\/\/www.bold-black.109-235-60-67.plesk.page\/hu\/wp-json\/wp\/v2\/mphb_room_type_tag?post=7416"},{"taxonomy":"mphb_room_type_facility","embeddable":true,"href":"https:\/\/www.bold-black.109-235-60-67.plesk.page\/hu\/wp-json\/wp\/v2\/mphb_room_type_facility?post=7416"}],"curies":[{"name":"wp","href":"https:\/\/api.w.org\/{rel}","templated":true}]}}