{"id":7325,"date":"2024-04-25T11:28:18","date_gmt":"2024-04-25T09:28:18","guid":{"rendered":"https:\/\/www.huettenpartner.eu\/?post_type=mphb_room_type&#038;p=7325"},"modified":"2024-12-05T15:15:05","modified_gmt":"2024-12-05T13:15:05","slug":"haf-sbg","status":"publish","type":"mphb_room_type","link":"https:\/\/www.bold-black.109-235-60-67.plesk.page\/hu\/accommodation\/haf-sbg\/","title":{"rendered":"HAF-SBG"},"content":{"rendered":"<p><strong>\u00d6nell\u00e1t\u00f3 kabin 10 f\u0151ig<br>1 h\u00e1rom\u00e1gyas, 1 n\u00e9gy\u00e1gyas szoba, gal\u00e9ria<br>Kis\u00e1gy k\u00e9r\u00e9sre<br>1 zuhanyz\u00f3\/WC<br>Lak\u00f3ter\u00fclet 70 m\u00b2<br>Magass\u00e1g 1800 m<br>aut\u00f3val megk\u00f6zel\u00edthet\u0151<br>H\u00e1zi\u00e1llat sz\u00edvesen&nbsp;<\/strong><\/p>\n\n\n\n<p><a href=\"https:\/\/www.huettenpartner.com\/service\/huettenanfrage.html?t=1&amp;ncm-hp-token=HAF-SBG&amp;code=HAF-SBG&amp;cal_von=&amp;cal_bis=\"><\/a><\/p>\n\n\n\n<p><strong>Poz\u00edci\u00f3<\/strong><\/p>\n\n\n\n<p>Csod\u00e1latos, f\u00e9lrees\u0151 helyen, magasan a Wildkogel t\u00farater\u00fcleten, a M\u00fchlbachtal v\u00e9g\u00e9n. A kunyh\u00f3 erdei \u00faton lejjebb 1 km-ig k\u00f6zel\u00edthet\u0151 meg, az utols\u00f3 r\u00e9sz csak gyakorlott embereknek \u00e9s terepj\u00e1r\u00f3knak (magass\u00e1g). A sz\u00e1ll\u00e1sad\u00f3 seg\u00edt az \u00e9rkez\u00e9sben\/t\u00e1voz\u00e1sban.<\/p>\n\n\n\n<p><strong>T\u00e1vols\u00e1gok<\/strong><\/p>\n\n\n\n<p>Bramberg v\u00e1ros \u00fczletekkel 14 km, gondozott kunyh\u00f3, ahol tejet, sajtot, vajat vagy italokat v\u00e1s\u00e1rolhat, \u00e9s alpesi harapnival\u00f3val is er\u0151s\u00edtheti mag\u00e1t, 4 km. A kunyh\u00f3 k\u00f6rny\u00e9ke ide\u00e1lis t\u00far\u00e1z\u00f3knak! Sz\u00e1mtalan kijel\u00f6lt t\u00fara\u00fatvonal vagy ker\u00e9kp\u00e1rt\u00fara tal\u00e1lhat\u00f3. A tapasztalt hegym\u00e1sz\u00f3k a kunyh\u00f3b\u00f3l felm\u00e1szhatj\u00e1k a 2362 m\u00e9ter magas Gro\u00dfer Rettensteint. N\u00e1lunk a k\u0151szikl\u00e1k is felfedezhet\u0151k!<\/p>\n\n\n\n<p><strong>felszerel\u00e9s<\/strong><\/p>\n\n\n\n<p>Die H\u00fctte wurde mit viel Liebe neu ausgebaut und hat im EG: St\u00fcberl mit Sitzecke, K\u00fcchenzeile mit Abwasch, Gaskocher (2 Flammen), K\u00fchlschrank (\u00fcber Solaranlage). Vierbettzimmer mit Doppelstockbett, DU\/WC. Babybett, Hochstuhl auf Anfrage. Von der Stube Aufgang zur Galerie, wo sich 2 Doppelmatratzen befinden, Durchgang in Mansardenkammerl (Dachboden max. Raumh\u00f6he 130cm) mit 3 Schlafpl\u00e4tzen. Gasheizung. Licht \u00fcber Photovoltaikanlage, Laden von Akkus (Handy oder Kamera) m\u00f6glich. Im Brunnen vor der H\u00fctte kann man zus\u00e4tzlich noch im &#8222;Naturk\u00fchlschrank&#8220; die Lebensmittel k\u00fchlen. Vor der H\u00fctte sonniger Sitzplatz, Griller, kleiner Teich, herrliche Aussicht! Bitte in der H\u00fctte nicht rauchen.<\/p>\n\n\n\n<p><strong>Helyi t\u00f6bbletk\u00f6lts\u00e9gek kisebb v\u00e1ltoztat\u00e1sok f\u00fcggv\u00e9ny\u00e9ben<\/strong><\/p>\n\n\n\n<p>\u00c1tal\u00e1ny minimum 100 \u20ac\/h\u00e9t 4 f\u0151 r\u00e9sz\u00e9re 3 \u20ac\/f\u0151\/\u00e9j, v\u00e9gtakar\u00edt\u00e1s 50 \u20ac, idegenforgalmi ad\u00f3 jelenleg 1,60 \u20ac\/f\u0151\/\u00e9j. H\u00e1zi\u00e1llat 40 \u20ac\/h\u00e9t, \u00e1gynem\u0171 7 \u20ac\/t\u00f6r\u00fclk\u00f6z\u0151 3 \u20ac\/szett b\u00e9relhet\u0151. Kauci\u00f3 150,00 \u20ac. T\u00e1rgysz\u00e1m: 50601-000582-2020<\/p>\n\n\n\n<p><strong>K\u00fcl\u00f6nf\u00e9le:<\/strong><\/p>\n\n\n\n<p>T\u00e1rgysz\u00e1m: 50601-000582-2020<\/p>","protected":false},"excerpt":{"rendered":"<p>Selbstversorgerh\u00fctte bis 10 Personen1 Dreibett-, 1 Vierbettzimmer, EmporeKinderbett auf Anfrage1 DU\/WCWohnfl\u00e4che 70m\u00b2Seeh\u00f6he 1.800mmit PKW erreichbarHaustiere willkommen&nbsp; Lage In wunderbarer Alleinlage, hoch oben im Wandergebiet Wildkogel, am Ende des M\u00fchlbachtales. Die H\u00fctte ist bis auf 1km unterhalb \u00fcber eine Forststra\u00dfe erreichbar, letztes St\u00fcck nur f\u00fcr Ge\u00fcbte und Gel\u00e4ndeauto (Bodenfreiheit). Bei An\/Abreise ist der Vermieter behilflich. Entfernungen [&hellip;]<\/p>","protected":false},"featured_media":7300,"menu_order":0,"comment_status":"open","ping_status":"closed","template":"","mphb_room_type_category":[145,155],"mphb_room_type_tag":[],"mphb_room_type_facility":[189,176,166,198,208,210,159,211,143,219,209,214,192,213,212,215],"class_list":["post-7325","mphb_room_type","type-mphb_room_type","status-publish","has-post-thumbnail","hentry","mphb_room_type_category-almhuette","mphb_room_type_category-salzburg","mphb_room_type_facility-1750m","mphb_room_type_facility-1-badezimmer","mphb_room_type_facility-2-schlafzimmer","mphb_room_type_facility-alleinlage","mphb_room_type_facility-familienurlaub","mphb_room_type_facility-gruppenurlaub","mphb_room_type_facility-haustiere-ok","mphb_room_type_facility-huettenfeiern","mphb_room_type_facility-mit-pkw-erreichbar","mphb_room_type_facility-mountainbiken","mphb_room_type_facility-romantikurlaub","mphb_room_type_facility-sommerurlaub","mphb_room_type_facility-teich-bademoeglichkeit","mphb_room_type_facility-urlaub-fuer-allergiker","mphb_room_type_facility-urlaub-mit-hund","mphb_room_type_facility-wanderherbst","mphb_ra_personen-7-10-personen","mphb-room-type-adults-1","mphb-room-type-children-0",""],"acf":{"export_an_mondial":true,"personen_fur_e-domizil":"10","hutid":"416","hutcode":"HAF-SBG","ort":"Neukirchen","plz":"","latitude":"47.307904","longitude":"12.285401"},"_links":{"self":[{"href":"https:\/\/www.bold-black.109-235-60-67.plesk.page\/hu\/wp-json\/wp\/v2\/mphb_room_type\/7325","targetHints":{"allow":["GET"]}}],"collection":[{"href":"https:\/\/www.bold-black.109-235-60-67.plesk.page\/hu\/wp-json\/wp\/v2\/mphb_room_type"}],"about":[{"href":"https:\/\/www.bold-black.109-235-60-67.plesk.page\/hu\/wp-json\/wp\/v2\/types\/mphb_room_type"}],"replies":[{"embeddable":true,"href":"https:\/\/www.bold-black.109-235-60-67.plesk.page\/hu\/wp-json\/wp\/v2\/comments?post=7325"}],"wp:featuredmedia":[{"embeddable":true,"href":"https:\/\/www.bold-black.109-235-60-67.plesk.page\/hu\/wp-json\/wp\/v2\/media\/7300"}],"wp:attachment":[{"href":"https:\/\/www.bold-black.109-235-60-67.plesk.page\/hu\/wp-json\/wp\/v2\/media?parent=7325"}],"wp:term":[{"taxonomy":"mphb_room_type_category","embeddable":true,"href":"https:\/\/www.bold-black.109-235-60-67.plesk.page\/hu\/wp-json\/wp\/v2\/mphb_room_type_category?post=7325"},{"taxonomy":"mphb_room_type_tag","embeddable":true,"href":"https:\/\/www.bold-black.109-235-60-67.plesk.page\/hu\/wp-json\/wp\/v2\/mphb_room_type_tag?post=7325"},{"taxonomy":"mphb_room_type_facility","embeddable":true,"href":"https:\/\/www.bold-black.109-235-60-67.plesk.page\/hu\/wp-json\/wp\/v2\/mphb_room_type_facility?post=7325"}],"curies":[{"name":"wp","href":"https:\/\/api.w.org\/{rel}","templated":true}]}}