{"id":6405,"date":"2024-04-24T15:10:25","date_gmt":"2024-04-24T13:10:25","guid":{"rendered":"https:\/\/www.huettenpartner.eu\/?post_type=mphb_room_type&#038;p=6405"},"modified":"2024-12-05T15:14:58","modified_gmt":"2024-12-05T13:14:58","slug":"lan-sbg","status":"publish","type":"mphb_room_type","link":"https:\/\/www.bold-black.109-235-60-67.plesk.page\/hu\/accommodation\/lan-sbg\/","title":{"rendered":"LAN-SBG"},"content":{"rendered":"<p><strong>8 f\u0151s \u00f6nell\u00e1t\u00f3 kabin<br>2 db k\u00e9t\u00e1gyas szoba, 1 db n\u00e9gy\u00e1gyas szoba<br>1 zuhanyz\u00f3, 1 WC<br>Lak\u00f3ter\u00fclet 90 m\u00b2<br>Magass\u00e1g 1100 m<br>Aut\u00f3val megk\u00f6zel\u00edthet\u0151<br>H\u00e1zi\u00e1llat k\u00e9r\u00e9sre<\/strong><\/p>\n\n\n\n<p><a href=\"https:\/\/www.huettenpartner.com\/service\/huettenanfrage.html?t=1&amp;ncm-hp-token=LAN-SBG&amp;code=LAN-SBG&amp;cal_von=&amp;cal_bis=\"><\/a><\/p>\n\n\n\n<p><strong>Poz\u00edci\u00f3<\/strong><\/p>\n\n\n\n<p>A term\u00e9szetes k\u0151b\u0151l k\u00e9sz\u00fclt kunyh\u00f3 teljesen csendes, csod\u00e1latosan f\u00e9lrees\u0151 helyen, r\u00e9tek k\u00f6zep\u00e9n. Val\u00f3j\u00e1ban nem vagy messze a v\u00e1rost\u00f3l, de m\u00e9gis a term\u00e9szet k\u00f6zep\u00e9n, csod\u00e1latos, sz\u00e9les kil\u00e1t\u00e1ssal Bischofsm\u00fctz\u00e9re, Gosaukammra, Dachsteinre \u00e9s Tennengebirge-re!<\/p>\n\n\n\n<p><strong>T\u00e1vols\u00e1gok<\/strong><\/p>\n\n\n\n<p>A k\u00f6vetkez\u0151 v\u00e1ros St. Martin am Tennengebirge \u00fczletekkel, p\u00e9ks\u00e9ggel, \u00e9ttermekkel 4 km-re. Seepark term\u00e9szetes \u00e9lm\u00e9nyf\u00fcrd\u0151 cs\u00faszd\u00e1val, j\u00e1tsz\u00f3t\u00e9rrel, \u00e9tteremmel \u00e9s 6700 m\u00b2 v\u00edzfel\u00fclettel a v\u00e1rosban! A kunyh\u00f3 ide\u00e1lis kiindul\u00f3pont t\u00far\u00e1khoz \u00e9s mountain bike t\u00far\u00e1khoz, sz\u00e1mos alpesi legel\u0151 \u00e9s kunyh\u00f3 pihen\u00e9sre cs\u00e1b\u00edt! A kunyh\u00f3 t\u00e9len is ide\u00e1lis helyen tal\u00e1lhat\u00f3: St. Martin felvon\u00f3 4 km, Dachstein-West s\u00edter\u00fclet 7 km, Flachau h\u00f3t\u00e9r 15 km (15 perc).<\/p>\n\n\n\n<p><strong>felszerel\u00e9s<\/strong><\/p>\n\n\n\n<p>A kunyh\u00f3ban a f\u00f6ldszinten tal\u00e1lhat\u00f3: kunyh\u00f3szoba pihen\u0151sarokkal \u00e9s kanap\u00e9val a kandall\u00f3 mellett, m\u0171holdas TV, CD lej\u00e1tsz\u00f3, konyhasarok elektromos t\u0171zhellyel, s\u00fct\u0151vel, h\u0171t\u0151szekr\u00e9nnyel, k\u00e1v\u00e9f\u0151z\u0151vel. Zuhany dupla mosd\u00f3val. WC. 1 db k\u00e9t\u00e1gyas szoba. Els\u0151 emelet: 1 k\u00e9t\u00e1gyas szoba, 1 n\u00e9gy\u00e1gyas szoba. F\u0171t\u00e9s kandall\u00f3val vagy villanyt\u0171zhellyel, meleg v\u00edz elektromosan. A kunyh\u00f3 el\u0151tt pihen\u0151sarok, sz\u00f6k\u0151k\u00fat, nyug\u00e1gyak, grills\u00fct\u0151, sz\u00e9les r\u00e9tek \u00e9s csod\u00e1latos kil\u00e1t\u00e1s!<\/p>\n\n\n\n<p><strong>Helyi t\u00f6bbletk\u00f6lts\u00e9gek kisebb v\u00e1ltoztat\u00e1sok f\u00fcggv\u00e9ny\u00e9ben<\/strong><\/p>\n\n\n\n<p>Idegenforgalmi ad\u00f3 jelenleg 2 \u20ac\/f\u0151\/\u00e9j, villany 0,40 \u20ac\/kwh, v\u00e9gtakar\u00edt\u00e1s 80 \u20ac. H\u00e1zi\u00e1llat: 40 \u20ac\/h\u00e9t. \u00c1gynem\u0171garnit\u00fara 7 \u20ac \u00e9s t\u00f6r\u00f6lk\u00f6z\u0151garnit\u00fara 3 \u20ac b\u00e9relhet\u0151. T\u00e9len: fa \u00e1tal\u00e1ny 60 \u20ac\/h\u00e9t.<\/p>","protected":false},"excerpt":{"rendered":"<p>Selbstversorgerh\u00fctte f\u00fcr 8 Personen2 Doppel-, 1 Vierbettzimmer1 DU, 1 WCWohnfl\u00e4che 90m\u00b2Seeh\u00f6he 1.100mMit PKW erreichbarHaustiere auf Anfrage Lage Die aus Naturstein gemauerte H\u00fctte liegt absolut ruhig, in wunderbarer Alleinlage inmitten von Wiesen. Man ist eigentlich nicht weit vom Ort, dennoch mitten in der Natur, mit herrlicher, weiter Aussicht und Blick auf Bischofsm\u00fctze, Gosaukamm, Dachstein und Tennengebirge! [&hellip;]<\/p>","protected":false},"featured_media":6383,"menu_order":0,"comment_status":"open","ping_status":"closed","template":"","mphb_room_type_category":[145,155],"mphb_room_type_tag":[],"mphb_room_type_facility":[187,176,167,198,208,210,203,211,143,219,209,199,214,212,215,216],"class_list":["post-6405","mphb_room_type","type-mphb_room_type","status-publish","has-post-thumbnail","hentry","mphb_room_type_category-almhuette","mphb_room_type_category-salzburg","mphb_room_type_facility-1000m","mphb_room_type_facility-1-badezimmer","mphb_room_type_facility-3-schlafzimmer","mphb_room_type_facility-alleinlage","mphb_room_type_facility-familienurlaub","mphb_room_type_facility-gruppenurlaub","mphb_room_type_facility-haustiere-auf-anfrage","mphb_room_type_facility-huettenfeiern","mphb_room_type_facility-mit-pkw-erreichbar","mphb_room_type_facility-mountainbiken","mphb_room_type_facility-romantikurlaub","mphb_room_type_facility-sat-tv","mphb_room_type_facility-sommerurlaub","mphb_room_type_facility-urlaub-mit-hund","mphb_room_type_facility-wanderherbst","mphb_room_type_facility-winterurlaub","mphb_ra_personen-7-10-personen","mphb-room-type-adults-1","mphb-room-type-children-0",""],"acf":{"export_an_mondial":true,"personen_fur_e-domizil":"8","hutid":"302","hutcode":"LAN-SBG","ort":"St. Martin","plz":"5522","latitude":"47.483359","longitude":"13.381884"},"_links":{"self":[{"href":"https:\/\/www.bold-black.109-235-60-67.plesk.page\/hu\/wp-json\/wp\/v2\/mphb_room_type\/6405","targetHints":{"allow":["GET"]}}],"collection":[{"href":"https:\/\/www.bold-black.109-235-60-67.plesk.page\/hu\/wp-json\/wp\/v2\/mphb_room_type"}],"about":[{"href":"https:\/\/www.bold-black.109-235-60-67.plesk.page\/hu\/wp-json\/wp\/v2\/types\/mphb_room_type"}],"replies":[{"embeddable":true,"href":"https:\/\/www.bold-black.109-235-60-67.plesk.page\/hu\/wp-json\/wp\/v2\/comments?post=6405"}],"wp:featuredmedia":[{"embeddable":true,"href":"https:\/\/www.bold-black.109-235-60-67.plesk.page\/hu\/wp-json\/wp\/v2\/media\/6383"}],"wp:attachment":[{"href":"https:\/\/www.bold-black.109-235-60-67.plesk.page\/hu\/wp-json\/wp\/v2\/media?parent=6405"}],"wp:term":[{"taxonomy":"mphb_room_type_category","embeddable":true,"href":"https:\/\/www.bold-black.109-235-60-67.plesk.page\/hu\/wp-json\/wp\/v2\/mphb_room_type_category?post=6405"},{"taxonomy":"mphb_room_type_tag","embeddable":true,"href":"https:\/\/www.bold-black.109-235-60-67.plesk.page\/hu\/wp-json\/wp\/v2\/mphb_room_type_tag?post=6405"},{"taxonomy":"mphb_room_type_facility","embeddable":true,"href":"https:\/\/www.bold-black.109-235-60-67.plesk.page\/hu\/wp-json\/wp\/v2\/mphb_room_type_facility?post=6405"}],"curies":[{"name":"wp","href":"https:\/\/api.w.org\/{rel}","templated":true}]}}