{"id":6220,"date":"2024-04-24T14:01:45","date_gmt":"2024-04-24T12:01:45","guid":{"rendered":"https:\/\/www.huettenpartner.eu\/?post_type=mphb_room_type&#038;p=6220"},"modified":"2024-12-05T15:14:57","modified_gmt":"2024-12-05T13:14:57","slug":"mic-sbg","status":"publish","type":"mphb_room_type","link":"https:\/\/www.bold-black.109-235-60-67.plesk.page\/hu\/accommodation\/mic-sbg\/","title":{"rendered":"MIC-SBG"},"content":{"rendered":"<p><strong>\u00d6nell\u00e1t\u00f3 kabin 10 f\u0151ig<br>1 n\u00e9gy\u00e1gyas szoba, 1 hat\u00e1gyas szoba<br>Kis\u00e1gy el\u00e9rhet\u0151<br>1 zuhanyz\u00f3\/WC<br>szauna<br>Lak\u00f3ter\u00fclet 70 m\u00b2<br>Magass\u00e1g 1550 m<br>Halast\u00f3<br>aut\u00f3val megk\u00f6zel\u00edthet\u0151<br>H\u00e1zi\u00e1llat sz\u00edvesen<\/strong><\/p>\n\n\n\n<p><a href=\"https:\/\/www.huettenpartner.com\/service\/huettenanfrage.html?t=1&amp;ncm-hp-token=MIC-SBG&amp;code=MIC-SBG&amp;cal_von=&amp;cal_bis=\"><\/a><\/p>\n\n\n\n<p><\/p>\n\n\n\n<p><\/p>\n\n\n\n<p><strong>Poz\u00edci\u00f3<\/strong><\/p>\n\n\n\n<p>A kunyh\u00f3 egy teljesen csendes, f\u00e9lrees\u0151 helyen, csod\u00e1latos kil\u00e1t\u00e1ssal, a lungaui Prebersee term\u00e9szetv\u00e9delmi ter\u00fclet k\u00f6zel\u00e9ben tal\u00e1lhat\u00f3. Febru\u00e1r v\u00e9g\u00e9t\u0151l m\u00e1jus k\u00f6zep\u00e9ig a 2 km-es erdei \u00faton lez\u00e1rva a behajt\u00e1s. A kunyh\u00f3 ekkor m\u00e9g csak gyalogosan k\u00f6zel\u00edthet\u0151 meg.<\/p>\n\n\n\n<p><strong>T\u00e1vols\u00e1gok<\/strong><\/p>\n\n\n\n<p>Az 5,5 hekt\u00e1ros Prebersee, a horg\u00e1szok paradicsoma 2,5 km-re tal\u00e1lhat\u00f3. Tipp: k\u00f6rk\u00f6r\u00f6s t\u00fara\u00fatvonal a t\u00f3 k\u00f6r\u00fcl, hegyi ker\u00e9kp\u00e1ros Preber t\u00fara, kiterjedt s\u00edfut\u00f3 t\u00far\u00e1k, sz\u00e1nk\u00f3z\u00e1s, s\u00edt\u00far\u00e1k. Kezelt kunyh\u00f3 a t\u00f3 mellett 2 km-re tal\u00e1lhat\u00f3 helyi konyh\u00e1val, ny\u00e1ron sz\u00e1mos alpesi legel\u0151 is \u00fczemel. K\u00f6vetkez\u0151 nagyv\u00e1ros Tamsweg 10km. S\u00edter\u00fcletek Speiereck vagy Aineck 20km.<\/p>\n\n\n\n<p><strong>felszerel\u00e9s<\/strong><\/p>\n\n\n\n<p>A kunyh\u00f3ban a f\u00f6ldszinten tal\u00e1lhat\u00f3: hangulatos kunyh\u00f3szoba pihen\u0151sarokkal, kanap\u00e9val, konyhasarok fat\u0171zhellyel, s\u00fct\u0151vel, mosogat\u00e1s. H\u0171v\u00f6s t\u00e1rol\u00f3 pince. 1 zuhanyz\u00f3\/WC. Els\u0151 emelet: 2 nagy h\u00e1l\u00f3szoba, mindegyik 1 francia\u00e1ggyal \u00e9s egyszem\u00e9lyes \u00e1ggyal. F\u0171t\u00e9s fat\u00fczel\u00e9s\u0171 k\u00e1lyh\u00e1val, f\u00fcrd\u0151k\u00e1lyha a melegv\u00edzhez. Napelem 12 volt a f\u00e9nyhez. A kunyh\u00f3 el\u0151tt fedett veranda \u00fcl\u0151hellyel, kert sz\u00f6k\u0151k\u00fattal, grillez\u00e9si lehet\u0151s\u00e9g. A kunyh\u00f3 el\u0151tt rusztikus hord\u00f3szauna tal\u00e1lhat\u00f3. A kunyh\u00f3 alatt halast\u00f3 szikl\u00e1val, sok r\u00e9t, erd\u0151, fahinta - ide\u00e1lis kalandv\u00e1gy\u00f3 gyerekeknek!<\/p>\n\n\n\n<p><strong>Helyi t\u00f6bbletk\u00f6lts\u00e9gek kisebb v\u00e1ltoztat\u00e1sok f\u00fcggv\u00e9ny\u00e9ben<\/strong><\/p>\n\n\n\n<p>Idegenforgalmi ad\u00f3 jelenleg 2,30 \u20ac\/f\u0151\/\u00e9j, v\u00e9gtakar\u00edt\u00e1s 90 \u20ac, fa \u00e1tal\u00e1ny 50 \u20ac. Csatorna \u00e1tal\u00e1ny 50 \u20ac\/h\u00e9t. \u00c1gynem\u0171 10 \u20ac\/szett b\u00e9relhet\u0151. H\u00e1zi\u00e1llat 50 \u20ac\/h\u00e9t. T\u00e9l: H\u00f3eltakar\u00edt\u00e1s \u00e1tal\u00e1nyd\u00edjas 50 \u20ac\/h\u00e9t. Hal 6 \u20ac\/db<\/p>","protected":false},"excerpt":{"rendered":"<p>Selbstversorgerh\u00fctte bis 10 Personen1 Vierbett-, 1 SechsbettzimmerKinderbett vorhanden1 DU\/WCSaunaWohnfl\u00e4che 70m\u00b2Seeh\u00f6he 1.550mFischteichmit PKW erreichbarHaustiere willkommen Lage Die H\u00fctte liegt in absolut ruhiger Alleinlage, mit herrlicher Fernsicht, nahe des Naturschutzgebietes Prebersee im Lungau. Ende Februar bis Mitte Mai ist die Zufahrt \u00fcber den 2km Forstweg gesperrt. Die H\u00fctte ist dann zu dieser Zeit nur zu Fu\u00df erreichbar. [&hellip;]<\/p>","protected":false},"featured_media":6201,"menu_order":0,"comment_status":"open","ping_status":"closed","template":"","mphb_room_type_category":[145,148,155],"mphb_room_type_tag":[],"mphb_room_type_facility":[188,176,166,198,208,191,210,159,211,220,143,219,209,127,221,214,213,212,215,216],"class_list":["post-6220","mphb_room_type","type-mphb_room_type","status-publish","has-post-thumbnail","hentry","mphb_room_type_category-almhuette","mphb_room_type_category-chalet-ferienhaus","mphb_room_type_category-salzburg","mphb_room_type_facility-1500m","mphb_room_type_facility-1-badezimmer","mphb_room_type_facility-2-schlafzimmer","mphb_room_type_facility-alleinlage","mphb_room_type_facility-familienurlaub","mphb_room_type_facility-fischteich-angeln","mphb_room_type_facility-gruppenurlaub","mphb_room_type_facility-haustiere-ok","mphb_room_type_facility-huettenfeiern","mphb_room_type_facility-langlaufen","mphb_room_type_facility-mit-pkw-erreichbar","mphb_room_type_facility-mountainbiken","mphb_room_type_facility-romantikurlaub","mphb_room_type_facility-sauna-infrarot","mphb_room_type_facility-skitouren","mphb_room_type_facility-sommerurlaub","mphb_room_type_facility-urlaub-fuer-allergiker","mphb_room_type_facility-urlaub-mit-hund","mphb_room_type_facility-wanderherbst","mphb_room_type_facility-winterurlaub","mphb_ra_personen-7-10-personen","mphb-room-type-adults-1","mphb-room-type-children-0",""],"acf":{"export_an_mondial":true,"personen_fur_e-domizil":"10","hutid":"273","hutcode":"MIC-SBG","ort":"Lungau-Prebersee","plz":"5580","latitude":"47.17031","longitude":"13.858682"},"_links":{"self":[{"href":"https:\/\/www.bold-black.109-235-60-67.plesk.page\/hu\/wp-json\/wp\/v2\/mphb_room_type\/6220","targetHints":{"allow":["GET"]}}],"collection":[{"href":"https:\/\/www.bold-black.109-235-60-67.plesk.page\/hu\/wp-json\/wp\/v2\/mphb_room_type"}],"about":[{"href":"https:\/\/www.bold-black.109-235-60-67.plesk.page\/hu\/wp-json\/wp\/v2\/types\/mphb_room_type"}],"replies":[{"embeddable":true,"href":"https:\/\/www.bold-black.109-235-60-67.plesk.page\/hu\/wp-json\/wp\/v2\/comments?post=6220"}],"wp:featuredmedia":[{"embeddable":true,"href":"https:\/\/www.bold-black.109-235-60-67.plesk.page\/hu\/wp-json\/wp\/v2\/media\/6201"}],"wp:attachment":[{"href":"https:\/\/www.bold-black.109-235-60-67.plesk.page\/hu\/wp-json\/wp\/v2\/media?parent=6220"}],"wp:term":[{"taxonomy":"mphb_room_type_category","embeddable":true,"href":"https:\/\/www.bold-black.109-235-60-67.plesk.page\/hu\/wp-json\/wp\/v2\/mphb_room_type_category?post=6220"},{"taxonomy":"mphb_room_type_tag","embeddable":true,"href":"https:\/\/www.bold-black.109-235-60-67.plesk.page\/hu\/wp-json\/wp\/v2\/mphb_room_type_tag?post=6220"},{"taxonomy":"mphb_room_type_facility","embeddable":true,"href":"https:\/\/www.bold-black.109-235-60-67.plesk.page\/hu\/wp-json\/wp\/v2\/mphb_room_type_facility?post=6220"}],"curies":[{"name":"wp","href":"https:\/\/api.w.org\/{rel}","templated":true}]}}