{"id":5428,"date":"2024-04-24T09:53:37","date_gmt":"2024-04-24T07:53:37","guid":{"rendered":"https:\/\/www.huettenpartner.eu\/?post_type=mphb_room_type&#038;p=5428"},"modified":"2024-12-05T15:14:52","modified_gmt":"2024-12-05T13:14:52","slug":"diz-ktn","status":"publish","type":"mphb_room_type","link":"https:\/\/www.bold-black.109-235-60-67.plesk.page\/hu\/accommodation\/diz-ktn\/","title":{"rendered":"DIZ-KTN"},"content":{"rendered":"<p><strong>8 f\u0151s \u00f6nell\u00e1t\u00f3 kabin<br>2 db n\u00e9gy\u00e1gyas szoba<br>1 zuhanyz\u00f3\/WC<br>Lak\u00f3ter\u00fclet 56 m\u00b2<br>Magass\u00e1g 1500 m<br>Aut\u00f3val megk\u00f6zel\u00edthet\u0151<br>H\u00e1zi\u00e1llat sz\u00edvesen<\/strong><\/p>\n\n\n\n<p><a href=\"https:\/\/www.huettenpartner.com\/service\/huettenanfrage.html?t=1&amp;ncm-hp-token=DIZ-KTN&amp;code=DIZ-KTN&amp;cal_von=&amp;cal_bis=\"><\/a><\/p>\n\n\n\n<p><strong>Poz\u00edci\u00f3<\/strong><\/p>\n\n\n\n<p>A kunyh\u00f3 D\u00e9l-Karinti\u00e1ban tal\u00e1lhat\u00f3, k\u00f6zel az olasz hat\u00e1rhoz a Doliza Alm-on, tehenek, lovak \u00e9s n\u00e9h\u00e1ny m\u00e1s alpesi kunyh\u00f3 k\u00f6r\u00fcl a gy\u00f6ny\u00f6r\u0171 term\u00e9szet k\u00f6zep\u00e9n! Megk\u00f6zel\u00edt\u00e9s 9 km hossz\u00fa erdei \u00faton.<\/p>\n\n\n\n<p><strong>T\u00e1vols\u00e1gok<\/strong><\/p>\n\n\n\n<p>K\u00f6vetkez\u0151 v\u00e1ros Vorderberg 9 km, gy\u00f6ny\u00f6r\u0171 t\u00farater\u00fclet a Carnic r\u00e9gi\u00f3n kereszt\u00fcl rusztikus alpesi legel\u0151kkel k\u00f6zvetlen\u00fcl a kunyh\u00f3b\u00f3l, kezelt alpesi legel\u0151 500 m.<\/p>\n\n\n\n<p><strong>felszerel\u00e9s<\/strong><\/p>\n\n\n\n<p>A kunyh\u00f3hoz tartozik egy nagy kunyh\u00f3 \u00fcl\u0151r\u00e9sszel, konyhasarok fat\u0171zhellyel, s\u00fct\u0151vel, g\u00e1zt\u0171zhellyel s\u00fct\u0151vel, g\u00e1zh\u0171t\u0151vel a pinc\u00e9ben. Zuhanyz\u00f3\/WC, 2 h\u00e1l\u00f3szoba mindegyikben 2 dupla emeletes \u00e1ggyal \u00e9s erk\u00e9llyel. Napenergia a f\u00e9ny\u00e9rt. A kunyh\u00f3 el\u0151tt kert tal\u00e1lhat\u00f3 \u00fcl\u0151hellyel \u00e9s grillez\u0151vel. F\u0171t\u00e9s fat\u00fczel\u00e9s\u0171 k\u00e1lyh\u00e1val. \u00c1gynem\u0171t \u00e9s t\u00f6r\u00f6lk\u00f6z\u0151t hozzanak magukkal.<\/p>\n\n\n\n<p><strong>Helyi t\u00f6bbletk\u00f6lts\u00e9gek kisebb v\u00e1ltoztat\u00e1sok f\u00fcggv\u00e9ny\u00e9ben<\/strong><\/p>\n\n\n\n<p>Idegenforgalmi ad\u00f3 jelenleg 1,60 \u20ac\/f\u0151\/\u00e9j<\/p>","protected":false},"excerpt":{"rendered":"<p>Selbstversorgerh\u00fctte f\u00fcr 8 Personen2 Vierbettzimmer1 DU\/WCWohnfl\u00e4che 56m\u00b2Seeh\u00f6he 1.500mMit PKW erreichbarHaustiere willkommen Lage Die H\u00fctte liegt im S\u00fcdlichen K\u00e4rnten, Nahe an der italienischen Grenze auf der Doliza Alm, umgeben von K\u00fchen, Pferden und ein paar weiteren Almh\u00fctten inmitten herrlicher Natur! Zufahrt \u00fcber 9km lange Forststra\u00dfe. Entfernungen N\u00e4chster Ort Vorderberg 9km, sch\u00f6nes Wandergebiet durch die karnische Region [&hellip;]<\/p>","protected":false},"featured_media":5415,"menu_order":0,"comment_status":"open","ping_status":"closed","template":"","mphb_room_type_category":[145,152],"mphb_room_type_tag":[],"mphb_room_type_facility":[188,176,166,208,210,159,211,143,219,214,212,215],"class_list":["post-5428","mphb_room_type","type-mphb_room_type","status-publish","has-post-thumbnail","hentry","mphb_room_type_category-almhuette","mphb_room_type_category-kaernten","mphb_room_type_facility-1500m","mphb_room_type_facility-1-badezimmer","mphb_room_type_facility-2-schlafzimmer","mphb_room_type_facility-familienurlaub","mphb_room_type_facility-gruppenurlaub","mphb_room_type_facility-haustiere-ok","mphb_room_type_facility-huettenfeiern","mphb_room_type_facility-mit-pkw-erreichbar","mphb_room_type_facility-mountainbiken","mphb_room_type_facility-sommerurlaub","mphb_room_type_facility-urlaub-mit-hund","mphb_room_type_facility-wanderherbst","mphb_ra_personen-7-10-personen","mphb-room-type-adults-1","mphb-room-type-children-0",""],"acf":{"export_an_mondial":true,"personen_fur_e-domizil":"8","hutid":"236","hutcode":"DIZ-KTN","ort":"Vorderberg","plz":"9614","latitude":"46.563831","longitude":"13.482491"},"_links":{"self":[{"href":"https:\/\/www.bold-black.109-235-60-67.plesk.page\/hu\/wp-json\/wp\/v2\/mphb_room_type\/5428","targetHints":{"allow":["GET"]}}],"collection":[{"href":"https:\/\/www.bold-black.109-235-60-67.plesk.page\/hu\/wp-json\/wp\/v2\/mphb_room_type"}],"about":[{"href":"https:\/\/www.bold-black.109-235-60-67.plesk.page\/hu\/wp-json\/wp\/v2\/types\/mphb_room_type"}],"replies":[{"embeddable":true,"href":"https:\/\/www.bold-black.109-235-60-67.plesk.page\/hu\/wp-json\/wp\/v2\/comments?post=5428"}],"wp:featuredmedia":[{"embeddable":true,"href":"https:\/\/www.bold-black.109-235-60-67.plesk.page\/hu\/wp-json\/wp\/v2\/media\/5415"}],"wp:attachment":[{"href":"https:\/\/www.bold-black.109-235-60-67.plesk.page\/hu\/wp-json\/wp\/v2\/media?parent=5428"}],"wp:term":[{"taxonomy":"mphb_room_type_category","embeddable":true,"href":"https:\/\/www.bold-black.109-235-60-67.plesk.page\/hu\/wp-json\/wp\/v2\/mphb_room_type_category?post=5428"},{"taxonomy":"mphb_room_type_tag","embeddable":true,"href":"https:\/\/www.bold-black.109-235-60-67.plesk.page\/hu\/wp-json\/wp\/v2\/mphb_room_type_tag?post=5428"},{"taxonomy":"mphb_room_type_facility","embeddable":true,"href":"https:\/\/www.bold-black.109-235-60-67.plesk.page\/hu\/wp-json\/wp\/v2\/mphb_room_type_facility?post=5428"}],"curies":[{"name":"wp","href":"https:\/\/api.w.org\/{rel}","templated":true}]}}