{"id":5376,"date":"2024-04-24T09:34:21","date_gmt":"2024-04-24T07:34:21","guid":{"rendered":"https:\/\/www.huettenpartner.eu\/?post_type=mphb_room_type&#038;p=5376"},"modified":"2024-12-05T15:14:52","modified_gmt":"2024-12-05T13:14:52","slug":"fri-ktn","status":"publish","type":"mphb_room_type","link":"https:\/\/www.bold-black.109-235-60-67.plesk.page\/hu\/accommodation\/fri-ktn\/","title":{"rendered":"FRI-KTN"},"content":{"rendered":"<p><strong>\u00d6nell\u00e1t\u00f3 kabin 6 f\u0151 r\u00e9sz\u00e9re<br>1 db k\u00e9t- \u00e9s 1 db n\u00e9gy\u00e1gyas szoba<br>Zuhany\/WC, szauna, TE<br>Lak\u00f3ter\u00fclet 85 m\u00b2<br>Magass\u00e1g 1230 m<br>aut\u00f3val megk\u00f6zel\u00edthet\u0151<br>H\u00e1zi\u00e1llat sz\u00edvesen<\/strong><\/p>\n\n\n\n<p><a href=\"https:\/\/www.huettenpartner.com\/service\/huettenanfrage.html?t=1&amp;ncm-hp-token=FRI-KTN&amp;code=FRI-KTN&amp;cal_von=&amp;cal_bis=\"><\/a><\/p>\n\n\n\n<p><\/p>\n\n\n\n<p><strong>Poz\u00edci\u00f3<\/strong><\/p>\n\n\n\n<p>Teljesen csendes, elszigetelt \u00e9s napos alpesi t\u00e1jjal k\u00f6r\u00fclv\u00e9ve, enyhe lejt\u0151n. Aut\u00f3val megk\u00f6zel\u00edthet\u0151 2 km-es erdei \u00faton. T\u00e9len h\u00f3l\u00e1nc vagy \u00f6sszker\u00e9khajt\u00e1s sz\u00fcks\u00e9ges!<\/p>\n\n\n\n<p><strong>T\u00e1vols\u00e1gok<\/strong><\/p>\n\n\n\n<p>Skialm Klippitzt\u00f6rl s\u00ediskol\u00e1val, s\u00edfut\u00f3 p\u00e1ly\u00e1val, korcsolyap\u00e1ly\u00e1val 13km. Ny\u00e1ron k\u00f6zvetlen\u00fcl a kunyh\u00f3b\u00f3l \u00e9lvezheti a szabadban \u00e9s a t\u00fara\u00fatvonalakat! A Saualm \u00e9s Zirbitz k\u00f6rny\u00e9ke sz\u00e1mtalan kir\u00e1ndul\u00f3helyet k\u00edn\u00e1l. Ny\u00e1ri bobp\u00e1lya \u00e9s kaland via ferrata az eg\u00e9sz csal\u00e1dnak 13km, vezetett lovagl\u00e1s 13km. Bad St. Leonhard \u00fczletei 12 km-re tal\u00e1lhat\u00f3k. Az 5 km-re tal\u00e1lhat\u00f3 4 csillagos sz\u00e1llod\u00e1ban ig\u00e9ny eset\u00e9n, t\u00e9r\u00edt\u00e9s ellen\u00e9ben ig\u00e9nybe veheti a fedett uszod\u00e1t, wellness r\u00e9szleget \u00e9s teniszp\u00e1ly\u00e1t.<\/p>\n\n\n\n<p><strong>felszerel\u00e9s<\/strong><\/p>\n\n\n\n<p>A kunyh\u00f3 f\u00f6ldszintj\u00e9n tal\u00e1lhat\u00f3: konyha elektromos t\u0171zhellyel, s\u00fct\u0151vel, fat\u0171zhellyel, h\u0171t\u0151szekr\u00e9nnyel, k\u00e1v\u00e9f\u0151z\u0151vel \u00e9s \u00e9tkez\u0151vel. Kis nappali kanap\u00e9val \u00e9s m\u0171holdas TV-vel. Zuhanyz\u00f3\/WC, k\u00e9t\u00e1gyas szoba (ifj\u00fas\u00e1gi \u00e1gy 160x190cm). Els\u0151 emelet: 1 n\u00e9gy\u00e1gyas szoba (francia\u00e1gy, 2 egyszem\u00e9lyes \u00e1gy). R\u00e1di\u00f3 el\u00e9rhet\u0151. K\u00edv\u00fclr\u0151l megk\u00f6zel\u00edthet\u0151 pince: szauna zuhanyz\u00f3val \u00e9s pihen\u0151szoba. Pellet k\u00f6zponti f\u0171t\u00e9s, melegv\u00edz bojler (150 liter). A kunyh\u00f3 el\u0151tt fedett pihen\u0151sarok \u00e9s grillez\u0151 tal\u00e1lhat\u00f3.\u00a0<\/p>\n\n\n\n<p><strong>Helyi t\u00f6bbletk\u00f6lts\u00e9gek kisebb v\u00e1ltoztat\u00e1sok f\u00fcggv\u00e9ny\u00e9ben<\/strong><\/p>\n\n\n\n<p>Villany 0,60 \u20ac\/kwh, idegenforgalmi ad\u00f3 jelenleg 2,60 \u20ac\/f\u0151\/\u00e9j, pellet fogyaszt\u00e1s szerint (10 \u20ac\/15kg zs\u00e1k), v\u00e9gtakar\u00edt\u00e1s 50 \u20ac. H\u00e1zi\u00e1llat 30 \u20ac, \u00e1gynem\u0171 b\u00e9relhet\u0151 12 \u20ac\/k\u00e9szlet.<\/p>","protected":false},"excerpt":{"rendered":"<p>Selbstversorgerh\u00fctte f\u00fcr 6 Personen1 Zwei-, 1 VierbettzimmerDU\/WC, Sauna, DUWohnfl\u00e4che 85m\u00b2Seeh\u00f6he 1.230mmit PKW erreichbarHaustiere willkommen Lage V\u00f6llig ruhig, alleinstehend und sonnig umgeben von Almlandschaft in leichter Hanglage. Zufahrt mit PKW \u00fcber 2km Forstweg m\u00f6glich. Im Winter Schneeketten oder Allradantrieb notwendig! Entfernungen Skialm Klippitzt\u00f6rl mit Skischule, Langlaufloipe, Eislaufplatz 13km. Im Sommer genie\u00dfen Sie die freie Natur und [&hellip;]<\/p>","protected":false},"featured_media":5356,"menu_order":0,"comment_status":"open","ping_status":"closed","template":"","mphb_room_type_category":[145,152],"mphb_room_type_tag":[],"mphb_room_type_facility":[187,176,166,198,208,210,159,211,220,143,219,209,199,127,221,214,212,215,216],"class_list":["post-5376","mphb_room_type","type-mphb_room_type","status-publish","has-post-thumbnail","hentry","mphb_room_type_category-almhuette","mphb_room_type_category-kaernten","mphb_room_type_facility-1000m","mphb_room_type_facility-1-badezimmer","mphb_room_type_facility-2-schlafzimmer","mphb_room_type_facility-alleinlage","mphb_room_type_facility-familienurlaub","mphb_room_type_facility-gruppenurlaub","mphb_room_type_facility-haustiere-ok","mphb_room_type_facility-huettenfeiern","mphb_room_type_facility-langlaufen","mphb_room_type_facility-mit-pkw-erreichbar","mphb_room_type_facility-mountainbiken","mphb_room_type_facility-romantikurlaub","mphb_room_type_facility-sat-tv","mphb_room_type_facility-sauna-infrarot","mphb_room_type_facility-skitouren","mphb_room_type_facility-sommerurlaub","mphb_room_type_facility-urlaub-mit-hund","mphb_room_type_facility-wanderherbst","mphb_room_type_facility-winterurlaub","mphb_ra_personen-1-6-personen","mphb-room-type-adults-1","mphb-room-type-children-0",""],"acf":{"export_an_mondial":true,"personen_fur_e-domizil":"6","hutid":"44","hutcode":"FRI-KTN","ort":"Skialm Klippitzt\u00f6rl","plz":"9463","latitude":"46.96754","longitude":"14.748319"},"_links":{"self":[{"href":"https:\/\/www.bold-black.109-235-60-67.plesk.page\/hu\/wp-json\/wp\/v2\/mphb_room_type\/5376","targetHints":{"allow":["GET"]}}],"collection":[{"href":"https:\/\/www.bold-black.109-235-60-67.plesk.page\/hu\/wp-json\/wp\/v2\/mphb_room_type"}],"about":[{"href":"https:\/\/www.bold-black.109-235-60-67.plesk.page\/hu\/wp-json\/wp\/v2\/types\/mphb_room_type"}],"replies":[{"embeddable":true,"href":"https:\/\/www.bold-black.109-235-60-67.plesk.page\/hu\/wp-json\/wp\/v2\/comments?post=5376"}],"wp:featuredmedia":[{"embeddable":true,"href":"https:\/\/www.bold-black.109-235-60-67.plesk.page\/hu\/wp-json\/wp\/v2\/media\/5356"}],"wp:attachment":[{"href":"https:\/\/www.bold-black.109-235-60-67.plesk.page\/hu\/wp-json\/wp\/v2\/media?parent=5376"}],"wp:term":[{"taxonomy":"mphb_room_type_category","embeddable":true,"href":"https:\/\/www.bold-black.109-235-60-67.plesk.page\/hu\/wp-json\/wp\/v2\/mphb_room_type_category?post=5376"},{"taxonomy":"mphb_room_type_tag","embeddable":true,"href":"https:\/\/www.bold-black.109-235-60-67.plesk.page\/hu\/wp-json\/wp\/v2\/mphb_room_type_tag?post=5376"},{"taxonomy":"mphb_room_type_facility","embeddable":true,"href":"https:\/\/www.bold-black.109-235-60-67.plesk.page\/hu\/wp-json\/wp\/v2\/mphb_room_type_facility?post=5376"}],"curies":[{"name":"wp","href":"https:\/\/api.w.org\/{rel}","templated":true}]}}