{"id":5114,"date":"2024-04-23T19:23:12","date_gmt":"2024-04-23T17:23:12","guid":{"rendered":"https:\/\/www.huettenpartner.eu\/?post_type=mphb_room_type&#038;p=5114"},"modified":"2024-12-05T15:14:50","modified_gmt":"2024-12-05T13:14:50","slug":"jag-noe","status":"publish","type":"mphb_room_type","link":"https:\/\/www.bold-black.109-235-60-67.plesk.page\/hu\/accommodation\/jag-noe\/","title":{"rendered":"JAG-NOE"},"content":{"rendered":"<p><strong>\u00d6nell\u00e1t\u00f3 kabin 4 f\u0151 r\u00e9sz\u00e9re<br>1 db k\u00e9t\u00e1gyas szoba<br>1 f\u00fcrd\u0151szoba, 1 wc<br>Lak\u00f3ter\u00fclet 56 m\u00b2<br>Magass\u00e1g 645 m<br>aut\u00f3val megk\u00f6zel\u00edthet\u0151<br>H\u00e1zi\u00e1llat sz\u00edvesen<\/strong><\/p>\n\n\n\n<p><a href=\"https:\/\/www.huettenpartner.com\/service\/huettenanfrage.html?t=1&amp;ncm-hp-token=JAG-NOE&amp;code=JAG-NOE&amp;cal_von=&amp;cal_bis=\"><\/a><\/p>\n\n\n\n<p><strong>Poz\u00edci\u00f3<\/strong><\/p>\n\n\n\n<p>Frankenfels v\u00e1rosa felett a Pielachtalban, csod\u00e1latosan csendes helyen, az erd\u0151 sz\u00e9l\u00e9n, szemben a gazda tany\u00e1j\u00e1val.<\/p>\n\n\n\n<p><strong>T\u00e1vols\u00e1gok<\/strong><\/p>\n\n\n\n<p>A 3 km-re tal\u00e1lhat\u00f3 Frankenfels egy t\u00faraparadicsom Mostviertelben, 80 km jelzett \u00f6sv\u00e9nyekkel, mintegy 40 km-re St. P\u00f6ltent\u0151l d\u00e9lre. Hochb\u00e4rneck s\u00edterep 21 km, Annaberg 30 km \u00e9s h\u00f3viszonyokt\u00f3l f\u00fcgg\u0151en Turmkogel s\u00edter\u00fclet 18 km. Hegym\u00e1sz\u00f3 kert 1 km, mountain bike utak a v\u00e1rost\u00f3l, kinti medence, tenisz 3 km. T\u00fara a kezelt Eibeckalm 2,5 km, Nixh\u00f6hle 4 km.<\/p>\n\n\n\n<p><strong>felszerel\u00e9s<\/strong><\/p>\n\n\n\n<p>A vad\u00e1szh\u00e1z hangulatos nappalival rendelkezik pihen\u0151sarokkal, nyitott kandall\u00f3val \u00e9s ig\u00e9ny eset\u00e9n 2 f\u0151 r\u00e9sz\u00e9re kih\u00fazhat\u00f3 kanap\u00e9val. SAT TV. Kis konyha elektromos t\u0171zhellyel, s\u00fct\u0151vel, h\u0171t\u0151szekr\u00e9nnyel, k\u00e1v\u00e9f\u0151z\u0151vel, v\u00edzforral\u00f3val. K\u00e9t\u00e1gyas szoba. F\u00fcrd\u0151szoba k\u00e1ddal. WC. F\u0171t\u00e9se elektromos vagy f\u00e1val. A kunyh\u00f3 el\u0151tt van egy napos hely, ahol le lehet \u00fclni \u00e9s grillezni.<\/p>\n\n\n\n<p><strong>Helyi t\u00f6bbletk\u00f6lts\u00e9gek kisebb v\u00e1ltoztat\u00e1sok f\u00fcggv\u00e9ny\u00e9ben<\/strong><\/p>\n\n\n\n<p>Idegenforgalmi ad\u00f3 jelenleg 2,50 \u20ac\/f\u0151\/\u00e9j, villany 0,50 \u20ac\/kwh, fa: t\u00e9len 25 \u20ac\/ny\u00e1ron 15 \u20ac\/h\u00e9t. H\u00e1zi\u00e1llat 25 \u20ac\/h\u00e9t, \u00e1gynem\u0171 10 \u20ac\/szett, t\u00f6r\u00f6lk\u00f6z\u0151 5 \u20ac\/szett b\u00e9relhet\u0151.<\/p>","protected":false},"excerpt":{"rendered":"<p>Selbstversorgerh\u00fctte bis 4 Personen1 Doppelzimmer1 Bad, 1 WCWohnfl\u00e4che 56m\u00b2Seeh\u00f6he 645mmit PKW erreichbarHaustiere willkommen Lage Oberhalb vom Ort Frankenfels im Pielachtal, in herrlicher Ruhelage, am Waldrand, gegen\u00fcber dem Hof des Vermieters. Entfernungen Ort Frankenfels in 3km ist ein Wanderparadies im Mostviertel mit 80km markierten Wegen, etwa 40km s\u00fcdlich von St. P\u00f6lten. Skigebiet Hochb\u00e4rneck 21km, Annaberg 30km [&hellip;]<\/p>","protected":false},"featured_media":5102,"menu_order":0,"comment_status":"open","ping_status":"closed","template":"","mphb_room_type_category":[145,153],"mphb_room_type_tag":[],"mphb_room_type_facility":[184,176,165,193,208,159,211,143,219,199,214,212,215,216],"class_list":["post-5114","mphb_room_type","type-mphb_room_type","status-publish","has-post-thumbnail","hentry","mphb_room_type_category-almhuette","mphb_room_type_category-niederoesterreich","mphb_room_type_facility-500m","mphb_room_type_facility-1-badezimmer","mphb_room_type_facility-1-schlafzimmer","mphb_room_type_facility-badewanne","mphb_room_type_facility-familienurlaub","mphb_room_type_facility-haustiere-ok","mphb_room_type_facility-huettenfeiern","mphb_room_type_facility-mit-pkw-erreichbar","mphb_room_type_facility-mountainbiken","mphb_room_type_facility-sat-tv","mphb_room_type_facility-sommerurlaub","mphb_room_type_facility-urlaub-mit-hund","mphb_room_type_facility-wanderherbst","mphb_room_type_facility-winterurlaub","mphb_ra_personen-1-6-personen","mphb-room-type-adults-1","mphb-room-type-children-0",""],"acf":{"export_an_mondial":true,"personen_fur_e-domizil":"4","hutid":"391","hutcode":"JAG-NOE","ort":"Frankenfels","plz":"","latitude":"47.952265","longitude":"15.325194"},"_links":{"self":[{"href":"https:\/\/www.bold-black.109-235-60-67.plesk.page\/hu\/wp-json\/wp\/v2\/mphb_room_type\/5114","targetHints":{"allow":["GET"]}}],"collection":[{"href":"https:\/\/www.bold-black.109-235-60-67.plesk.page\/hu\/wp-json\/wp\/v2\/mphb_room_type"}],"about":[{"href":"https:\/\/www.bold-black.109-235-60-67.plesk.page\/hu\/wp-json\/wp\/v2\/types\/mphb_room_type"}],"replies":[{"embeddable":true,"href":"https:\/\/www.bold-black.109-235-60-67.plesk.page\/hu\/wp-json\/wp\/v2\/comments?post=5114"}],"wp:featuredmedia":[{"embeddable":true,"href":"https:\/\/www.bold-black.109-235-60-67.plesk.page\/hu\/wp-json\/wp\/v2\/media\/5102"}],"wp:attachment":[{"href":"https:\/\/www.bold-black.109-235-60-67.plesk.page\/hu\/wp-json\/wp\/v2\/media?parent=5114"}],"wp:term":[{"taxonomy":"mphb_room_type_category","embeddable":true,"href":"https:\/\/www.bold-black.109-235-60-67.plesk.page\/hu\/wp-json\/wp\/v2\/mphb_room_type_category?post=5114"},{"taxonomy":"mphb_room_type_tag","embeddable":true,"href":"https:\/\/www.bold-black.109-235-60-67.plesk.page\/hu\/wp-json\/wp\/v2\/mphb_room_type_tag?post=5114"},{"taxonomy":"mphb_room_type_facility","embeddable":true,"href":"https:\/\/www.bold-black.109-235-60-67.plesk.page\/hu\/wp-json\/wp\/v2\/mphb_room_type_facility?post=5114"}],"curies":[{"name":"wp","href":"https:\/\/api.w.org\/{rel}","templated":true}]}}