{"id":4370,"date":"2024-04-22T23:13:42","date_gmt":"2024-04-22T21:13:42","guid":{"rendered":"https:\/\/www.huettenpartner.eu\/?post_type=mphb_room_type&#038;p=4370"},"modified":"2024-12-05T15:14:46","modified_gmt":"2024-12-05T13:14:46","slug":"kas-tir","status":"publish","type":"mphb_room_type","link":"https:\/\/www.bold-black.109-235-60-67.plesk.page\/hu\/accommodation\/kas-tir\/","title":{"rendered":"KAS-TIR"},"content":{"rendered":"<p><strong>\u00d6nell\u00e1t\u00f3 kabin 6-10 f\u0151 r\u00e9sz\u00e9re<br>1 szoba k\u00e9tszem\u00e9lyes \u00e1ggyal, 1 szoba 2 k\u00fcl\u00f6n \u00e1ggyal, 1 k\u00f6z\u00f6s szoba<br>Zuhanyz\u00f3, WC<br>Infrakabin<br>Lak\u00f3ter\u00fclet 65 m\u00b2<br>Magass\u00e1g 2000 m<br>aut\u00f3val megk\u00f6zel\u00edthet\u0151<br>H\u00e1zi\u00e1llat sz\u00edvesen<\/strong><\/p>\n\n\n\n<p><a href=\"https:\/\/www.huettenpartner.com\/service\/huettenanfrage.html?t=1&amp;ncm-hp-token=KAS-TIR&amp;code=KAS-TIR&amp;cal_von=&amp;cal_bis=\"><\/a><\/p>\n\n\n\n<p><strong>Poz\u00edci\u00f3<\/strong><\/p>\n\n\n\n<p>A Hohe Tauern leny\u0171g\u00f6z\u0151 h\u00e1tter\u00e9nek k\u00f6zep\u00e9n, egy nagy r\u00e9ten, egyed\u00fcl \u00e1llva csod\u00e1latos kil\u00e1t\u00e1ssal a Gro\u00dfglocknerre! Napos \u00e9s csendes, Ausztria legszebb term\u00e9szeti t\u00e1j\u00e1nak k\u00f6zep\u00e9n, nem messze a s\u00edterept\u0151l, k\u00f6zvetlen\u00fcl a Hohe Tauern Nemzeti Park t\u00fara- \u00e9s ker\u00e9kp\u00e1ros paradicsom\u00e1ban, t\u00f6bb mint k\u00e9tsz\u00e1z 3000 m\u00e9teres cs\u00facs\u00e1val. Sz\u00e9les gleccsermez\u0151k, m\u00e9lyz\u00f6ld hegyi tavak \u00e9s leny\u0171g\u00f6z\u0151 v\u00edzes\u00e9sek jellemzik ezt a gy\u00f6ny\u00f6r\u0171 kult\u00fart\u00e1jat.\u00a0<\/p>\n\n\n\n<p><strong>T\u00e1vols\u00e1gok<\/strong><\/p>\n\n\n\n<p>K\u00f6vetkez\u0151 v\u00e1ros Kals Kelet-Tirolban 7 km-re, Matrei 27 km, Lienz 38 km, Gro\u00dfglockner Resort Kals-Matrei s\u00edter\u00fclet 45 km-es p\u00e1ly\u00e1val \u00e9s 17 modern l\u00e9tes\u00edtm\u00e9nysel 7 km-re. A s\u00edter\u00fclet a legnagyobb Kelet-Tirolban, \u00e9s k\u00fcl\u00f6n\u00f6sen ide\u00e1lis csal\u00e1dok sz\u00e1m\u00e1ra. A s\u00edfut\u00f3k csod\u00e1latos t\u00far\u00e1kat tal\u00e1lhatnak Kals k\u00f6rny\u00e9k\u00e9n, amelyek megkapt\u00e1k a tiroli s\u00edfut\u00f3p\u00e1ly\u00e1k j\u00f3v\u00e1hagy\u00e1si pecs\u00e9tj\u00e9t. A kunyh\u00f3 ide\u00e1lis kiindul\u00f3pontja a Glockner-csoport vagy a Schober-csoport s\u00edt\u00far\u00e1inak. El mersz menni a kir\u00e1lyi k\u00f6r\u00fatra a Gro\u00dfglocknerbe? Ny\u00e1ron a gondol\u00e1val k\u00f6nnyed\u00e9n eljuthat a legjobb kiindul\u00f3pontokhoz hossz\u00fa t\u00far\u00e1khoz. Kals \u00e9s Matrei k\u00f6z\u00f6tt Ausztria legmagasabb hegyei v\u00e1rnak: a 3798 m\u00e9teres Gro\u00dfglockner \u00e9s a 3674 m\u00e9teres Gro\u00dfvenediger. Sz\u00e1mos kezelt alpesi legel\u0151, v\u00edzi \u00f6sv\u00e9ny, v\u00e9gtelen t\u00fara\u00fatvonalak, hegyi tavak \u00e9s l\u00e9legzetel\u00e1ll\u00edt\u00f3 panor\u00e1ma v\u00e1rja \u00d6nt. A gondol\u00e1val biciklivel is nyugodtan fel lehet jutni a cs\u00facsra \u00e9s v\u00e1rhatjuk a sok \u00f6sv\u00e9nyt \u00e9s lejt\u00e9st! 600 m\u00e9terrel a kunyh\u00f3 alatt tal\u00e1lhat\u00f3 a Lucknerhaus, egy fogad\u00f3, ahol hagyom\u00e1nyos finoms\u00e1gokat \u00e9s nemzetk\u00f6zi specialit\u00e1sokat szolg\u00e1lnak fel. J\u00e1tsz\u00f3t\u00e9r, m\u00e1sz\u00f3kert 33 \u00fatvonallal \u00e9s 5 p\u00e1lyahosszal 600 m-en.\u00a0<\/p>\n\n\n\n<p><strong>felszerel\u00e9s<\/strong><\/p>\n\n\n\n<p>A kunyh\u00f3t 2022-ben \u00faj\u00edtott\u00e1k fel, \u00e9s szeretettel, \u00edzl\u00e9sesen b\u0151v\u00edtett\u00e9k. F\u00f6ldszint: hangulatos nappali pihen\u0151sarokkal, kis kanap\u00e9, konyhasarok fat\u0171zhellyel, s\u00fct\u0151vel, ker\u00e1mia f\u0151z\u0151lappal, h\u0171t\u0151szekr\u00e9nnyel, k\u00e1v\u00e9f\u0151z\u0151vel. 1 zuhanyz\u00f3, 1 WC. 1 k\u00e9t\u00e1gyas szoba, 1 szoba emeletes \u00e1ggyal, infrakabin. DG: 6 f\u00e9r\u0151helyes rakt\u00e1r. F\u0171t\u00e9se fat\u00fczel\u00e9s\u0171 k\u00e1lyh\u00e1val \u00e9s infra radi\u00e1torral. F\u00fcrd\u0151szoba padl\u00f3f\u0171t\u00e9s. Ha a h\u0151m\u00e9rs\u00e9klet jelent\u0151sen nulla fok al\u00e1 cs\u00f6kken, el\u0151fordulhat, hogy a v\u00edz m\u00e1r nem j\u00f6n ki a csapb\u00f3l. Ut\u00e1na a helysz\u00ednen van palackos iv\u00f3v\u00edz, a haszn\u00e1lati vizet pedig h\u00f3b\u00f3l kellene olvasztani, mint kor\u00e1bban. A kunyh\u00f3 el\u0151tt egy kert tal\u00e1lhat\u00f3 \u00fcl\u0151hellyel \u00e9s egy grillez\u0151vel, 2 nagy grill hord\u00f3val \u00e9s csod\u00e1latos kil\u00e1t\u00e1ssal. Tavasszal \u00e9s \u0151sszel gyakran legelnek a feh\u00e9r szarvasok k\u00f6zvetlen\u00fcl a kunyh\u00f3 el\u0151tt! Ez a k\u00fcl\u00f6nlegess\u00e9g csak a Gro\u00dfglockner l\u00e1b\u00e1n\u00e1l, Kals k\u00f6zel\u00e9ben \u00e9rhet\u0151 el!\u00a0<\/p>\n\n\n\n<p><strong>Helyi t\u00f6bbletk\u00f6lts\u00e9gek kisebb v\u00e1ltoztat\u00e1sok f\u00fcggv\u00e9ny\u00e9ben<\/strong><\/p>\n\n\n\n<p>Idegenforgalmi ad\u00f3 jelenleg 2 \u20ac\/f\u0151\/\u00e9j, villany 0,40 \u20ac\/kwh, v\u00e9gtakar\u00edt\u00e1s 80 \u20ac, h\u00e1zi\u00e1llat 35 \u20ac. \u00c1gynem\u0171 10 \u20ac\/szett b\u00e9relhet\u0151. Kauci\u00f3 400,00 \u20ac.<br>Fontos \u00e1rinform\u00e1ci\u00f3 ehhez a kunyh\u00f3hoz: heti foglal\u00e1s eset\u00e9n az \u00e1r 7 nap\/6 \u00e9jszaka \u00e9rv\u00e9nyes! \u00c9rkez\u00e9s szombaton 13 \u00f3r\u00e1t\u00f3l de indul\u00e1s p\u00e9nteken (!) 15 \u00f3r\u00e1ig, hogy a takar\u00edt\u00e1st meg lehessen szervezni.<\/p>","protected":false},"excerpt":{"rendered":"<p>Selbstversorgerh\u00fctte f\u00fcr 6 bis zu 10 Personen1 Doppel-, 1 Zweibettzimmer, 1 MehrbettzimmerDusche, WCInfrarotkabineWohnfl\u00e4che 65m\u00b2Seeh\u00f6he 2.000mmit PKW erreichbarHaustiere willkommen Lage Inmitten der beeindruckenden Kulisse der Hohen Tauern, auf einer gro\u00dfen Wiese, alleinstehend mit herrlichem Ausblick auf den Gro\u00dfglockner! Sonnig und ruhig, inmitten der sch\u00f6nsten Naturlandschaft \u00d6sterreichs, unweit vom Skigebiet und direkt im Wander- und Bikeparadies des [&hellip;]<\/p>","protected":false},"featured_media":4351,"menu_order":0,"comment_status":"open","ping_status":"closed","template":"","mphb_room_type_category":[145,157],"mphb_room_type_tag":[],"mphb_room_type_facility":[190,176,166,198,208,210,159,211,220,143,219,209,127,217,221,214,213,212,215,216],"class_list":["post-4370","mphb_room_type","type-mphb_room_type","status-publish","has-post-thumbnail","hentry","mphb_room_type_category-almhuette","mphb_room_type_category-tirol","mphb_room_type_facility-2000m","mphb_room_type_facility-1-badezimmer","mphb_room_type_facility-2-schlafzimmer","mphb_room_type_facility-alleinlage","mphb_room_type_facility-familienurlaub","mphb_room_type_facility-gruppenurlaub","mphb_room_type_facility-haustiere-ok","mphb_room_type_facility-huettenfeiern","mphb_room_type_facility-langlaufen","mphb_room_type_facility-mit-pkw-erreichbar","mphb_room_type_facility-mountainbiken","mphb_room_type_facility-romantikurlaub","mphb_room_type_facility-sauna-infrarot","mphb_room_type_facility-seminare-firmenevents","mphb_room_type_facility-skitouren","mphb_room_type_facility-sommerurlaub","mphb_room_type_facility-urlaub-fuer-allergiker","mphb_room_type_facility-urlaub-mit-hund","mphb_room_type_facility-wanderherbst","mphb_room_type_facility-winterurlaub","mphb_ra_personen-7-10-personen","mphb-room-type-adults-1","mphb-room-type-children-0",""],"acf":{"export_an_mondial":false,"personen_fur_e-domizil":"10","hutid":"476","hutcode":"KAS-TIR","ort":"Kals am Gro\u00dfglockner","plz":"","latitude":"47.019821","longitude":"12.689203"},"_links":{"self":[{"href":"https:\/\/www.bold-black.109-235-60-67.plesk.page\/hu\/wp-json\/wp\/v2\/mphb_room_type\/4370","targetHints":{"allow":["GET"]}}],"collection":[{"href":"https:\/\/www.bold-black.109-235-60-67.plesk.page\/hu\/wp-json\/wp\/v2\/mphb_room_type"}],"about":[{"href":"https:\/\/www.bold-black.109-235-60-67.plesk.page\/hu\/wp-json\/wp\/v2\/types\/mphb_room_type"}],"replies":[{"embeddable":true,"href":"https:\/\/www.bold-black.109-235-60-67.plesk.page\/hu\/wp-json\/wp\/v2\/comments?post=4370"}],"wp:featuredmedia":[{"embeddable":true,"href":"https:\/\/www.bold-black.109-235-60-67.plesk.page\/hu\/wp-json\/wp\/v2\/media\/4351"}],"wp:attachment":[{"href":"https:\/\/www.bold-black.109-235-60-67.plesk.page\/hu\/wp-json\/wp\/v2\/media?parent=4370"}],"wp:term":[{"taxonomy":"mphb_room_type_category","embeddable":true,"href":"https:\/\/www.bold-black.109-235-60-67.plesk.page\/hu\/wp-json\/wp\/v2\/mphb_room_type_category?post=4370"},{"taxonomy":"mphb_room_type_tag","embeddable":true,"href":"https:\/\/www.bold-black.109-235-60-67.plesk.page\/hu\/wp-json\/wp\/v2\/mphb_room_type_tag?post=4370"},{"taxonomy":"mphb_room_type_facility","embeddable":true,"href":"https:\/\/www.bold-black.109-235-60-67.plesk.page\/hu\/wp-json\/wp\/v2\/mphb_room_type_facility?post=4370"}],"curies":[{"name":"wp","href":"https:\/\/api.w.org\/{rel}","templated":true}]}}