{"id":1575,"date":"2024-04-18T11:11:29","date_gmt":"2024-04-18T09:11:29","guid":{"rendered":"https:\/\/www.huettenpartner.eu\/?post_type=mphb_room_type&#038;p=1575"},"modified":"2024-12-05T15:14:44","modified_gmt":"2024-12-05T13:14:44","slug":"mat-sbg","status":"publish","type":"mphb_room_type","link":"https:\/\/www.bold-black.109-235-60-67.plesk.page\/hu\/accommodation\/mat-sbg\/","title":{"rendered":"MAT-SBG"},"content":{"rendered":"<div id=\"details\">\n<div class=\"detailText houseDetails col-xs-12\">\n<div title=\"Szauna\/infra\"><strong>\u00d6nell\u00e1t\u00f3 h\u00e1z 9-30 f\u0151ig<\/strong><br \/><strong>6 db k\u00e9t\u00e1gyas szoba zuhanyz\u00f3val\/WC-vel<\/strong><br \/><strong>3 h\u00e1rom\u00e1gyas szoba<\/strong><br \/><strong>1 db n\u00e9gy\u00e1gyas szoba<\/strong><br \/><strong>1 \u00f6t\u00e1gyas szoba zuhanyz\u00f3val\/WC-vel<\/strong><br \/><strong>2 p\u00f3t\u00e1gy k\u00e9r\u00e9sre<\/strong><br \/><strong>1 f\u00fcrd\u0151szoba zuhanyz\u00f3val\/WC-vel, 3 WC<\/strong><br \/><strong>Szauna zuhanyz\u00f3val\/WC-vel, term\u00e9sk\u0151 medence forr\u00e1sv\u00edzzel<\/strong><br \/><strong>Kis\u00e1gy, etet\u0151sz\u00e9k rendelhet\u0151<\/strong><br \/><strong>Lak\u00f3ter\u00fclet 450 m\u00b2<\/strong><br \/><strong>Magass\u00e1g 1300 m<\/strong><br \/><strong>S\u00edter\u00fcletek k\u00f6zel\u00e9ben<\/strong><br \/><strong>Aut\u00f3val megk\u00f6zel\u00edthet\u0151<\/strong><br \/><strong>h\u00e1zi\u00e1llat nem megengedett<\/strong><\/div>\n<div title=\"Szauna\/infra\">\u00a0<\/div>\n<div class=\"col-xs-4 icon icon-property icon-property-\" title=\"Szauna\/infra\"><strong style=\"font-size: revert; color: initial; font-family: -apple-system, BlinkMacSystemFont, 'Segoe UI', Roboto, Oxygen-Sans, Ubuntu, Cantarell, 'Helvetica Neue', sans-serif;\">Poz\u00edci\u00f3<\/strong><span style=\"font-size: revert; color: initial; font-family: -apple-system, BlinkMacSystemFont, 'Segoe UI', Roboto, Oxygen-Sans, Ubuntu, Cantarell, 'Helvetica Neue', sans-serif;\">3 km-re St. Michael im Lungau v\u00e1rosa felett, Salzburg d\u00e9li r\u00e9sz\u00e9n, csod\u00e1latos kil\u00e1t\u00e1ssal, nagyon napos \u00e9s csendes. A h\u00e1z el\u0151tt nagy kert tal\u00e1lhat\u00f3 \u00fcl\u0151garnit\u00far\u00e1val, grillez\u0151vel \u00e9s gyerekeknek is ide\u00e1lis, hiszen a j\u00e1tsz\u00f3eszk\u00f6z\u00f6k \u00e9s homokoz\u00f3 term\u00e9szetesen haszn\u00e1lhat\u00f3!<\/span><\/div>\n<\/div>\n<\/div>\n<div id=\"accordion\" class=\"panel-group\" role=\"tablist\" aria-multiselectable=\"true\">\n<div id=\"lesensiemehr3\" class=\"collapse in\" role=\"tabpanel\" aria-labelledby=\"lesenSieMehr3\">\n<div class=\"panel-body\">\n<p><strong>T\u00e1vols\u00e1gok<\/strong>A s\u00edter\u00fclet aut\u00f3val 3 km-re \u00e9rhet\u0151 el, vagy ha van elegend\u0151 h\u00f3, m\u00e9lyhavas p\u00e1ly\u00e1n (1 km a p\u00e1ly\u00e1ig) t\u00e9rhet vissza a h\u00e1zhoz. Term\u00e9szetes sz\u00e1nk\u00f3p\u00e1lya 7 km, Obertauern s\u00edter\u00fclet (m\u00e1jusig garant\u00e1lt a h\u00f3) 30 perc aut\u00f3val. Hely \u00fczletekkel, vend\u00e9gh\u00e1zzal, uszod\u00e1val, teniszp\u00e1ly\u00e1val, stb. 3 km. T\u00fara\u00fatvonalak k\u00f6zvetlen\u00fcl a kunyh\u00f3 el\u0151tt. Csod\u00e1latos gomba- \u00e9s s\u00edt\u00fara ter\u00fclet! Szent Mih\u00e1ly sz\u00e1mtalan kir\u00e1ndul\u00e1si lehet\u0151s\u00e9g kiindul\u00f3pontja. A r\u00e9gi\u00f3ban t\u00f6bb mint 60 hegyi t\u00f3, sz\u00e1mos alpesi kunyh\u00f3 \u00e9s pihentet\u0151 s\u00e9t\u00e1k tal\u00e1lhat\u00f3k a patakok ment\u00e9n a v\u00f6lgyben.<\/p>\n<p><strong>felszerel\u00e9s<\/strong>Paraszth\u00e1zunk folyamatosan fel\u00faj\u00edt\u00e1s alatt \u00e1ll, \u00f6nell\u00e1t\u00f3 csoportok sz\u00e1m\u00e1ra kiv\u00e1l\u00f3an felszerelt. F\u00f6ldszint: Paraszth\u00e1z t\u00e1rsalg\u00f3 \u00fcl\u0151sarkokkal a hangulatos cser\u00e9pk\u00e1lyha mellett, m\u0171holdas TV, CD r\u00e1di\u00f3, s\u00f6rcsapol\u00f3 b\u00e1r (a h\u00e1z saj\u00e1t hord\u00f3ihoz). T\u00f6k\u00e9letesen felszerelt gasztro konyha elektromos t\u0171zhellyel, s\u00fct\u0151vel, mosogat\u00f3g\u00e9ppel, mikrohull\u00e1m\u00fa s\u00fct\u0151vel, k\u00e1v\u00e9f\u0151z\u0151vel, h\u0171t\u0151szekr\u00e9nnyel, fagyaszt\u00f3val. Italok el\u0151rendelhet\u0151k. 2 WC. A s\u00edt\u00e1rol\u00f3 h\u00e1ts\u00f3 bej\u00e1rata s\u00edcip\u0151sz\u00e1r\u00edt\u00f3val, ruhat\u00e1rral. Ide\u00e1lis csal\u00e1dok sz\u00e1m\u00e1ra ezen az emeleten: 1 k\u00e9t\u00e1gyas szoba, 1 h\u00e1rom\u00e1gyas szoba k\u00f6z\u00f6s zuhanyz\u00f3val\/WC-vel, 1 k\u00e9t\u00e1gyas szoba, 1 k\u00e9t\u00e1gyas szoba k\u00f6z\u00f6s zuhanyz\u00f3val\/WC-vel. 1.emelet: 1 db k\u00e9t\u00e1gyas szoba zuhanyz\u00f3val\/WC-vel, 2 db h\u00e1rom\u00e1gyas szoba (ebb\u0151l 1-ben p\u00f3t\u00e1gy is tal\u00e1lhat\u00f3), 1 db n\u00e9gy\u00e1gyas szoba (ig\u00e9ny szerint hever\u0151vel), 1 f\u00fcrd\u0151szoba\/ zuhanyz\u00f3\/wc a folyos\u00f3n. 2. emelet: 2 k\u00e9t\u00e1gyas szoba zuhanyz\u00f3val\/WC-vel, 1 nagy tet\u0151t\u00e9ri szoba 2 \u00e1ggyal \u00e9s \u00e1tj\u00e1r\u00e1ssal dupla \u00e9s egyszem\u00e9lyes \u00e1gyra zuhanyz\u00f3val\/WC-vel \u00e9s 1 WC a folyos\u00f3n. K\u00f6zponti f\u0171t\u00e9s, padl\u00f3f\u0171t\u00e9s a f\u00f6ldszinten. \u00c1gyaink talpv\u00e9g n\u00e9lk\u00fcl 2 m hossz\u00faak! WiFi el\u00e9rhet\u0151. \u00d6sszek\u00f6t\u0151 folyos\u00f3 vezet a h\u00e1z oldal\u00e1ban \u00e9p\u00fclt \u00faj wellness r\u00e9szlegbe, ahol a panor\u00e1m\u00e1s szauna, zuhanyz\u00f3\/WC, terasz nyug\u00e1gyakkal \u00e9s term\u00e9szetes k\u0151b\u0151l k\u00e9sz\u00fclt forr\u00e1svizes medence tal\u00e1lhat\u00f3! Innen l\u00e9legzetel\u00e1ll\u00edt\u00f3 kil\u00e1t\u00e1s ny\u00edlik a v\u00f6lgyre \u00e9s a Szent Mih\u00e1lyra. A kertben grillez\u0151 \u00e9s j\u00e1tsz\u00f3t\u00e9r is tal\u00e1lhat\u00f3. Ig\u00e9ny szerint a gyerekeknek a s\u00ediskol\u00e1b\u00f3l transzfer! Tavasz-\u0151sz: 21 f\u0151ig a 2. emelet z\u00e1rva tart, maximum 9 f\u0151s foglal\u00e1s eset\u00e9n a f\u00f6ldszinti \u00f6sszes szoba szabad.<\/p>\n<p><strong>Helyi t\u00f6bbletk\u00f6lts\u00e9gek kisebb v\u00e1ltoztat\u00e1sok f\u00fcggv\u00e9ny\u00e9ben<\/strong>Idegenforgalmi ad\u00f3 jelenleg 2,35 \u20ac\/f\u0151\/\u00e9j, villany 0,40 \u20ac\/kwh, v\u00e9gtakar\u00edt\u00e1s az eg\u00e9sz h\u00e1zra (f\u00f6ld+fels\u0151 + emelet) 500 \u20ac, ny\u00e1ri szezon: 21 f\u0151ig foglal\u00e1s eset\u00e9n (f\u00f6ldszint + emelet ) 445 \u20ac , maximum 9 f\u0151 foglal\u00e1sa eset\u00e9n (csak a f\u00f6ldszinten) 275,00 \u20ac. \u00c1gynem\u0171 12 \u20ac\/szett el\u00e9rhet\u0151 (saj\u00e1t t\u00f6r\u00f6lk\u00f6z\u0151t hozzon). Befizet\u00e9s 600 \u20ac.<\/p>\n<p><strong>K\u00fcl\u00f6nf\u00e9le:<\/strong><br \/>Alaprajzi rajz:\u00a0<a href=\"https:\/\/www.huettenpartner.eu\/wp-content\/uploads\/2024\/04\/MAT-SBG_EG-scaled.jpg\" target=\"_blank\" rel=\"noopener\">F\u00f6ldszint<\/a>\u00a0|\u00a0<a href=\"https:\/\/www.huettenpartner.eu\/wp-content\/uploads\/2024\/04\/MAT-SBG_OG-scaled.jpg\" target=\"_blank\" rel=\"noopener\">Fels\u0151 emelet<\/a>\u00a0|\u00a0<a href=\"https:\/\/www.huettenpartner.eu\/wp-content\/uploads\/2024\/04\/MAT-SBG_DG-scaled.jpg\" target=\"_blank\" rel=\"noopener\">padl\u00e1s<\/a><\/p>\n<p>Szemin\u00e1riumokat is tartanak itt. \u00c9tkez\u00e9si lehet\u0151s\u00e9gek.<br \/>Csapviz\u00fcnk iv\u00f3v\u00edz min\u0151s\u00e9g\u0171, \u00e9s \u00e9vente ellen\u0151rzik a hat\u00f3s\u00e1gok. Nem kell PET-palackban v\u00e1s\u00e1rolni \u2013 \u00edgy elker\u00fclj\u00fck a m\u0171anyag hullad\u00e9kot. Aki m\u00e9gis szeretne \u00e1sv\u00e1nyvizet vagy limon\u00e1d\u00e9t, azt a helysz\u00ednen megrendelheti. K\u00f6zeli s\u00f6rf\u0151zd\u00e9nk sz\u00edvesen l\u00e1t el minket frissen csapolt s\u00f6rrel \u00e9s limon\u00e1d\u00e9kkal.<\/p>\n<p>Mer\u00edtsen ihletet t\u00e9li vide\u00f3nkb\u00f3l:\u00a0<a href=\"https:\/\/player.vimeo.com\/video\/794280588?h=b3179f66a1\" target=\"_blank\" rel=\"noopener\"><u>T\u00e9li vide\u00f3<\/u><\/a><\/p>\n<p><strong>Kezd\u0151lap<\/strong>http:\/\/martinihof.eu\/<\/p>\n<\/div>\n<p><\/p>\n<\/div>\n<\/div>\n\n<div id=\"wpgmza_map_3\" class=\"wpgmza_map wpgmza-auto-left\" style=\"display:block;width:100%;height:400px;overflow:hidden;position:relative;\" data-map-id=\"3\" data-maps-engine=\"google-maps\" data-build-engine=\"atlas-novus\" data-shortcode-attributes=\"{&quot;id&quot;:&quot;3&quot;,&quot;zoom&quot;:false,&quot;width&quot;:false,&quot;height&quot;:false,&quot;marker&quot;:false,&quot;classname&quot;:false}\" data-settings=\"{&quot;map_title&quot;:&quot;MAT-SBG&quot;,&quot;map_width&quot;:&quot;100&quot;,&quot;map_height&quot;:&quot;400&quot;,&quot;map_start_lat&quot;:&quot;47.103958644761256&quot;,&quot;map_start_lng&quot;:&quot;13.637186480316558&quot;,&quot;map_start_location&quot;:&quot;&quot;,&quot;map_start_zoom&quot;:&quot;14&quot;,&quot;default_marker&quot;:&quot;&quot;,&quot;type&quot;:&quot;1&quot;,&quot;alignment&quot;:&quot;0&quot;,&quot;directions_enabled&quot;:&quot;1&quot;,&quot;styling_enabled&quot;:&quot;0&quot;,&quot;styling_json&quot;:&quot;&quot;,&quot;active&quot;:&quot;0&quot;,&quot;kml&quot;:&quot;&quot;,&quot;bicycle&quot;:&quot;0&quot;,&quot;traffic&quot;:&quot;0&quot;,&quot;dbox&quot;:&quot;0&quot;,&quot;dbox_width&quot;:&quot;100&quot;,&quot;listmarkers&quot;:&quot;0&quot;,&quot;listmarkers_advanced&quot;:&quot;0&quot;,&quot;filterbycat&quot;:&quot;0&quot;,&quot;ugm_enabled&quot;:&quot;0&quot;,&quot;ugm_category_enabled&quot;:&quot;0&quot;,&quot;fusion&quot;:&quot;&quot;,&quot;map_width_type&quot;:&quot;%&quot;,&quot;map_height_type&quot;:&quot;px&quot;,&quot;mass_marker_support&quot;:&quot;0&quot;,&quot;ugm_access&quot;:&quot;0&quot;,&quot;order_markers_by&quot;:&quot;0&quot;,&quot;order_markers_choice&quot;:&quot;0&quot;,&quot;show_user_location&quot;:&quot;0&quot;,&quot;default_to&quot;:&quot;&quot;,&quot;store_locator_enabled&quot;:false,&quot;store_locator_component_anchor&quot;:&quot;0&quot;,&quot;directions_box_component_anchor&quot;:&quot;1&quot;,&quot;wpgmza_listmarkers_by&quot;:&quot;0&quot;,&quot;wpgmza_iw_type&quot;:&quot;4&quot;,&quot;marker_listing_component_anchor&quot;:null,&quot;store_locator_distance&quot;:false,&quot;map_type&quot;:1,&quot;sl_stroke_color&quot;:&quot;&quot;,&quot;sl_fill_color&quot;:&quot;&quot;,&quot;sl_stroke_opacity&quot;:&quot;&quot;,&quot;sl_fill_opacity&quot;:&quot;&quot;,&quot;transport_layer&quot;:false,&quot;action&quot;:&quot;wpgmza_save_map&quot;,&quot;redirect_to&quot;:&quot;\\\/wp-admin\\\/admin-post.php&quot;,&quot;map_id&quot;:&quot;3&quot;,&quot;wpgmza_savemap&quot;:&quot;Karte speichern&quot;,&quot;http_referer&quot;:&quot;\\\/wp-admin\\\/admin.php?page=wp-google-maps-menu&amp;amp;action=edit&amp;amp;map_id=3&quot;,&quot;wpgmza_id&quot;:&quot;3&quot;,&quot;wpgmza_start_location&quot;:&quot;47.103958644761256,13.637186480316558&quot;,&quot;wpgmza_start_zoom&quot;:&quot;14&quot;,&quot;wpgmza_map_align&quot;:&quot;1&quot;,&quot;store_locator_search_area&quot;:&quot;radial&quot;,&quot;wpgmza_store_locator_default_radius&quot;:&quot;10&quot;,&quot;store_locator_auto_area_max_zoom&quot;:&quot;&quot;,&quot;wpgmza_store_locator_radius_style&quot;:&quot;legacy&quot;,&quot;wpgmza_store_locator_bounce&quot;:false,&quot;wpgmza_sl_animation&quot;:null,&quot;store_locator_query_string&quot;:&quot;&quot;,&quot;store_locator_location_placeholder&quot;:&quot;&quot;,&quot;store_locator_default_address&quot;:&quot;&quot;,&quot;store_locator_name_search&quot;:false,&quot;store_locator_name_string&quot;:&quot;&quot;,&quot;store_locator_not_found_message&quot;:&quot;&quot;,&quot;store_locator_show_distance&quot;:false,&quot;store_locator_category&quot;:false,&quot;wpgmza_store_locator_use_their_location&quot;:false,&quot;wpgmza_store_locator_hide_before_search&quot;:false,&quot;store_locator_nearby_searches&quot;:false,&quot;wpgmza_theme_data&quot;:&quot;&quot;,&quot;custom_tile_enabled&quot;:false,&quot;custom_tile_image&quot;:&quot;&quot;,&quot;custom_tile_image_width&quot;:&quot;&quot;,&quot;custom_tile_image_height&quot;:&quot;&quot;,&quot;custom_tile_image_attribution&quot;:&quot;&quot;,&quot;iw_primary_color&quot;:&quot;#000000&quot;,&quot;iw_accent_color&quot;:&quot;#000000&quot;,&quot;iw_text_color&quot;:&quot;#000000&quot;,&quot;close_infowindow_on_map_click&quot;:false,&quot;marker_share_links&quot;:false,&quot;marker_listing_component_auto_open&quot;:false,&quot;dataTable_pagination_style&quot;:null,&quot;category_filter_component_anchor&quot;:null,&quot;zoom_level_on_marker_listing_override&quot;:false,&quot;zoom_level_on_marker_listing_click&quot;:&quot;&quot;,&quot;marker_listing_disable_zoom&quot;:false,&quot;datatable_no_result_message&quot;:&quot;&quot;,&quot;remove_search_box_datables&quot;:false,&quot;datatable_search_string&quot;:&quot;&quot;,&quot;datatable_result_start&quot;:&quot;&quot;,&quot;datatable_result_of&quot;:&quot;&quot;,&quot;datatable_result_to&quot;:&quot;&quot;,&quot;datatable_result_total&quot;:&quot;&quot;,&quot;datatable_result_show&quot;:&quot;&quot;,&quot;datatable_result_entries&quot;:&quot;&quot;,&quot;category_legends_enabled&quot;:false,&quot;category_legends_component_anchor&quot;:null,&quot;jump_to_nearest_marker_on_initialization&quot;:false,&quot;click_open_link&quot;:false,&quot;wpgmza_zoom_on_marker_click&quot;:false,&quot;wpgmza_zoom_on_marker_click_slider&quot;:&quot;&quot;,&quot;polygon_labels&quot;:false,&quot;disable_polygon_info_windows&quot;:false,&quot;fit_maps_bounds_to_markers&quot;:false,&quot;fit_maps_bounds_to_markers_after_filtering&quot;:false,&quot;automatically_pan_to_users_location&quot;:false,&quot;override_users_location_zoom_level&quot;:false,&quot;override_users_location_zoom_levels&quot;:&quot;&quot;,&quot;show_distance_from_location&quot;:false,&quot;map_starts_in_streetview&quot;:false,&quot;map_starts_in_streetview_location&quot;:&quot;&quot;,&quot;map_starts_in_streetview_heading&quot;:&quot;&quot;,&quot;map_starts_in_streetview_pitch&quot;:&quot;&quot;,&quot;map_max_zoom&quot;:&quot;21&quot;,&quot;map_min_zoom&quot;:&quot;0&quot;,&quot;hide_point_of_interest&quot;:false,&quot;disable_lightbox_images&quot;:false,&quot;use_Raw_Jpeg_Coordinates&quot;:false,&quot;enable_marker_ratings&quot;:false,&quot;only_load_markers_within_viewport&quot;:false,&quot;id&quot;:3}\" ><\/div>\n\n\n\n<div style=\"height:100px\" aria-hidden=\"true\" class=\"wp-block-spacer\"><\/div>\n\n\n<div class=\"wp-block-image\">\n<figure class=\"aligncenter size-large\"><img fetchpriority=\"high\" decoding=\"async\" width=\"1024\" height=\"727\" src=\"https:\/\/www.huettenpartner.eu\/wp-content\/uploads\/2024\/04\/lungo-1024x727.jpg\" alt=\"\" class=\"wp-image-3918\" srcset=\"https:\/\/www.bold-black.109-235-60-67.plesk.page\/wp-content\/uploads\/2024\/04\/lungo-1024x727.jpg 1024w, https:\/\/www.bold-black.109-235-60-67.plesk.page\/wp-content\/uploads\/2024\/04\/lungo-300x213.jpg 300w, https:\/\/www.bold-black.109-235-60-67.plesk.page\/wp-content\/uploads\/2024\/04\/lungo-768x545.jpg 768w, https:\/\/www.bold-black.109-235-60-67.plesk.page\/wp-content\/uploads\/2024\/04\/lungo-1536x1090.jpg 1536w, https:\/\/www.bold-black.109-235-60-67.plesk.page\/wp-content\/uploads\/2024\/04\/lungo-18x12.jpg 18w, https:\/\/www.bold-black.109-235-60-67.plesk.page\/wp-content\/uploads\/2024\/04\/lungo-405x287.jpg 405w, https:\/\/www.bold-black.109-235-60-67.plesk.page\/wp-content\/uploads\/2024\/04\/lungo.jpg 2000w\" sizes=\"(max-width: 1024px) 100vw, 1024px\" \/><\/figure>\n<\/div>\n\n\n<h4 class=\"wp-block-heading has-text-align-center\">T\u00e9li inform\u00e1ci\u00f3k<\/h4>\n\n\n\n<p class=\"has-text-align-center\">A St. Michael-i s\u00edel\u00e9s \u00e9lm\u00e9ny. A 4 s\u00edter\u00fclet, Aineck, Katschberg, Fanningberg \u00e9s Grosseck-Speiereck t\u00f6bb mint 220 km p\u00e1ly\u00e1t \u00e9s 50 felvon\u00f3t k\u00edn\u00e1l!&nbsp;<br>Fantasztikus m\u00e9lyhavas lejt\u0151k \u00e9s gondosan \u00e1polt p\u00e1ly\u00e1k minden neh\u00e9zs\u00e9gi fok\u00fa s\u00edel\u00e9si sz\u00f3rakoz\u00e1st k\u00edn\u00e1lnak kezd\u0151knek \u00e9s profiknak. A 6 szem\u00e9lyes Samson felvon\u00f3, a vil\u00e1g leghosszabb libeg\u0151je a Fanningbergen, a 8 szem\u00e9lyes kabinos felvon\u00f3 4 km-es v\u00f6lgyi p\u00e1ly\u00e1val a Grosseck-Speiereck s\u00edter\u00fcleten \u00e9s a snowboardosok sz\u00e1m\u00e1ra kialak\u00edtott bek\u00f6t\u0151park az Aineck-en St. Michael \u00fcd\u00fcl\u0151ter\u00fclet, a legjobb s\u00edter\u00fclet.<\/p>\n\n\n\n<h4 class=\"wp-block-heading has-text-align-center\">Ny\u00e1ri inform\u00e1ci\u00f3k<\/h4>\n\n\n\n<p class=\"has-text-align-center\">A Salzburg Lungau a Radst\u00e4dter Tauern \u00e9s a karintiai Nockberge k\u00f6z\u00e9 \u00e1gyaz\u00f3dik. Ez Ausztria legnaposabb r\u00e9gi\u00f3ja, \u00e9s az UNESCO Bioszf\u00e9ra Rezerv\u00e1tum Salzburg Lungau d\u00edj\u00e1val k\u00fcl\u00f6nleges v\u00e9delem alatt \u00e1ll. Sz\u00e1mtalan lehet\u0151s\u00e9g k\u00edn\u00e1lkozik a szabad \u00e9s egy\u00e9ni mozg\u00e1sra az \u00e9rintetlen term\u00e9szetben, a t\u00far\u00e1z\u00e1s \u00e9s a ker\u00e9kp\u00e1roz\u00e1s a lungaui alpesi ny\u00e1r abszol\u00fat kedvencei k\u00f6z\u00e9 tartozik. A sz\u00e1mos hegyi t\u00f3val, csobog\u00f3 hegyi patakokkal, r\u00e9tekkel \u00e9s erd\u0151kkel teli, csod\u00e1latosan sz\u00e9p hegyi t\u00e1jon megb\u00fav\u00f3 salzburgi Lungau minden form\u00e1ban kikapcsol\u00f3d\u00e1st \u00e9s kalandot k\u00edn\u00e1l kicsiknek \u00e9s nagyoknak.<br>Ak\u00e1r egyed\u00fcl, ak\u00e1r vezetett, a salzburgi Lungau t\u00fara\u00fatvonalai a v\u00f6lgyi szel\u00edd \u00f6sv\u00e9nyekt\u0151l a k\u00e9nyelmes kunyh\u00f3- \u00e9s hegyi t\u00f3t\u00far\u00e1kon \u00e1t a kiterjedt exped\u00edci\u00f3kig terjednek.<br>A salzburgi Lungau t\u00f6k\u00e9letes v\u00e1laszt\u00e1s ker\u00e9kp\u00e1ros t\u00far\u00e1khoz. Ezt nem csak a sz\u00e9les, nyitott v\u00f6lgytalp \u00e9s a sok var\u00e1zslatos mell\u00e9kv\u00f6lgy kombin\u00e1ci\u00f3ja biztos\u00edtja. Gondosan kit\u00e1bl\u00e1zott h\u00e1l\u00f3zat tal\u00e1lhat\u00f3 az e-bike kir\u00e1ndul\u00e1sokhoz \u00e9s a csal\u00e1di t\u00far\u00e1khoz, bele\u00e9rtve a h\u00edres Mur ker\u00e9kp\u00e1rutat. A 17 mountain bike \u00fatvonal \u00e9s a Lungau EXTREME t\u00fara abszol\u00fat cs\u00facspontot jelent a sportos ker\u00e9kp\u00e1rosok sz\u00e1m\u00e1ra. A t\u00far\u00e1z\u00e1son \u00e9s ker\u00e9kp\u00e1roz\u00e1son k\u00edv\u00fcl sz\u00e1mos egy\u00e9b szabadt\u00e9ri tev\u00e9kenys\u00e9g is v\u00e1rja a salzburgi Lungauban, mint p\u00e9ld\u00e1ul a golf, a lovagl\u00e1s \u00e9s a rep\u00fcl\u00e9s. A tev\u00e9kenys\u00e9geknek nincsenek korl\u00e1tai.<\/p>","protected":false},"excerpt":{"rendered":"<p>\u00d6nell\u00e1t\u00f3 h\u00e1z 9-30 f\u0151ig<br \/>\n6 db k\u00e9t\u00e1gyas szoba zuhanyz\u00f3val\/WC-vel<br \/>\n3 h\u00e1rom\u00e1gyas szoba<br \/>\n1 db n\u00e9gy\u00e1gyas szoba<br \/>\n1 \u00f6t\u00e1gyas szoba zuhanyz\u00f3val\/WC-vel<br \/>\n2 p\u00f3t\u00e1gy k\u00e9r\u00e9sre<br \/>\n1 f\u00fcrd\u0151szoba zuhanyz\u00f3val\/WC-vel, 3 WC<br \/>\nSzauna zuhanyz\u00f3val\/WC-vel, term\u00e9sk\u0151 medence forr\u00e1sv\u00edzzel<br \/>\nKis\u00e1gy, etet\u0151sz\u00e9k rendelhet\u0151<br \/>\nLak\u00f3ter\u00fclet 450 m\u00b2<br \/>\nMagass\u00e1g 1300 m<br \/>\nS\u00edter\u00fcletek k\u00f6zel\u00e9ben<br \/>\nAut\u00f3val megk\u00f6zel\u00edthet\u0151<br \/>\nh\u00e1zi\u00e1llat nem megengedett<\/p>","protected":false},"featured_media":1506,"menu_order":0,"comment_status":"open","ping_status":"closed","template":"","mphb_room_type_category":[145,155,144],"mphb_room_type_tag":[],"mphb_room_type_facility":[188,176,174,208,197,210,160,211,220,143,219,127,217,126,221,214,215,196,216],"class_list":["post-1575","mphb_room_type","type-mphb_room_type","status-publish","has-post-thumbnail","hentry","mphb_room_type_category-almhuette","mphb_room_type_category-salzburg","mphb_room_type_category-skihuette","mphb_room_type_facility-1500m","mphb_room_type_facility-1-badezimmer","mphb_room_type_facility-10-und-mehr-schlafzimmer","mphb_room_type_facility-familienurlaub","mphb_room_type_facility-geschirrspueler","mphb_room_type_facility-gruppenurlaub","mphb_room_type_facility-haustiere-nok","mphb_room_type_facility-huettenfeiern","mphb_room_type_facility-langlaufen","mphb_room_type_facility-mit-pkw-erreichbar","mphb_room_type_facility-mountainbiken","mphb_room_type_facility-sauna-infrarot","mphb_room_type_facility-seminare-firmenevents","mphb_room_type_facility-skigebiet","mphb_room_type_facility-skitouren","mphb_room_type_facility-sommerurlaub","mphb_room_type_facility-wanderherbst","mphb_room_type_facility-waschmaschine","mphb_room_type_facility-winterurlaub","mphb_ra_personen-20-und-mehr-personen","mphb-room-type-adults-1","mphb-room-type-children-0",""],"acf":{"export_an_mondial":true,"personen_fur_e-domizil":"30","hutid":"114","hutcode":"MAT-SBG","ort":"Lungau-St. Michael","plz":"5582","latitude":"47.103568","longitude":"13.663312"},"_links":{"self":[{"href":"https:\/\/www.bold-black.109-235-60-67.plesk.page\/hu\/wp-json\/wp\/v2\/mphb_room_type\/1575","targetHints":{"allow":["GET"]}}],"collection":[{"href":"https:\/\/www.bold-black.109-235-60-67.plesk.page\/hu\/wp-json\/wp\/v2\/mphb_room_type"}],"about":[{"href":"https:\/\/www.bold-black.109-235-60-67.plesk.page\/hu\/wp-json\/wp\/v2\/types\/mphb_room_type"}],"replies":[{"embeddable":true,"href":"https:\/\/www.bold-black.109-235-60-67.plesk.page\/hu\/wp-json\/wp\/v2\/comments?post=1575"}],"wp:featuredmedia":[{"embeddable":true,"href":"https:\/\/www.bold-black.109-235-60-67.plesk.page\/hu\/wp-json\/wp\/v2\/media\/1506"}],"wp:attachment":[{"href":"https:\/\/www.bold-black.109-235-60-67.plesk.page\/hu\/wp-json\/wp\/v2\/media?parent=1575"}],"wp:term":[{"taxonomy":"mphb_room_type_category","embeddable":true,"href":"https:\/\/www.bold-black.109-235-60-67.plesk.page\/hu\/wp-json\/wp\/v2\/mphb_room_type_category?post=1575"},{"taxonomy":"mphb_room_type_tag","embeddable":true,"href":"https:\/\/www.bold-black.109-235-60-67.plesk.page\/hu\/wp-json\/wp\/v2\/mphb_room_type_tag?post=1575"},{"taxonomy":"mphb_room_type_facility","embeddable":true,"href":"https:\/\/www.bold-black.109-235-60-67.plesk.page\/hu\/wp-json\/wp\/v2\/mphb_room_type_facility?post=1575"}],"curies":[{"name":"wp","href":"https:\/\/api.w.org\/{rel}","templated":true}]}}