{"id":754,"date":"2024-04-09T14:15:45","date_gmt":"2024-04-09T14:15:45","guid":{"rendered":"https:\/\/www.huettenpartner.eu\/?page_id=754"},"modified":"2024-04-24T17:15:56","modified_gmt":"2024-04-24T15:15:56","slug":"agb","status":"publish","type":"page","link":"https:\/\/www.bold-black.109-235-60-67.plesk.page\/cs\/service\/agb\/","title":{"rendered":"Podm\u00ednky"},"content":{"rendered":"<div data-elementor-type=\"wp-page\" data-elementor-id=\"754\" class=\"elementor elementor-754\">\n\t\t\t\t<div class=\"elementor-element elementor-element-98ec8f1 e-flex e-con-boxed e-con e-parent\" data-id=\"98ec8f1\" data-element_type=\"container\">\n\t\t\t\t\t<div class=\"e-con-inner\">\n\t\t\t\t<div class=\"elementor-element elementor-element-4a7552a elementor-widget elementor-widget-heading\" data-id=\"4a7552a\" data-element_type=\"widget\" data-widget_type=\"heading.default\">\n\t\t\t\t<div class=\"elementor-widget-container\">\n\t\t\t\t\t<h2 class=\"elementor-heading-title elementor-size-default\">Allgemeine Gesch\u00e4ftsbedingungen<\/h2>\t\t\t\t<\/div>\n\t\t\t\t<\/div>\n\t\t\t\t<div class=\"elementor-element elementor-element-88068a7 elementor-widget elementor-widget-heading\" data-id=\"88068a7\" data-element_type=\"widget\" data-widget_type=\"heading.default\">\n\t\t\t\t<div class=\"elementor-widget-container\">\n\t\t\t\t\t<h2 class=\"elementor-heading-title elementor-size-default\">Bitte aufmerksam durchlesen:<\/h2>\t\t\t\t<\/div>\n\t\t\t\t<\/div>\n\t\t\t\t<div class=\"elementor-element elementor-element-bdaaf0c elementor-widget elementor-widget-heading\" data-id=\"bdaaf0c\" data-element_type=\"widget\" data-widget_type=\"heading.default\">\n\t\t\t\t<div class=\"elementor-widget-container\">\n\t\t\t\t\t<h2 class=\"elementor-heading-title elementor-size-default\">1. Vertragsabschluss\/Buchung<\/h2>\t\t\t\t<\/div>\n\t\t\t\t<\/div>\n\t\t\t\t<div class=\"elementor-element elementor-element-69aaad4 elementor-widget elementor-widget-text-editor\" data-id=\"69aaad4\" data-element_type=\"widget\" data-widget_type=\"text-editor.default\">\n\t\t\t\t<div class=\"elementor-widget-container\">\n\t\t\t\t\t\t\t\t\t<p>Ihre Anmeldung ist ein verbindliches Angebot zum Abschluss eines Mietvertrages \u00fcber das\u00a0ausgew\u00e4hlte Mietobjekt f\u00fcr den gew\u00e4hlten Zeitraum. Mangels weiterer Leistungen liegt kein Pauschalreisevertrag i.S.d. PRG vor. Der Vertrag wird f\u00fcr uns verbindlich, wenn wir Ihnen die Anmeldung schriftlich bzw. per E-Mail best\u00e4tigen. Die Best\u00e4tigung erfolgt \u00fcblicherweise per E-Mail. Wenn gew\u00fcnscht kann dies per Fax oder per Post erfolgen. Dies erfolgt in der Regel sofort, au\u00dfer es w\u00e4ren noch R\u00fcckfragen bei unseren Vertragspartnern erforderlich.\u00a0<\/p>\t\t\t\t\t\t\t\t<\/div>\n\t\t\t\t<\/div>\n\t\t\t\t<div class=\"elementor-element elementor-element-2fee067 elementor-widget elementor-widget-heading\" data-id=\"2fee067\" data-element_type=\"widget\" data-widget_type=\"heading.default\">\n\t\t\t\t<div class=\"elementor-widget-container\">\n\t\t\t\t\t<h2 class=\"elementor-heading-title elementor-size-default\">2. Leistungsbeschreibung<\/h2>\t\t\t\t<\/div>\n\t\t\t\t<\/div>\n\t\t\t\t<div class=\"elementor-element elementor-element-40dbb05 elementor-widget elementor-widget-text-editor\" data-id=\"40dbb05\" data-element_type=\"widget\" data-widget_type=\"text-editor.default\">\n\t\t\t\t<div class=\"elementor-widget-container\">\n\t\t\t\t\t\t\t\t\t<p>F\u00fcr unsere Leistungen sind die Prospektangaben und der Inhalt der Anmeldebest\u00e4tigung ma\u00dfgeblich. Alle &#8222;Entfernungen&#8220; sind als ca.-Angaben zu verstehen und sollten Ihnen nur einen ungef\u00e4hren Eindruck \u00fcber das Umfeld des Objektes vermitteln. Wir legen Wert darauf, dass sich viele unserer Objekte in freier Natur befinden. Touristische Informationen zum Zielort sind nicht Vertragsbestandteil.\u00a0<\/p>\t\t\t\t\t\t\t\t<\/div>\n\t\t\t\t<\/div>\n\t\t\t\t<div class=\"elementor-element elementor-element-0ef2e84 elementor-widget elementor-widget-heading\" data-id=\"0ef2e84\" data-element_type=\"widget\" data-widget_type=\"heading.default\">\n\t\t\t\t<div class=\"elementor-widget-container\">\n\t\t\t\t\t<h2 class=\"elementor-heading-title elementor-size-default\">3. Bezahlung<\/h2>\t\t\t\t<\/div>\n\t\t\t\t<\/div>\n\t\t\t\t<div class=\"elementor-element elementor-element-c325873 elementor-widget elementor-widget-heading\" data-id=\"c325873\" data-element_type=\"widget\" data-widget_type=\"heading.default\">\n\t\t\t\t<div class=\"elementor-widget-container\">\n\t\t\t\t\t<h2 class=\"elementor-heading-title elementor-size-default\">3.1 An- und Restzahlung<\/h2>\t\t\t\t<\/div>\n\t\t\t\t<\/div>\n\t\t\t\t<div class=\"elementor-element elementor-element-c6e770e elementor-widget elementor-widget-text-editor\" data-id=\"c6e770e\" data-element_type=\"widget\" data-widget_type=\"text-editor.default\">\n\t\t\t\t<div class=\"elementor-widget-container\">\n\t\t\t\t\t\t\t\t\t<p>Nach Erhalt der Buchungsbest\u00e4tigung\/Rechnung\u00a0ist eine Anzahlung in H\u00f6he von 20 % des Preises zuz\u00fcglich der Buchungsgeb\u00fchr von \u20ac 25,- sofort zur Zahlung f\u00e4llig. Der Restbetrag ist 4 Wochen vor Mietbeginn f\u00e4llig. Die Buchungsgeb\u00fchr ist bei nicht von uns zu vertretendem R\u00fccktritt nicht erstattbar. Bei Verzug mit einer Zahlung sind wir berechtigt, unter Setzung einer 8-t\u00e4gigen Nachfrist vom Vertrag zur\u00fcckzutreten und wenn Sie am Zahlungsverzug ein Verschulden trifft, den dadurch verursachten Schaden geltend zu machen.<\/p>\t\t\t\t\t\t\t\t<\/div>\n\t\t\t\t<\/div>\n\t\t\t\t<div class=\"elementor-element elementor-element-e5bc7bf elementor-widget elementor-widget-heading\" data-id=\"e5bc7bf\" data-element_type=\"widget\" data-widget_type=\"heading.default\">\n\t\t\t\t<div class=\"elementor-widget-container\">\n\t\t\t\t\t<h2 class=\"elementor-heading-title elementor-size-default\">3.2 Nebenkosten<\/h2>\t\t\t\t<\/div>\n\t\t\t\t<\/div>\n\t\t\t\t<div class=\"elementor-element elementor-element-1948dd3 elementor-widget elementor-widget-text-editor\" data-id=\"1948dd3\" data-element_type=\"widget\" data-widget_type=\"text-editor.default\">\n\t\t\t\t<div class=\"elementor-widget-container\">\n\t\t\t\t\t\t\t\t\t<p>Bei den einzelnen Objekten sind die unter dem Punkt &#8222;Nebenkosten&#8220; angef\u00fchrten Geb\u00fchren nicht im Preis enthalten und vor Ort beim H\u00fcttenbesitzer direkt zu begleichen. Bei Sonderaktionen sind die Nebenkosten in voller H\u00f6he zu entrichten und sind von den Erm\u00e4\u00dfigungen ausgenommen.<\/p>\t\t\t\t\t\t\t\t<\/div>\n\t\t\t\t<\/div>\n\t\t\t\t<div class=\"elementor-element elementor-element-0acf669 elementor-widget elementor-widget-heading\" data-id=\"0acf669\" data-element_type=\"widget\" data-widget_type=\"heading.default\">\n\t\t\t\t<div class=\"elementor-widget-container\">\n\t\t\t\t\t<h2 class=\"elementor-heading-title elementor-size-default\">3.3 Kaution<\/h2>\t\t\t\t<\/div>\n\t\t\t\t<\/div>\n\t\t\t\t<div class=\"elementor-element elementor-element-486da66 elementor-widget elementor-widget-text-editor\" data-id=\"486da66\" data-element_type=\"widget\" data-widget_type=\"text-editor.default\">\n\t\t\t\t<div class=\"elementor-widget-container\">\n\t\t\t\t\t\t\t\t\t<p>Bei\u00a0\u00dcbernahme des Objekts kann vom H\u00fcttenbesitzer\/Verwalter eine Kaution erhoben werden, die zur Sicherung allf\u00e4lliger Schadenersatzanspr\u00fcche wegen am Mietobjekt oder durch eine nicht gesetzm\u00e4\u00dfige Nutzung schuldhaft verursachter Sch\u00e4den und zur Verrechnung mit den Nebenkosten vorgesehen ist. Sie sind verpflichtet, das Mietobjekt und das darin vorhandene Inventar schonend und sorgf\u00e4ltig zu behandeln. Sie sind auch verpflichtet, etwaige Sch\u00e4den sofort zu melden. Bei schuldhaftem Versto\u00df gegen diese Verpflichtung k\u00f6nnen Sie f\u00fcr den dadurch verursachten Schaden haften. Sie \u00fcbernehmen die Haftung f\u00fcr begleitende Personen, auch f\u00fcr Minderj\u00e4hrige. Die Kaution wird nach ordnungsgem\u00e4\u00dfer R\u00fcckgabe des Mietobjekts und unter Aufrechnung gegen die Nebenkosten zur\u00fcckerstattet.\u00a0<\/p>\t\t\t\t\t\t\t\t<\/div>\n\t\t\t\t<\/div>\n\t\t\t\t<div class=\"elementor-element elementor-element-f1d40ca elementor-widget elementor-widget-heading\" data-id=\"f1d40ca\" data-element_type=\"widget\" data-widget_type=\"heading.default\">\n\t\t\t\t<div class=\"elementor-widget-container\">\n\t\t\t\t\t<h2 class=\"elementor-heading-title elementor-size-default\">4. Belegung des Mietobjekts<\/h2>\t\t\t\t<\/div>\n\t\t\t\t<\/div>\n\t\t\t\t<div class=\"elementor-element elementor-element-29f0edc elementor-widget elementor-widget-text-editor\" data-id=\"29f0edc\" data-element_type=\"widget\" data-widget_type=\"text-editor.default\">\n\t\t\t\t<div class=\"elementor-widget-container\">\n\t\t\t\t\t\t\t\t\t<p>Die\u00a0Wohneinheiten d\u00fcrfen h\u00f6chstens bis zu der im Katalog genannten Personenzahl belegt werden, au\u00dfer es erfolgt eine schriftliche Genehmigung f\u00fcr zus\u00e4tzliche Personen. Auch Kinder gelten als Person. Bei Anreise einer die vertragliche Vereinbarung \u00fcbersteigenden Personenzahl k\u00f6nnen wir den Aufenthalt auf die vertraglich vereinbarte Personenzahl beschr\u00e4nken, ohne dem Kunden f\u00fcr irgendwelche daraus entstehende Nachteile zu haften. Best\u00e4tigen wir schriftlich die Belegung mit mehr Personen als in der Objektbeschreibung angegeben muss in der Regel damit gerechnet werden, dass keine zus\u00e4tzliche Schlafgelegenheit und entsprechende Wohnungsausstattung vorhanden sind.\u00a0<\/p>\t\t\t\t\t\t\t\t<\/div>\n\t\t\t\t<\/div>\n\t\t\t\t<div class=\"elementor-element elementor-element-3480c4a elementor-widget elementor-widget-heading\" data-id=\"3480c4a\" data-element_type=\"widget\" data-widget_type=\"heading.default\">\n\t\t\t\t<div class=\"elementor-widget-container\">\n\t\t\t\t\t<h2 class=\"elementor-heading-title elementor-size-default\">5. An- und Abreise<\/h2>\t\t\t\t<\/div>\n\t\t\t\t<\/div>\n\t\t\t\t<div class=\"elementor-element elementor-element-4193c56 elementor-widget elementor-widget-text-editor\" data-id=\"4193c56\" data-element_type=\"widget\" data-widget_type=\"text-editor.default\">\n\t\t\t\t<div class=\"elementor-widget-container\">\n\t\t\t\t\t\t\t\t\t<p>In der Regel k\u00f6nnen Sie das Mietobjekt am Anreisetag ab 15.00 Uhr \u00fcbernehmen. Soweit \u00f6rtliche Verkehrsmittel bzw. Liftanlagen zur Anreise zu benutzen sind, m\u00fcssen Sie sich nach deren Betriebszeiten richten. Bei einer durch den Kunden zu vertretenden v\u00f6lligen oder teilweisen Nichtinanspruchnahme des mangelfreien Objektes ist eine R\u00fcckerstattung oder Teilr\u00fcckerstattung des bezahlten Preises nicht m\u00f6glich. Auf jeden Fall ist das Mietobjekt besenrein zu hinterlassen. In der Regel m\u00fcssen Sie das Mietobjekt am Abreisetag um 9.00 Uhr verlassen.\u00a0<\/p>\t\t\t\t\t\t\t\t<\/div>\n\t\t\t\t<\/div>\n\t\t\t\t<div class=\"elementor-element elementor-element-701d44b elementor-widget elementor-widget-heading\" data-id=\"701d44b\" data-element_type=\"widget\" data-widget_type=\"heading.default\">\n\t\t\t\t<div class=\"elementor-widget-container\">\n\t\t\t\t\t<h2 class=\"elementor-heading-title elementor-size-default\">6. Haustiere<\/h2>\t\t\t\t<\/div>\n\t\t\t\t<\/div>\n\t\t\t\t<div class=\"elementor-element elementor-element-2580ff3 elementor-widget elementor-widget-text-editor\" data-id=\"2580ff3\" data-element_type=\"widget\" data-widget_type=\"text-editor.default\">\n\t\t\t\t<div class=\"elementor-widget-container\">\n\t\t\t\t\t\t\t\t\t<p>Das Mitbringen von Haustieren ist nicht grunds\u00e4tzlich gestattet &#8211; die Objektbeschreibung gibt Auskunft. Haustiere sind auf der Anmeldung anzuf\u00fchren. Es ist untersagt, mehr Haustiere mitzubringen als bei Buchung angegeben. \u00dcberz\u00e4hlige Haustiere k\u00f6nnen abgewiesen werden.\u00a0<\/p>\t\t\t\t\t\t\t\t<\/div>\n\t\t\t\t<\/div>\n\t\t\t\t<div class=\"elementor-element elementor-element-9978623 elementor-widget elementor-widget-heading\" data-id=\"9978623\" data-element_type=\"widget\" data-widget_type=\"heading.default\">\n\t\t\t\t<div class=\"elementor-widget-container\">\n\t\t\t\t\t<h2 class=\"elementor-heading-title elementor-size-default\">7. Leistungs- und Preis\u00e4nderungen<\/h2>\t\t\t\t<\/div>\n\t\t\t\t<\/div>\n\t\t\t\t<div class=\"elementor-element elementor-element-f862a2c elementor-widget elementor-widget-text-editor\" data-id=\"f862a2c\" data-element_type=\"widget\" data-widget_type=\"text-editor.default\">\n\t\t\t\t<div class=\"elementor-widget-container\">\n\t\t\t\t\t\t\t\t\t<p>Die Berichtigungen von Irrt\u00fcmern sowie von groben Rechenfehlern bleiben vor Vertragsabschluss in jedem Fall vorbehalten. Sie werden selbstverst\u00e4ndlich vor Buchung dar\u00fcber informiert. Abweichungen einzelner Leistungen vom Inhalt des Vertrages, die nach Vertragsabschluss eintreten und die nicht von uns wider Treu und Glauben herbeigef\u00fchrt wurden, sind gestattet, wenn die Abweichungen sachlich gerechtfertigt, geringf\u00fcgig und f\u00fcr den Kunden zumutbar sind.<\/p>\n<p>Kann das gebuchte Mietobjekt aus von uns nicht zu vertretenden Umst\u00e4nden nicht zur Verf\u00fcgung gestellt werden, k\u00f6nnen wir vom Vertrag zur\u00fccktreten und die Buchung stornieren. Wir bem\u00fchen uns dann ein geeignetes Ersatzobjekt anzubieten, sind dazu aber nicht verpflichtet. Sollte kein Ersatzobjekt gefunden werden oder Sie die Ersatzunterkunft nicht akzeptieren, wird Ihnen der volle Mietpreis r\u00fcckerstattet.\u00a0<\/p>\t\t\t\t\t\t\t\t<\/div>\n\t\t\t\t<\/div>\n\t\t\t\t<div class=\"elementor-element elementor-element-3acf1fd elementor-widget elementor-widget-heading\" data-id=\"3acf1fd\" data-element_type=\"widget\" data-widget_type=\"heading.default\">\n\t\t\t\t<div class=\"elementor-widget-container\">\n\t\t\t\t\t<h2 class=\"elementor-heading-title elementor-size-default\">8. R\u00fccktritt <\/h2>\t\t\t\t<\/div>\n\t\t\t\t<\/div>\n\t\t\t\t<div class=\"elementor-element elementor-element-358c60f elementor-widget elementor-widget-heading\" data-id=\"358c60f\" data-element_type=\"widget\" data-widget_type=\"heading.default\">\n\t\t\t\t<div class=\"elementor-widget-container\">\n\t\t\t\t\t<h2 class=\"elementor-heading-title elementor-size-default\">8.1 Kein R\u00fccktritt nach FAGG<\/h2>\t\t\t\t<\/div>\n\t\t\t\t<\/div>\n\t\t\t\t<div class=\"elementor-element elementor-element-f6558db elementor-widget elementor-widget-text-editor\" data-id=\"f6558db\" data-element_type=\"widget\" data-widget_type=\"text-editor.default\">\n\t\t\t\t<div class=\"elementor-widget-container\">\n\t\t\t\t\t\t\t\t\t<p>Das FAGG gilt grunds\u00e4tzlich f\u00fcr Fernabsatz- und au\u00dferhalb von Gesch\u00e4ftsr\u00e4umen abgeschlossene Vertr\u00e4ge zwischen Unternehmern und Verbrauchern. Dienstleistungen in den Bereichen Beherbergung und im Zusammenhang mit Freizeitbet\u00e4tigungen sind jedoch nach \u00a7 18 Abs. 1 Z 10 FAGG ausdr\u00fccklich vom R\u00fccktrittsrecht ausgenommen, sofern f\u00fcr die Vertragserf\u00fcllung ein bestimmter Zeitpunkt oder Zeitraum vorgesehen ist.<\/p>\t\t\t\t\t\t\t\t<\/div>\n\t\t\t\t<\/div>\n\t\t\t\t<div class=\"elementor-element elementor-element-50c9150 elementor-widget elementor-widget-heading\" data-id=\"50c9150\" data-element_type=\"widget\" data-widget_type=\"heading.default\">\n\t\t\t\t<div class=\"elementor-widget-container\">\n\t\t\t\t\t<h2 class=\"elementor-heading-title elementor-size-default\">8.2 R\u00fccktritt mit Stornogeb\u00fchr<\/h2>\t\t\t\t<\/div>\n\t\t\t\t<\/div>\n\t\t\t\t<div class=\"elementor-element elementor-element-3e1b9eb elementor-widget elementor-widget-text-editor\" data-id=\"3e1b9eb\" data-element_type=\"widget\" data-widget_type=\"text-editor.default\">\n\t\t\t\t<div class=\"elementor-widget-container\">\n\t\t\t\t\t\t\t\t\t<p>Sie k\u00f6nnen vor Mietbeginn durch schriftliche Erkl\u00e4rung und gegen Entrichtung der Stornogeb\u00fchren jederzeit vom Vertrag zur\u00fccktreten.<\/p>\n<p>Da es bei den H\u00fctten und Ferienh\u00e4usern meist unm\u00f6glich ist, einen Ersatzmieter kurzfristig zu finden, haben sie bitte Verst\u00e4ndnis f\u00fcr unsere erh\u00f6hten Stornobedingungen und -s\u00e4tze.<\/p>\n<p>Unser Anspruch betr\u00e4gt bei einem R\u00fccktritt:<\/p>\n<p>bis 364 Tage vor Mietbeginn kostenlos<\/p>\n<p>363 bis 301 Tage vor Mietbeginn 10%<\/p>\n<p>300 bis 203 Tage vor Mietbeginn 15%<\/p>\n<p>202 bis 91 Tage vor Mietbeginn 20%<\/p>\n<p>90 bis 56 Tage vor Mietbeginn 50%<\/p>\n<p>ab 55 bis 35 Tage vor Mietbeginn 75%<\/p>\n<p>ab 34 Tagen vor Mietbeginn 90%<\/p>\n<p>des Mietpreises.\u00a0<\/p>\n<p>R\u00fccktrittserkl\u00e4rungen, Umbuchungen und \u00c4nderungen werden erst mit dem Tag wirksam, nachdem Sie uns schriftlich zugehen. Erkl\u00e4rungen, die au\u00dferhalb unserer B\u00fcrozeiten einlangen, gelten erst am Beginn des n\u00e4chsten Arbeitstages als zugegangen. Etwaige Ersparnisse oder Vorteile, welche die Differenz zwischen Mietpreis und Stornogeb\u00fchr \u00fcbersteigen, werden angerechnet, nicht aber die Buchungsgeb\u00fchr.<\/p>\t\t\t\t\t\t\t\t<\/div>\n\t\t\t\t<\/div>\n\t\t\t\t<div class=\"elementor-element elementor-element-8d87067 elementor-widget elementor-widget-heading\" data-id=\"8d87067\" data-element_type=\"widget\" data-widget_type=\"heading.default\">\n\t\t\t\t<div class=\"elementor-widget-container\">\n\t\t\t\t\t<h2 class=\"elementor-heading-title elementor-size-default\">9. R\u00fccktrittsversicherungen<\/h2>\t\t\t\t<\/div>\n\t\t\t\t<\/div>\n\t\t\t\t<div class=\"elementor-element elementor-element-02728f6 elementor-widget elementor-widget-text-editor\" data-id=\"02728f6\" data-element_type=\"widget\" data-widget_type=\"text-editor.default\">\n\t\t\t\t<div class=\"elementor-widget-container\">\n\t\t\t\t\t\t\t\t\t<p>Bitte beachten Sie, dass in unseren Leistungen keine Versicherungen enthalten sind. Wir empfehlen Ihnen den Abschluss einer R\u00fccktrittsversicherung zusammen mit der Buchung.\u00a0<\/p>\t\t\t\t\t\t\t\t<\/div>\n\t\t\t\t<\/div>\n\t\t\t\t<div class=\"elementor-element elementor-element-0e95a6e elementor-widget elementor-widget-heading\" data-id=\"0e95a6e\" data-element_type=\"widget\" data-widget_type=\"heading.default\">\n\t\t\t\t<div class=\"elementor-widget-container\">\n\t\t\t\t\t<h2 class=\"elementor-heading-title elementor-size-default\">10. Mitteilungen<\/h2>\t\t\t\t<\/div>\n\t\t\t\t<\/div>\n\t\t\t\t<div class=\"elementor-element elementor-element-8b4d5fb elementor-widget elementor-widget-text-editor\" data-id=\"8b4d5fb\" data-element_type=\"widget\" data-widget_type=\"text-editor.default\">\n\t\t\t\t<div class=\"elementor-widget-container\">\n\t\t\t\t\t\t\t\t\t<p>Beschwerden oder M\u00e4ngel teilen Sie unverz\u00fcglich mit &#8211; Telefon Nr: 00 43 (0) 22 43 &#8211; 31 689 oder per Mail an info@huettenpartner.at. Nur so k\u00f6nnen etwaige M\u00e4ngel umgehend beseitigt werden. Die Unterlassung dieser Mitteilung kann ihnen als Mitverschulden angerechnet werden und eventuelle Schadenersatzanspr\u00fcche mindern.<\/p>\t\t\t\t\t\t\t\t<\/div>\n\t\t\t\t<\/div>\n\t\t\t\t<div class=\"elementor-element elementor-element-53b0b10 elementor-widget elementor-widget-heading\" data-id=\"53b0b10\" data-element_type=\"widget\" data-widget_type=\"heading.default\">\n\t\t\t\t<div class=\"elementor-widget-container\">\n\t\t\t\t\t<h2 class=\"elementor-heading-title elementor-size-default\">11. Leistungsm\u00e4ngel<\/h2>\t\t\t\t<\/div>\n\t\t\t\t<\/div>\n\t\t\t\t<div class=\"elementor-element elementor-element-f88b7df elementor-widget elementor-widget-text-editor\" data-id=\"f88b7df\" data-element_type=\"widget\" data-widget_type=\"text-editor.default\">\n\t\t\t\t<div class=\"elementor-widget-container\">\n\t\t\t\t\t\t\t\t\t<p>Sie\u00a0k\u00f6nnen Preisminderung verlangen oder den Vertrag k\u00fcndigen, wenn Leistungsm\u00e4ngel die Benutzung des Mietobjektes nicht nur geringf\u00fcgig beeintr\u00e4chtigen und innerhalb angemessener Frist keine Abhilfe geleistet wurde. Im Falle einer K\u00fcndigung haben Sie jedoch die in Anspruch genommenen Leistungen abz\u00fcglich allf\u00e4lliger Preisminderung zu bezahlen.\u00a0<\/p>\t\t\t\t\t\t\t\t<\/div>\n\t\t\t\t<\/div>\n\t\t\t\t<div class=\"elementor-element elementor-element-a916334 elementor-widget elementor-widget-heading\" data-id=\"a916334\" data-element_type=\"widget\" data-widget_type=\"heading.default\">\n\t\t\t\t<div class=\"elementor-widget-container\">\n\t\t\t\t\t<h2 class=\"elementor-heading-title elementor-size-default\">12. Haftung<\/h2>\t\t\t\t<\/div>\n\t\t\t\t<\/div>\n\t\t\t\t<div class=\"elementor-element elementor-element-f45efcb elementor-widget elementor-widget-text-editor\" data-id=\"f45efcb\" data-element_type=\"widget\" data-widget_type=\"text-editor.default\">\n\t\t\t\t<div class=\"elementor-widget-container\">\n\t\t\t\t\t\t\t\t\t<p>Unsere Haftung, abgesehen f\u00fcr Sch\u00e4den an der Person und bei Verletzung vertraglicher Hauptpflichten, ist in F\u00e4llen leichter Fahrl\u00e4ssigkeit ausgeschlossen.\u00a0<\/p>\t\t\t\t\t\t\t\t<\/div>\n\t\t\t\t<\/div>\n\t\t\t\t<div class=\"elementor-element elementor-element-d8acf43 elementor-widget elementor-widget-heading\" data-id=\"d8acf43\" data-element_type=\"widget\" data-widget_type=\"heading.default\">\n\t\t\t\t<div class=\"elementor-widget-container\">\n\t\t\t\t\t<h2 class=\"elementor-heading-title elementor-size-default\">13. Allgemeines<\/h2>\t\t\t\t<\/div>\n\t\t\t\t<\/div>\n\t\t\t\t<div class=\"elementor-element elementor-element-ce8731c elementor-widget elementor-widget-text-editor\" data-id=\"ce8731c\" data-element_type=\"widget\" data-widget_type=\"text-editor.default\">\n\t\t\t\t<div class=\"elementor-widget-container\">\n\t\t\t\t\t\t\t\t\t<p>Alle Angaben in unserem Online-Katalog entsprechen dem Stand\u00a0M\u00e4rz 2024. Ausk\u00fcnfte aller Art erfolgen nach bestem Wissen und Gewissen.\u00a0<\/p>\n<h3>\u00a0<\/h3>\n<p>H\u00fcttenpartner Alm- Ski- und Wanderh\u00fctten Vermietung GmbH<br \/>Sitz A-3400 Klosterneuburg<\/p>\n<p>Ma\u00dfgeblich ist das Recht der Republik \u00d6sterreich.<\/p>\t\t\t\t\t\t\t\t<\/div>\n\t\t\t\t<\/div>\n\t\t\t\t\t<\/div>\n\t\t\t\t<\/div>\n\t\t\t\t<\/div>","protected":false},"excerpt":{"rendered":"<p>Allgemeine Gesch\u00e4ftsbedingungen Bitte aufmerksam durchlesen: 1. Vertragsabschluss\/Buchung Ihre Anmeldung ist ein verbindliches Angebot zum Abschluss eines Mietvertrages \u00fcber das\u00a0ausgew\u00e4hlte Mietobjekt f\u00fcr den gew\u00e4hlten Zeitraum. Mangels weiterer Leistungen liegt kein Pauschalreisevertrag i.S.d. PRG vor. Der Vertrag wird f\u00fcr uns verbindlich, wenn wir Ihnen die Anmeldung schriftlich bzw. per E-Mail best\u00e4tigen. Die Best\u00e4tigung erfolgt \u00fcblicherweise per E-Mail. [&hellip;]<\/p>","protected":false},"author":1,"featured_media":0,"parent":890,"menu_order":0,"comment_status":"closed","ping_status":"closed","template":"","meta":{"inline_featured_image":false,"footnotes":""},"class_list":["post-754","page","type-page","status-publish","hentry"],"acf":[],"_links":{"self":[{"href":"https:\/\/www.bold-black.109-235-60-67.plesk.page\/cs\/wp-json\/wp\/v2\/pages\/754","targetHints":{"allow":["GET"]}}],"collection":[{"href":"https:\/\/www.bold-black.109-235-60-67.plesk.page\/cs\/wp-json\/wp\/v2\/pages"}],"about":[{"href":"https:\/\/www.bold-black.109-235-60-67.plesk.page\/cs\/wp-json\/wp\/v2\/types\/page"}],"author":[{"embeddable":true,"href":"https:\/\/www.bold-black.109-235-60-67.plesk.page\/cs\/wp-json\/wp\/v2\/users\/1"}],"replies":[{"embeddable":true,"href":"https:\/\/www.bold-black.109-235-60-67.plesk.page\/cs\/wp-json\/wp\/v2\/comments?post=754"}],"version-history":[{"count":8,"href":"https:\/\/www.bold-black.109-235-60-67.plesk.page\/cs\/wp-json\/wp\/v2\/pages\/754\/revisions"}],"predecessor-version":[{"id":10582,"href":"https:\/\/www.bold-black.109-235-60-67.plesk.page\/cs\/wp-json\/wp\/v2\/pages\/754\/revisions\/10582"}],"up":[{"embeddable":true,"href":"https:\/\/www.bold-black.109-235-60-67.plesk.page\/cs\/wp-json\/wp\/v2\/pages\/890"}],"wp:attachment":[{"href":"https:\/\/www.bold-black.109-235-60-67.plesk.page\/cs\/wp-json\/wp\/v2\/media?parent=754"}],"curies":[{"name":"wp","href":"https:\/\/api.w.org\/{rel}","templated":true}]}}